{"id":487,"date":"2020-06-16T16:42:36","date_gmt":"2020-06-16T16:42:36","guid":{"rendered":"https:\/\/lifedivaqua.com\/?page_id=487"},"modified":"2021-05-13T15:10:02","modified_gmt":"2021-05-13T14:10:02","slug":"noticias","status":"publish","type":"page","link":"https:\/\/lifedivaqua.com\/en\/noticias\/","title":{"rendered":"NEWS"},"content":{"rendered":"<div class=\"wpb-content-wrapper\"><p>[vc_row css_animation=&#8221;&#8221; row_type=&#8221;row&#8221; use_row_as_full_screen_section=&#8221;no&#8221; type=&#8221;full_width&#8221; angled_section=&#8221;no&#8221; text_align=&#8221;left&#8221; background_image_as_pattern=&#8221;without_pattern&#8221;][vc_column]<div class='q_masonry_blog'><div class=\"q_masonry_blog_grid_sizer\"><\/div><div class=\"q_masonry_blog_grid_gutter\"><\/div><article  class='post-3037 post type-post status-publish format-standard has-post-thumbnail hentry category-noticias-en tag-biodiversidad-en tag-conservacion-en tag-ecosistemas-acuaticos-en tag-jornada-en tag-life-programme-2-en tag-picos-de-europa-en tag-proyecto-life-en tag-red-natura-2000-en '><div class=\"q_masonry_blog_post_image\"><a itemprop=\"url\" href=\"https:\/\/lifedivaqua.com\/en\/jornada-de-clausura-life-divaqua\/\" target=\"_self\"><img decoding=\"async\" itemprop=\"image\" src=\"https:\/\/lifedivaqua.com\/wp-content\/uploads\/2024\/09\/PXL_20240917_120959792.jpg\" \/><\/a><\/div><div class=\"q_masonry_blog_post_text\"><h3 itemprop=\"name\" class=\"q_masonry_blog_title entry_title\"><a itemprop=\"url\" href=\"https:\/\/lifedivaqua.com\/en\/jornada-de-clausura-life-divaqua\/\">JORNADA DE CLAUSURA LIFE DIVAQUA<\/a><\/h3><p itemprop=\"description\" class=\"q_masonry_blog_excerpt\">El proyecto\u00a0LIFE DIVAQUA\u00a0llega a su fin. Y para compartir los resultados obtenidos y mostrar las lecciones aprendidas se ha organizado la jornada de clausura que ha tenido lugar el d\u00eda 17 de septiembre en las instalaciones del Instituto de Hidr\u00e1ulica Ambiental de Cantabria, socio coordinador......<\/p><div class=\"q_masonry_blog_post_info\"><span itemprop=\"dateCreated\" class=\"time entry_date updated\">24 September, 2024<meta itemprop=\"interactionCount\" content=\"UserComments: <?php echo get_comments_number(qode_get_page_id()); ?>\"\/><\/span> \/ <a itemprop=\"url\" class=\"post_comments\" href=\"https:\/\/lifedivaqua.com\/en\/jornada-de-clausura-life-divaqua\/#respond\">No comment<\/a><\/div><\/div><\/article><article  class='post-2951 post type-post status-publish format-standard has-post-thumbnail hentry category-noticias-en tag-areas-de-montana-en tag-ecosistemas-acuaticos-en tag-especies-de-interes-comunitario-en tag-humedales-en tag-informe-layman-en tag-life-divaqua-en tag-life-programme-2-en tag-parque-nacional-en tag-picos-de-europa-en tag-programa-life-en '><div class=\"q_masonry_blog_post_image\"><a itemprop=\"url\" href=\"https:\/\/lifedivaqua.com\/en\/cuatro-anos-por-la-diversidad-de-picos-de-europa\/\" target=\"_self\"><img decoding=\"async\" itemprop=\"image\" src=\"https:\/\/lifedivaqua.com\/wp-content\/uploads\/2024\/09\/Layman-DIVAQUA.png\" \/><\/a><\/div><div class=\"q_masonry_blog_post_text\"><h3 itemprop=\"name\" class=\"q_masonry_blog_title entry_title\"><a itemprop=\"url\" href=\"https:\/\/lifedivaqua.com\/en\/cuatro-anos-por-la-diversidad-de-picos-de-europa\/\">CUATRO A\u00d1OS POR LA DIVERSIDAD DE PICOS DE EUROPA<\/a><\/h3><p itemprop=\"description\" class=\"q_masonry_blog_excerpt\">Presentamos el informe Layman para mostrar una visi\u00f3n general del proyecto LIFE DIVAQUA. Desde los objetivos alcanzados a nuestras innovadoras soluciones para mejorar y restaurar los ecosistemas acu\u00e1ticos de Picos de Europa. Con la finalizaci\u00f3n de un proyecto LIFE llega el informe Layman. Ahora que......<\/p><div class=\"q_masonry_blog_post_info\"><span itemprop=\"dateCreated\" class=\"time entry_date updated\">17 September, 2024<meta itemprop=\"interactionCount\" content=\"UserComments: <?php echo get_comments_number(qode_get_page_id()); ?>\"\/><\/span> \/ <a itemprop=\"url\" class=\"post_comments\" href=\"https:\/\/lifedivaqua.com\/en\/cuatro-anos-por-la-diversidad-de-picos-de-europa\/#respond\">No comment<\/a><\/div><\/div><\/article><article  class='post-2953 post type-post status-publish format-standard has-post-thumbnail hentry category-noticias-en tag-ecosistemas-acuaticos-en tag-jornada-en tag-life-divaqua-en tag-life-programa-en '><div class=\"q_masonry_blog_post_image\"><a itemprop=\"url\" href=\"https:\/\/lifedivaqua.com\/en\/jornada-de-clausura-divaqua-actuaciones-y-resultados\/\" target=\"_self\"><img decoding=\"async\" itemprop=\"image\" src=\"https:\/\/lifedivaqua.com\/wp-content\/uploads\/2024\/09\/programa_JornadaClausura_Divaqua1-scaled.jpg\" \/><\/a><\/div><div class=\"q_masonry_blog_post_text\"><h3 itemprop=\"name\" class=\"q_masonry_blog_title entry_title\"><a itemprop=\"url\" href=\"https:\/\/lifedivaqua.com\/en\/jornada-de-clausura-divaqua-actuaciones-y-resultados\/\">JORNADA DE CLAUSURA DIVAQUA, ACTUACIONES Y RESULTADOS<\/a><\/h3><p itemprop=\"description\" class=\"q_masonry_blog_excerpt\">Queremos compartir las acciones que LIFE DIVAQUA ha desarrollado por la conservaci\u00f3n de los h\u00e1bitats y especies de inter\u00e9s comunitario de los ecosistemas acu\u00e1ticos de Picos de Europa en una jornada de clausura donde os contaremos los \u00e9xitos logrados por la biodiversidad. La jornada de......<\/p><div class=\"q_masonry_blog_post_info\"><span itemprop=\"dateCreated\" class=\"time entry_date updated\">04 September, 2024<meta itemprop=\"interactionCount\" content=\"UserComments: <?php echo get_comments_number(qode_get_page_id()); ?>\"\/><\/span> \/ <a itemprop=\"url\" class=\"post_comments\" href=\"https:\/\/lifedivaqua.com\/en\/jornada-de-clausura-divaqua-actuaciones-y-resultados\/#respond\">No comment<\/a><\/div><\/div><\/article><article  class='post-2959 post type-post status-publish format-standard has-post-thumbnail hentry category-uncategorized-en '><div class=\"q_masonry_blog_post_image\"><a itemprop=\"url\" href=\"https:\/\/lifedivaqua.com\/en\/en-accion-por-los-ecosistemas-acuaticos-de-montana\/\" target=\"_self\"><img decoding=\"async\" itemprop=\"image\" src=\"https:\/\/lifedivaqua.com\/wp-content\/uploads\/2024\/09\/web-noticia.png\" \/><\/a><\/div><div class=\"q_masonry_blog_post_text\"><h3 itemprop=\"name\" class=\"q_masonry_blog_title entry_title\"><a itemprop=\"url\" href=\"https:\/\/lifedivaqua.com\/en\/en-accion-por-los-ecosistemas-acuaticos-de-montana\/\">EN ACCI\u00d3N POR LOS ECOSISTEMAS ACU\u00c1TICOS DE MONTA\u00d1A<\/a><\/h3><p itemprop=\"description\" class=\"q_masonry_blog_excerpt\">La finalizaci\u00f3n de LIFE DIVAQUA conlleva mostrar al p\u00fablico en general y al personal t\u00e9cnico vinculado a los ecosistemas acu\u00e1ticos de Picos de Europa las acciones que el proyecto ha desarrollado por la conservaci\u00f3n de sus h\u00e1bitats y especies de inter\u00e9s comunitario. Ha llegado el......<\/p><div class=\"q_masonry_blog_post_info\"><span itemprop=\"dateCreated\" class=\"time entry_date updated\">03 September, 2024<meta itemprop=\"interactionCount\" content=\"UserComments: <?php echo get_comments_number(qode_get_page_id()); ?>\"\/><\/span> \/ <a itemprop=\"url\" class=\"post_comments\" href=\"https:\/\/lifedivaqua.com\/en\/en-accion-por-los-ecosistemas-acuaticos-de-montana\/#respond\">No comment<\/a><\/div><\/div><\/article><article  class='post-2938 post type-post status-publish format-standard has-post-thumbnail hentry category-noticias-en tag-abrevaderos-en tag-agua-en tag-anfibios-en tag-areas-de-montana-en tag-biodiversidad-en tag-conservacion-en tag-ecosistemas-acuaticos-en tag-especies-de-interes-comunitario-en tag-fauna-en tag-ganaderia-en tag-life-divaqua-en tag-life-programme-2-en tag-parque-nacional-en tag-picos-de-europa-en tag-programa-life-en '><div class=\"q_masonry_blog_post_image\"><a itemprop=\"url\" href=\"https:\/\/lifedivaqua.com\/en\/abrevaderos-para-todos\/\" target=\"_self\"><img decoding=\"async\" itemprop=\"image\" src=\"https:\/\/lifedivaqua.com\/wp-content\/uploads\/2024\/06\/Abrevadero-en-vertiente-leonesa-Picos-de-Europa-LIFE-DIVAQUA.jpg\" \/><\/a><\/div><div class=\"q_masonry_blog_post_text\"><h3 itemprop=\"name\" class=\"q_masonry_blog_title entry_title\"><a itemprop=\"url\" href=\"https:\/\/lifedivaqua.com\/en\/abrevaderos-para-todos\/\">ABREVADEROS PARA TODOS<\/a><\/h3><p itemprop=\"description\" class=\"q_masonry_blog_excerpt\">Durante la primavera se est\u00e1 procediendo a supervisar el estado de los abrevaderos en los que ha intervenido DIVAQUA para preservar la herpetofauna de Picos de Europa. Un a\u00f1o m\u00e1s y con la finalidad de promover una gesti\u00f3n sostenible de los ecosistemas acu\u00e1ticos de Picos......<\/p><div class=\"q_masonry_blog_post_info\"><span itemprop=\"dateCreated\" class=\"time entry_date updated\">11 June, 2024<meta itemprop=\"interactionCount\" content=\"UserComments: <?php echo get_comments_number(qode_get_page_id()); ?>\"\/><\/span> \/ <a itemprop=\"url\" class=\"post_comments\" href=\"https:\/\/lifedivaqua.com\/en\/abrevaderos-para-todos\/#respond\">No comment<\/a><\/div><\/div><\/article><article  class='post-2930 post type-post status-publish format-standard has-post-thumbnail hentry category-noticias-en tag-anfibios-en tag-areas-de-montana-en tag-biodiversidad-en tag-cantabria-en tag-ecosistemas-acuaticos-en tag-ganaderia-en tag-humedales-en tag-life-divaqua-en tag-life-programa-en tag-life-programme-2-en '><div class=\"q_masonry_blog_post_image\"><a itemprop=\"url\" href=\"https:\/\/lifedivaqua.com\/en\/la-biodiversidad-acoge-la-llegada-del-ganado\/\" target=\"_self\"><img decoding=\"async\" itemprop=\"image\" src=\"https:\/\/lifedivaqua.com\/wp-content\/uploads\/2024\/06\/1717066392085-scaled.jpg\" \/><\/a><\/div><div class=\"q_masonry_blog_post_text\"><h3 itemprop=\"name\" class=\"q_masonry_blog_title entry_title\"><a itemprop=\"url\" href=\"https:\/\/lifedivaqua.com\/en\/la-biodiversidad-acoge-la-llegada-del-ganado\/\">LA BIODIVERSIDAD ACOGE LA LLEGADA DEL GANADO<\/a><\/h3><p itemprop=\"description\" class=\"q_masonry_blog_excerpt\">Un a\u00f1o m\u00e1s hemos vuelto a instalar el vallado temporal en los humedales de Las Salgardas para que la biodiversidad de los ecosistemas acu\u00e1ticos conviva con los reba\u00f1os que pasar\u00e1n la temporada estival en los pastos de altura de Picos de Europa. \u00a0 Con los......<\/p><div class=\"q_masonry_blog_post_info\"><span itemprop=\"dateCreated\" class=\"time entry_date updated\">05 June, 2024<meta itemprop=\"interactionCount\" content=\"UserComments: <?php echo get_comments_number(qode_get_page_id()); ?>\"\/><\/span> \/ <a itemprop=\"url\" class=\"post_comments\" href=\"https:\/\/lifedivaqua.com\/en\/la-biodiversidad-acoge-la-llegada-del-ganado\/#respond\">No comment<\/a><\/div><\/div><\/article><article  class='post-2790 post type-post status-publish format-standard has-post-thumbnail hentry category-noticias-en tag-biodiversidad-en tag-conservacion-en tag-divulgacion-en tag-ecosistemas-acuaticos-en tag-ilustracion-cientifica-2-en tag-life-divaqua-en tag-picos-de-europa-en tag-programa-life-en '><div class=\"q_masonry_blog_post_image\"><a itemprop=\"url\" href=\"https:\/\/lifedivaqua.com\/en\/picos-de-europa-nos-hablan-a-traves-de-su-biodiversidad\/\" target=\"_self\"><img decoding=\"async\" itemprop=\"image\" src=\"https:\/\/lifedivaqua.com\/wp-content\/uploads\/2024\/04\/sapillo_RaquelAsensio.jpg\" \/><\/a><\/div><div class=\"q_masonry_blog_post_text\"><h3 itemprop=\"name\" class=\"q_masonry_blog_title entry_title\"><a itemprop=\"url\" href=\"https:\/\/lifedivaqua.com\/en\/picos-de-europa-nos-hablan-a-traves-de-su-biodiversidad\/\">PICOS DE EUROPA NOS HABLAN A TRAV\u00c9S DE SU BIODIVERSIDAD<\/a><\/h3><p itemprop=\"description\" class=\"q_masonry_blog_excerpt\">Desde el declive del sapo partero al grave estado de conservaci\u00f3n del desm\u00e1n, la biodiversidad de Picos de Europa nos desvela su estado y el de sus h\u00e1bitats gracias a la coloraci\u00f3n con un nuevo curso de Illustraciencia. Nos alegra tener ya listas las nuevas......<\/p><div class=\"q_masonry_blog_post_info\"><span itemprop=\"dateCreated\" class=\"time entry_date updated\">22 April, 2024<meta itemprop=\"interactionCount\" content=\"UserComments: <?php echo get_comments_number(qode_get_page_id()); ?>\"\/><\/span> \/ <a itemprop=\"url\" class=\"post_comments\" href=\"https:\/\/lifedivaqua.com\/en\/picos-de-europa-nos-hablan-a-traves-de-su-biodiversidad\/#respond\">No comment<\/a><\/div><\/div><\/article><article  class='post-2779 post type-post status-publish format-standard has-post-thumbnail hentry category-noticias-en tag-biodiversidad-en tag-conservacion-en tag-ecosistemas-acuaticos-en tag-life-divaqua-en tag-picos-de-europa-en tag-programa-life-en '><div class=\"q_masonry_blog_post_image\"><a itemprop=\"url\" href=\"https:\/\/lifedivaqua.com\/en\/conservacion-con-futuro\/\" target=\"_self\"><img decoding=\"async\" itemprop=\"image\" src=\"https:\/\/lifedivaqua.com\/wp-content\/uploads\/2024\/04\/boletin_14_lLIFE-DIVAQUA-abril-2024_portada-scaled.jpg\" \/><\/a><\/div><div class=\"q_masonry_blog_post_text\"><h3 itemprop=\"name\" class=\"q_masonry_blog_title entry_title\"><a itemprop=\"url\" href=\"https:\/\/lifedivaqua.com\/en\/conservacion-con-futuro\/\">CONSERVACI\u00d3N CON FUTURO<\/a><\/h3><p itemprop=\"description\" class=\"q_masonry_blog_excerpt\">El futuro de la conservaci\u00f3n est\u00e1 en las manos de todos los que queremos un entorno natural saludable para disfrutar y que nos preste unos servicios esenciales para seguir viviendo en el planeta. En el bolet\u00edn DIVAQUA&nbsp;que acabamos de preparar nos metemos de lleno en......<\/p><div class=\"q_masonry_blog_post_info\"><span itemprop=\"dateCreated\" class=\"time entry_date updated\">11 April, 2024<meta itemprop=\"interactionCount\" content=\"UserComments: <?php echo get_comments_number(qode_get_page_id()); ?>\"\/><\/span> \/ <a itemprop=\"url\" class=\"post_comments\" href=\"https:\/\/lifedivaqua.com\/en\/conservacion-con-futuro\/#respond\">No comment<\/a><\/div><\/div><\/article><article  class='post-2712 post type-post status-publish format-standard has-post-thumbnail hentry category-noticias-en tag-biodiversidad-en tag-conservacion-en tag-divulgacion-ambiental-en tag-ecosistemas-acuaticos-en tag-illustraciencia-en tag-ilustracion-cientifica-en tag-life-divaqua-en tag-picos-de-europa-en tag-programa-life-en '><div class=\"q_masonry_blog_post_image\"><a itemprop=\"url\" href=\"https:\/\/lifedivaqua.com\/en\/ilustrar-la-biodiversidad-de-picos-de-europa\/\" target=\"_self\"><img decoding=\"async\" itemprop=\"image\" src=\"https:\/\/lifedivaqua.com\/wp-content\/uploads\/2024\/03\/Infografia_Bermejuela_Sandra-Amelines-Quintero_LIFE-DIVAQUA-scaled.jpg\" \/><\/a><\/div><div class=\"q_masonry_blog_post_text\"><h3 itemprop=\"name\" class=\"q_masonry_blog_title entry_title\"><a itemprop=\"url\" href=\"https:\/\/lifedivaqua.com\/en\/ilustrar-la-biodiversidad-de-picos-de-europa\/\">ILUSTRAR LA BIODIVERSIDAD DE PICOS DE EUROPA<\/a><\/h3><p itemprop=\"description\" class=\"q_masonry_blog_excerpt\">Un a\u00f1o m\u00e1s, la colaboraci\u00f3n con la Academia Illustraciencia y DIVAQUA, empieza a mostrar notables resultados gracias a las ilustraciones cient\u00edficas sobre la biodiversidad de los ecosistemas acu\u00e1ticos de Picos de Europa y su conservaci\u00f3n. El alumnado del curso de ilustraci\u00f3n cient\u00edfica y naturalista de......<\/p><div class=\"q_masonry_blog_post_info\"><span itemprop=\"dateCreated\" class=\"time entry_date updated\">18 March, 2024<meta itemprop=\"interactionCount\" content=\"UserComments: <?php echo get_comments_number(qode_get_page_id()); ?>\"\/><\/span> \/ <a itemprop=\"url\" class=\"post_comments\" href=\"https:\/\/lifedivaqua.com\/en\/ilustrar-la-biodiversidad-de-picos-de-europa\/#respond\">No comment<\/a><\/div><\/div><\/article><article  class='post-2706 post type-post status-publish format-standard has-post-thumbnail hentry category-noticias-en tag-agua-en tag-biodiversidad-en tag-conservacion-en tag-divulgacion-2-en tag-ecosistemas-acuaticos-en tag-life-divaqua-en tag-picos-de-europa-en tag-programa-life-en tag-restauracion-fluvial-en '><div class=\"q_masonry_blog_post_image\"><a itemprop=\"url\" href=\"https:\/\/lifedivaqua.com\/en\/resumir-la-conservacion-en-picos-de-europa\/\" target=\"_self\"><img decoding=\"async\" itemprop=\"image\" src=\"https:\/\/lifedivaqua.com\/wp-content\/uploads\/2024\/03\/1710157204511.jpeg\" \/><\/a><\/div><div class=\"q_masonry_blog_post_text\"><h3 itemprop=\"name\" class=\"q_masonry_blog_title entry_title\"><a itemprop=\"url\" href=\"https:\/\/lifedivaqua.com\/en\/resumir-la-conservacion-en-picos-de-europa\/\">RESUMIR LA CONSERVACI\u00d3N EN PICOS DE EUROPA<\/a><\/h3><p itemprop=\"description\" class=\"q_masonry_blog_excerpt\">LIFE DIVAQUA entra en su etapa final para lo que comienza a realizar un audiovisual que resume las acciones de conservaci\u00f3n de h\u00e1bitats y especies ligados a los ecosistemas acu\u00e1ticos de Picos de Europa. Ha llegado el momento de resumir, mediante la realizaci\u00f3n de un......<\/p><div class=\"q_masonry_blog_post_info\"><span itemprop=\"dateCreated\" class=\"time entry_date updated\">11 March, 2024<meta itemprop=\"interactionCount\" content=\"UserComments: <?php echo get_comments_number(qode_get_page_id()); ?>\"\/><\/span> \/ <a itemprop=\"url\" class=\"post_comments\" href=\"https:\/\/lifedivaqua.com\/en\/resumir-la-conservacion-en-picos-de-europa\/#respond\">No comment<\/a><\/div><\/div><\/article><article  class='post-2694 post type-post status-publish format-standard has-post-thumbnail hentry category-noticias-en tag-biodiversidad-en tag-cambio-climatico-en tag-ecosistemas-acuaticos-en tag-life-divaqua-en tag-picos-de-europa-en tag-restauracion-fluvial-en tag-rio-cares-en '><div class=\"q_masonry_blog_post_image\"><a itemprop=\"url\" href=\"https:\/\/lifedivaqua.com\/en\/bosque-protector-del-cares\/\" target=\"_self\"><img decoding=\"async\" itemprop=\"image\" src=\"https:\/\/lifedivaqua.com\/wp-content\/uploads\/2024\/01\/Arboles-jovenes-en-rio-Cares_LIFE-DIVAQUA.jpeg\" \/><\/a><\/div><div class=\"q_masonry_blog_post_text\"><h3 itemprop=\"name\" class=\"q_masonry_blog_title entry_title\"><a itemprop=\"url\" href=\"https:\/\/lifedivaqua.com\/en\/bosque-protector-del-cares\/\">BOSQUE PROTECTOR DEL CARES<\/a><\/h3><p itemprop=\"description\" class=\"q_masonry_blog_excerpt\">La plantaci\u00f3n de cerca de 500 \u00e1rboles junto al r\u00edo Cares, amplifica la restauraci\u00f3n de los ecosistemas acu\u00e1ticos del parque nacional Picos de Europa creando un bosque protector de la orilla fluvial. Los bosques de ribera juegan un papel esencial en la regulaci\u00f3n de los......<\/p><div class=\"q_masonry_blog_post_info\"><span itemprop=\"dateCreated\" class=\"time entry_date updated\">27 December, 2023<meta itemprop=\"interactionCount\" content=\"UserComments: <?php echo get_comments_number(qode_get_page_id()); ?>\"\/><\/span> \/ <a itemprop=\"url\" class=\"post_comments\" href=\"https:\/\/lifedivaqua.com\/en\/bosque-protector-del-cares\/#respond\">No comment<\/a><\/div><\/div><\/article><article  class='post-2690 post type-post status-publish format-standard has-post-thumbnail hentry category-noticias-en tag-biodiversidad-en tag-cambio-climatico-en tag-ecosistemas-acuaticos-en tag-life-divaqua-en tag-picos-de-europa-en '><div class=\"q_masonry_blog_post_image\"><a itemprop=\"url\" href=\"https:\/\/lifedivaqua.com\/en\/cerramos-un-ano-de-biodiversidad\/\" target=\"_self\"><img decoding=\"async\" itemprop=\"image\" src=\"https:\/\/lifedivaqua.com\/wp-content\/uploads\/2023\/11\/boletin13DVQ_portada-LIFE-DIVAQUA-scaled.jpg\" \/><\/a><\/div><div class=\"q_masonry_blog_post_text\"><h3 itemprop=\"name\" class=\"q_masonry_blog_title entry_title\"><a itemprop=\"url\" href=\"https:\/\/lifedivaqua.com\/en\/cerramos-un-ano-de-biodiversidad\/\">CERRAMOS UN A\u00d1O DE BIODIVERSIDAD<\/a><\/h3><p itemprop=\"description\" class=\"q_masonry_blog_excerpt\">Las actuaciones desempe\u00f1adas en los \u00faltimos meses, recogidas en el \u00faltimo bolet\u00edn DIVAQUA, completan un a\u00f1o m\u00e1s de mejoras en la biodiversidad de Picos de Europa. En la edici\u00f3n del \u00faltimo bolet\u00edn \u201cLIFE DIVAQUA con la conservaci\u00f3n de la biodiversidad y los servicios acu\u00e1ticos en......<\/p><div class=\"q_masonry_blog_post_info\"><span itemprop=\"dateCreated\" class=\"time entry_date updated\">22 December, 2023<meta itemprop=\"interactionCount\" content=\"UserComments: <?php echo get_comments_number(qode_get_page_id()); ?>\"\/><\/span> \/ <a itemprop=\"url\" class=\"post_comments\" href=\"https:\/\/lifedivaqua.com\/en\/cerramos-un-ano-de-biodiversidad\/#respond\">No comment<\/a><\/div><\/div><\/article><article  class='post-2633 post type-post status-publish format-standard has-post-thumbnail hentry category-noticias-en tag-biodiversidad-en tag-charco-de-la-mina-en tag-conservacion-en tag-ecosistemas-acuaticos-en tag-life-divaqua-en tag-parque-nacional-en tag-picos-de-europa-en tag-programa-life-en tag-sensibilizacion-en '><div class=\"q_masonry_blog_post_image\"><a itemprop=\"url\" href=\"https:\/\/lifedivaqua.com\/en\/sensibilizacion-en-el-charco-de-la-mina\/\" target=\"_self\"><img decoding=\"async\" itemprop=\"image\" src=\"https:\/\/lifedivaqua.com\/wp-content\/uploads\/2023\/11\/Visitantes-en-el-charco-de-la-Mina_LIFE-DIVAQUA.jpg\" \/><\/a><\/div><div class=\"q_masonry_blog_post_text\"><h3 itemprop=\"name\" class=\"q_masonry_blog_title entry_title\"><a itemprop=\"url\" href=\"https:\/\/lifedivaqua.com\/en\/sensibilizacion-en-el-charco-de-la-mina\/\">SENSIBILIZACI\u00d3N EN EL CHARCO DE LA MINA<\/a><\/h3><p itemprop=\"description\" class=\"q_masonry_blog_excerpt\">La instalaci\u00f3n de un nuevo panel informativo sobre el beneficio que el vallado de un humedal representa para las especies acu\u00e1ticas que viven en el restaurado charco de La Mina, promueve la sensibilizaci\u00f3n ambiental de los visitantes de Picos de Europa. Las medidas de restauraci\u00f3n......<\/p><div class=\"q_masonry_blog_post_info\"><span itemprop=\"dateCreated\" class=\"time entry_date updated\">22 November, 2023<meta itemprop=\"interactionCount\" content=\"UserComments: <?php echo get_comments_number(qode_get_page_id()); ?>\"\/><\/span> \/ <a itemprop=\"url\" class=\"post_comments\" href=\"https:\/\/lifedivaqua.com\/en\/sensibilizacion-en-el-charco-de-la-mina\/#respond\">No comment<\/a><\/div><\/div><\/article><article  class='post-2630 post type-post status-publish format-standard has-post-thumbnail hentry category-noticias-en tag-agua-en tag-biodiversidad-en tag-cambio-climatico-en tag-conservacion-en tag-ecosistemas-acuaticos-en tag-life-divaqua-en tag-picos-de-europa-en tag-programa-life-en '><div class=\"q_masonry_blog_post_image\"><a itemprop=\"url\" href=\"https:\/\/lifedivaqua.com\/en\/masas-de-agua-en-red-natura-2000\/\" target=\"_self\"><img decoding=\"async\" itemprop=\"image\" src=\"https:\/\/lifedivaqua.com\/wp-content\/uploads\/2023\/11\/Rampa-de-acceso-para-herpetofauna_LIFE-DIVAQUA-1.jpeg\" \/><\/a><\/div><div class=\"q_masonry_blog_post_text\"><h3 itemprop=\"name\" class=\"q_masonry_blog_title entry_title\"><a itemprop=\"url\" href=\"https:\/\/lifedivaqua.com\/en\/masas-de-agua-en-red-natura-2000\/\">MASAS DE AGUA EN RED NATURA 2000<\/a><\/h3><p itemprop=\"description\" class=\"q_masonry_blog_excerpt\">La instalaci\u00f3n de nuevas rampas de anfibios lleva al equipo t\u00e9cnico DIVAQUA a actuar en 11 dep\u00f3sitos de agua del Gobierno de Cantabria situados en el entorno de Picos de Europa. Una nueva actuaci\u00f3n relacionada con la gesti\u00f3n sostenible de los ecosistemas acu\u00e1ticos de Picos......<\/p><div class=\"q_masonry_blog_post_info\"><span itemprop=\"dateCreated\" class=\"time entry_date updated\">20 November, 2023<meta itemprop=\"interactionCount\" content=\"UserComments: <?php echo get_comments_number(qode_get_page_id()); ?>\"\/><\/span> \/ <a itemprop=\"url\" class=\"post_comments\" href=\"https:\/\/lifedivaqua.com\/en\/masas-de-agua-en-red-natura-2000\/#respond\">No comment<\/a><\/div><\/div><\/article><article  class='post-2598 post type-post status-publish format-standard has-post-thumbnail hentry category-noticias-en tag-biodiversidad-en tag-ecosistemas-acuaticos-en tag-ganaderia-en tag-humedales-en tag-life-divaqua-en tag-participacion-ciudadana-en tag-picos-de-europa-en tag-programa-life-en tag-sensibilizacion-en tag-voluntariado-medioambiental-en '><div class=\"q_masonry_blog_post_image\"><a itemprop=\"url\" href=\"https:\/\/lifedivaqua.com\/en\/volvimos-a-mejorar-humedales-en-picos-de-europa\/\" target=\"_self\"><img decoding=\"async\" itemprop=\"image\" src=\"https:\/\/lifedivaqua.com\/wp-content\/uploads\/2023\/11\/Jornada-voluntariado-ambiental-majada-Vegabano-LIFE-DIVAQUA.jpg\" \/><\/a><\/div><div class=\"q_masonry_blog_post_text\"><h3 itemprop=\"name\" class=\"q_masonry_blog_title entry_title\"><a itemprop=\"url\" href=\"https:\/\/lifedivaqua.com\/en\/volvimos-a-mejorar-humedales-en-picos-de-europa\/\">VOLVIMOS A MEJORAR HUMEDALES EN PICOS DE EUROPA<\/a><\/h3><p itemprop=\"description\" class=\"q_masonry_blog_excerpt\">La climatolog\u00eda provoc\u00f3 el posponer una semana la jornada de voluntariado ambiental \u201cMejoramos los humedales de P\u00eecos de Europa\u201d pero finalmente se realiz\u00f3 en la majada de Vegaba\u00f1o, en la vertiente leonesa de Picos de Europa. Hubo que posponer la jornada de voluntariado ambiental \u00abMejoramos......<\/p><div class=\"q_masonry_blog_post_info\"><span itemprop=\"dateCreated\" class=\"time entry_date updated\">14 November, 2023<meta itemprop=\"interactionCount\" content=\"UserComments: <?php echo get_comments_number(qode_get_page_id()); ?>\"\/><\/span> \/ <a itemprop=\"url\" class=\"post_comments\" href=\"https:\/\/lifedivaqua.com\/en\/volvimos-a-mejorar-humedales-en-picos-de-europa\/#respond\">No comment<\/a><\/div><\/div><\/article><article  class='post-2584 post type-post status-publish format-standard has-post-thumbnail hentry category-noticias-en tag-biodiversidad-en tag-habitats-2-en tag-jornada-en tag-jornada-medioambiental-en tag-life-divaqua-en tag-picos-de-europa-en tag-sensibilizacion-en tag-voluntariado-medioambiental-en '><div class=\"q_masonry_blog_post_image\"><a itemprop=\"url\" href=\"https:\/\/lifedivaqua.com\/en\/jornada-de-voluntariado-ambiental-mejoramos-los-humedales-de-picos-de-europa\/\" target=\"_self\"><img decoding=\"async\" itemprop=\"image\" src=\"https:\/\/lifedivaqua.com\/wp-content\/uploads\/2023\/10\/IMG-20231023-WA0002.jpg\" \/><\/a><\/div><div class=\"q_masonry_blog_post_text\"><h3 itemprop=\"name\" class=\"q_masonry_blog_title entry_title\"><a itemprop=\"url\" href=\"https:\/\/lifedivaqua.com\/en\/jornada-de-voluntariado-ambiental-mejoramos-los-humedales-de-picos-de-europa\/\">Jornada de voluntariado ambiental &#8220;Mejoramos los humedales de Picos de Europa&#8221;<\/a><\/h3><p itemprop=\"description\" class=\"q_masonry_blog_excerpt\">Una nueva jornada de voluntariado ambiental llega a Picos de Europa por iniciativa LIFE DIVAQUA bajo la convocatoria &#8220;Mejoramos los humedales de Picos de Europa&#8221; para actuar en la majada de Vegaba\u00f1o, Le\u00f3n durante el s\u00e1bado 4 de noviembre de 2023. Bajo la convocatoria &#8220;Mejoramos......<\/p><div class=\"q_masonry_blog_post_info\"><span itemprop=\"dateCreated\" class=\"time entry_date updated\">23 October, 2023<meta itemprop=\"interactionCount\" content=\"UserComments: <?php echo get_comments_number(qode_get_page_id()); ?>\"\/><\/span> \/ <a itemprop=\"url\" class=\"post_comments\" href=\"https:\/\/lifedivaqua.com\/en\/jornada-de-voluntariado-ambiental-mejoramos-los-humedales-de-picos-de-europa\/#respond\">No comment<\/a><\/div><\/div><\/article><article  class='post-2564 post type-post status-publish format-standard has-post-thumbnail hentry category-noticias-en tag-biodiversidad-en tag-cillorigo-de-liebana-en tag-deva-en tag-ecosistemas-acuaticos-en tag-infraestructura-hidraulica-en tag-life-divaqua-en tag-picos-de-europa-en tag-programa-life-en tag-restauracion-fluvial-en '><div class=\"q_masonry_blog_post_image\"><a itemprop=\"url\" href=\"https:\/\/lifedivaqua.com\/en\/bienvenido-salmon-atlantico\/\" target=\"_self\"><img decoding=\"async\" itemprop=\"image\" src=\"https:\/\/lifedivaqua.com\/wp-content\/uploads\/2023\/10\/1696931266270.jpeg\" \/><\/a><\/div><div class=\"q_masonry_blog_post_text\"><h3 itemprop=\"name\" class=\"q_masonry_blog_title entry_title\"><a itemprop=\"url\" href=\"https:\/\/lifedivaqua.com\/en\/bienvenido-salmon-atlantico\/\">BIENVENIDO SALM\u00d3N ATL\u00c1NTICO<\/a><\/h3><p itemprop=\"description\" class=\"q_masonry_blog_excerpt\">Con la eliminaci\u00f3n de un nuevo azud en el r\u00edo Deva, a la altura de Tama, en Cillorigo de Li\u00e9bana, LIFE DIVAQUA libera 27 kil\u00f3metros del cauce para contribuir a la mejora en el estado de conservaci\u00f3n del salm\u00f3n atl\u00e1ntico. Construido con piedras y mamposter\u00eda,......<\/p><div class=\"q_masonry_blog_post_info\"><span itemprop=\"dateCreated\" class=\"time entry_date updated\">10 October, 2023<meta itemprop=\"interactionCount\" content=\"UserComments: <?php echo get_comments_number(qode_get_page_id()); ?>\"\/><\/span> \/ <a itemprop=\"url\" class=\"post_comments\" href=\"https:\/\/lifedivaqua.com\/en\/bienvenido-salmon-atlantico\/#respond\">No comment<\/a><\/div><\/div><\/article><article  class='post-2604 post type-post status-publish format-standard has-post-thumbnail hentry category-noticias-en tag-biodiversidad-en tag-ecosistemas-acuaticos-en tag-escalas-en tag-fauna-piscicola-2-en tag-life-divaqua-en tag-picos-de-europa-en tag-programa-life-en tag-restauracion-fluvial-en tag-rio-dobra-en '><div class=\"q_masonry_blog_post_image\"><a itemprop=\"url\" href=\"https:\/\/lifedivaqua.com\/en\/la-mejor-ruta-piscicola-del-dobra\/\" target=\"_self\"><img decoding=\"async\" itemprop=\"image\" src=\"https:\/\/lifedivaqua.com\/wp-content\/uploads\/2023\/11\/Actuacion-LIFE-DIVAQUA-en-rio-Dobra.jpeg\" \/><\/a><\/div><div class=\"q_masonry_blog_post_text\"><h3 itemprop=\"name\" class=\"q_masonry_blog_title entry_title\"><a itemprop=\"url\" href=\"https:\/\/lifedivaqua.com\/en\/la-mejor-ruta-piscicola-del-dobra\/\">LA MEJOR RUTA PISC\u00cdCOLA DEL DOBRA<\/a><\/h3><p itemprop=\"description\" class=\"q_masonry_blog_excerpt\">Para salvar el desnivel del azud de Resta\u00f1o en el r\u00edo Dobra, situado en el municipio asturiano de Amieva, LIFE DIVAQUA est\u00e1 construyendo una escala para que los peces puedan ampliar su h\u00e1bitat. El r\u00edo Dobra en su discurrir se encuentra obst\u00e1culos fluviales como el......<\/p><div class=\"q_masonry_blog_post_info\"><span itemprop=\"dateCreated\" class=\"time entry_date updated\">10 October, 2023<meta itemprop=\"interactionCount\" content=\"UserComments: <?php echo get_comments_number(qode_get_page_id()); ?>\"\/><\/span> \/ <a itemprop=\"url\" class=\"post_comments\" href=\"https:\/\/lifedivaqua.com\/en\/la-mejor-ruta-piscicola-del-dobra\/#respond\">No comment<\/a><\/div><\/div><\/article><article  class='post-2547 post type-post status-publish format-standard has-post-thumbnail hentry category-noticias-en tag-abrevaderos-en tag-adn-ambiental-en tag-biodiversidad-en tag-conservacion-en tag-ecosistemas-acuaticos-en tag-edna-2-en tag-humedales-en tag-life-divaqua-en tag-medioambiental-en tag-muestreo-en tag-picos-de-europa-en tag-programa-life-en '><div class=\"q_masonry_blog_post_image\"><a itemprop=\"url\" href=\"https:\/\/lifedivaqua.com\/en\/en-busca-del-adn-ambiental\/\" target=\"_self\"><img decoding=\"async\" itemprop=\"image\" src=\"https:\/\/lifedivaqua.com\/wp-content\/uploads\/2023\/09\/Muestreo-LIFE-DIVAQUA_Verano-2023.jpeg\" \/><\/a><\/div><div class=\"q_masonry_blog_post_text\"><h3 itemprop=\"name\" class=\"q_masonry_blog_title entry_title\"><a itemprop=\"url\" href=\"https:\/\/lifedivaqua.com\/en\/en-busca-del-adn-ambiental\/\">EN BUSCA DEL ADN AMBIENTAL<\/a><\/h3><p itemprop=\"description\" class=\"q_masonry_blog_excerpt\">El comienzo de septiembre es el periodo DIVAQUA para realizar una nueva campa\u00f1a de seguimiento en el estado de abrevaderos y humedales donde se han desarrollado actuaciones para su mejora. Asimismo se avanza en el muestreo para el conocimiento del eDNA o ADN ambiental de......<\/p><div class=\"q_masonry_blog_post_info\"><span itemprop=\"dateCreated\" class=\"time entry_date updated\">07 September, 2023<meta itemprop=\"interactionCount\" content=\"UserComments: <?php echo get_comments_number(qode_get_page_id()); ?>\"\/><\/span> \/ <a itemprop=\"url\" class=\"post_comments\" href=\"https:\/\/lifedivaqua.com\/en\/en-busca-del-adn-ambiental\/#respond\">No comment<\/a><\/div><\/div><\/article><article  class='post-2531 post type-post status-publish format-standard has-post-thumbnail hentry category-noticias-en tag-biodiversidad-en tag-cantabria-en tag-conservacion-en tag-ecosistemas-acuaticos-en tag-humedales-en tag-jornada-en tag-life-divaqua-en tag-parque-nacional-en tag-participacion-ciudadana-en tag-picos-de-europa-en tag-programa-life-en tag-puertos-de-aliva-2-en tag-sensibilizacion-en tag-voluntariado-medioambiental-en '><div class=\"q_masonry_blog_post_image\"><a itemprop=\"url\" href=\"https:\/\/lifedivaqua.com\/en\/un-voluntariado-ambiental-con-vistas\/\" target=\"_self\"><img decoding=\"async\" itemprop=\"image\" src=\"https:\/\/lifedivaqua.com\/wp-content\/uploads\/2023\/09\/1693550475039.jpeg\" \/><\/a><\/div><div class=\"q_masonry_blog_post_text\"><h3 itemprop=\"name\" class=\"q_masonry_blog_title entry_title\"><a itemprop=\"url\" href=\"https:\/\/lifedivaqua.com\/en\/un-voluntariado-ambiental-con-vistas\/\">UN VOLUNTARIADO AMBIENTAL CON VISTAS<\/a><\/h3><p itemprop=\"description\" class=\"q_masonry_blog_excerpt\">La jornada de participaci\u00f3n ciudadana DIVAQUA organizada alrededor de una experiencia de voluntariado ambiental, en un espectacular entorno como son los humedales de los puertos de \u00c1liva, se ha desarrollado con gran \u00e9xito de asistencia e implicaci\u00f3n en la mejora de los ecosistemas acu\u00e1ticos de......<\/p><div class=\"q_masonry_blog_post_info\"><span itemprop=\"dateCreated\" class=\"time entry_date updated\">31 August, 2023<meta itemprop=\"interactionCount\" content=\"UserComments: <?php echo get_comments_number(qode_get_page_id()); ?>\"\/><\/span> \/ <a itemprop=\"url\" class=\"post_comments\" href=\"https:\/\/lifedivaqua.com\/en\/un-voluntariado-ambiental-con-vistas\/#respond\">No comment<\/a><\/div><\/div><\/article><article  class='post-2552 post type-post status-publish format-standard has-post-thumbnail hentry category-noticias-en tag-biodiversidad-en tag-conservacion-en tag-ecosistemas-acuaticos-en tag-fuente-de-en tag-juventud-en tag-life-divaqua-en tag-participacion-ciudadana-en tag-picos-de-europa-en tag-sensibilizacion-en '><div class=\"q_masonry_blog_post_image\"><a itemprop=\"url\" href=\"https:\/\/lifedivaqua.com\/en\/juventud-con-los-ecosistemas-acuaticos\/\" target=\"_self\"><img decoding=\"async\" itemprop=\"image\" src=\"https:\/\/lifedivaqua.com\/wp-content\/uploads\/2023\/08\/1693289630659.jpeg\" \/><\/a><\/div><div class=\"q_masonry_blog_post_text\"><h3 itemprop=\"name\" class=\"q_masonry_blog_title entry_title\"><a itemprop=\"url\" href=\"https:\/\/lifedivaqua.com\/en\/juventud-con-los-ecosistemas-acuaticos\/\">JUVENTUD CON LOS ECOSISTEMAS ACU\u00c1TICOS<\/a><\/h3><p itemprop=\"description\" class=\"q_masonry_blog_excerpt\">Los ecosistemas acu\u00e1ticos de Picos de Europa han sido el destino de una jornada de campo para promover la participaci\u00f3n ciudadana. En esta ocasi\u00f3n, la actividad DIVAQUA ha contado con un grupo de j\u00f3venes para despertar su inter\u00e9s por los h\u00e1bitats y especies ligados a......<\/p><div class=\"q_masonry_blog_post_info\"><span itemprop=\"dateCreated\" class=\"time entry_date updated\">29 August, 2023<meta itemprop=\"interactionCount\" content=\"UserComments: <?php echo get_comments_number(qode_get_page_id()); ?>\"\/><\/span> \/ <a itemprop=\"url\" class=\"post_comments\" href=\"https:\/\/lifedivaqua.com\/en\/juventud-con-los-ecosistemas-acuaticos\/#respond\">No comment<\/a><\/div><\/div><\/article><article  class='post-2510 post type-post status-publish format-standard has-post-thumbnail hentry category-noticias-en tag-agua-en tag-biodiversidad-en tag-ecosistemas-acuaticos-en tag-humedales-en tag-las-salgardas-en tag-life-divaqua-en tag-medioambiente-en tag-picos-de-europa-en tag-programa-life-en tag-puertos-de-aliva-en tag-voluntariado-en '><div class=\"q_masonry_blog_post_image\"><a itemprop=\"url\" href=\"https:\/\/lifedivaqua.com\/en\/jornada-de-voluntariado-para-la-mejora-de-humedales\/\" target=\"_self\"><img decoding=\"async\" itemprop=\"image\" src=\"https:\/\/lifedivaqua.com\/wp-content\/uploads\/2023\/08\/IMG-20230818-WA0003.jpg\" \/><\/a><\/div><div class=\"q_masonry_blog_post_text\"><h3 itemprop=\"name\" class=\"q_masonry_blog_title entry_title\"><a itemprop=\"url\" href=\"https:\/\/lifedivaqua.com\/en\/jornada-de-voluntariado-para-la-mejora-de-humedales\/\">JORNADA DE VOLUNTARIADO PARA LA MEJORA DE HUMEDALES<\/a><\/h3><p itemprop=\"description\" class=\"q_masonry_blog_excerpt\">Los humedales de Las Salgardas ser\u00e1n el destino de la nueva jornada de voluntariado medioambiental DIVAQUA en la que se desarrollar\u00e1n tareas para contribuir a la mejora de algunos humedales de los puertos de \u00c1liva en la vertiente c\u00e1ntabra de Picos de Europa. Las actuaciones......<\/p><div class=\"q_masonry_blog_post_info\"><span itemprop=\"dateCreated\" class=\"time entry_date updated\">18 August, 2023<meta itemprop=\"interactionCount\" content=\"UserComments: <?php echo get_comments_number(qode_get_page_id()); ?>\"\/><\/span> \/ <a itemprop=\"url\" class=\"post_comments\" href=\"https:\/\/lifedivaqua.com\/en\/jornada-de-voluntariado-para-la-mejora-de-humedales\/#respond\">No comment<\/a><\/div><\/div><\/article><article  class='post-2540 post type-post status-publish format-standard has-post-thumbnail hentry category-noticias-en tag-biodiversidad-en tag-conservacion-en tag-ecosistemas-acuaticos-en tag-humedales-en tag-life-divaqua-en tag-manantiales-en tag-picos-de-europa-en tag-programa-life-en tag-restauracion-ambiental-en tag-sensibilizacion-en '><div class=\"q_masonry_blog_post_image\"><a itemprop=\"url\" href=\"https:\/\/lifedivaqua.com\/en\/nuevo-boletin-enfocado-en-la-restauracion-de-humedales-y-manantiales\/\" target=\"_self\"><img decoding=\"async\" itemprop=\"image\" src=\"https:\/\/lifedivaqua.com\/wp-content\/uploads\/2023\/08\/Portada-boletin-12_LIFE-DIVAQUA-y-la-restauracion-de-humedales-y-manantiales-en-Picos-de-Europa-scaled.jpg\" \/><\/a><\/div><div class=\"q_masonry_blog_post_text\"><h3 itemprop=\"name\" class=\"q_masonry_blog_title entry_title\"><a itemprop=\"url\" href=\"https:\/\/lifedivaqua.com\/en\/nuevo-boletin-enfocado-en-la-restauracion-de-humedales-y-manantiales\/\">NUEVO BOLET\u00cdN ENFOCADO EN LA RESTAURACI\u00d3N DE HUMEDALES Y MANANTIALES<\/a><\/h3><p itemprop=\"description\" class=\"q_masonry_blog_excerpt\">El bolet\u00edn estival DIVAQUA est\u00e1 enfocado a la restauraci\u00f3n de humedales y manantiales de Picos de Europa. Contribuir a su mejora es proteger, gestionar y restaurar los ecosistemas. Medidas que necesitan ser reforzadas desde todos los \u00e1mbitos sociales porque en la naturaleza est\u00e1 la soluci\u00f3n......<\/p><div class=\"q_masonry_blog_post_info\"><span itemprop=\"dateCreated\" class=\"time entry_date updated\">15 July, 2023<meta itemprop=\"interactionCount\" content=\"UserComments: <?php echo get_comments_number(qode_get_page_id()); ?>\"\/><\/span> \/ <a itemprop=\"url\" class=\"post_comments\" href=\"https:\/\/lifedivaqua.com\/en\/nuevo-boletin-enfocado-en-la-restauracion-de-humedales-y-manantiales\/#respond\">No comment<\/a><\/div><\/div><\/article><article  class='post-2448 post type-post status-publish format-standard has-post-thumbnail hentry category-noticias-en tag-biodiversidad-en tag-conservacion-en tag-ecosistemas-acuaticos-en tag-ganaderia-en tag-life-divaqua-en tag-picos-de-europa-en tag-programa-life-en '><div class=\"q_masonry_blog_post_image\"><a itemprop=\"url\" href=\"https:\/\/lifedivaqua.com\/en\/extraordinaria-recuperacion-de-las-turberas-del-lago-la-ercina\/\" target=\"_self\"><img decoding=\"async\" itemprop=\"image\" src=\"https:\/\/lifedivaqua.com\/wp-content\/uploads\/2023\/07\/IMG_20230630_181048-scaled.jpg\" \/><\/a><\/div><div class=\"q_masonry_blog_post_text\"><h3 itemprop=\"name\" class=\"q_masonry_blog_title entry_title\"><a itemprop=\"url\" href=\"https:\/\/lifedivaqua.com\/en\/extraordinaria-recuperacion-de-las-turberas-del-lago-la-ercina\/\">Extraordinaria recuperaci\u00f3n de las turberas del lago de La Ercina<\/a><\/h3><p itemprop=\"description\" class=\"q_masonry_blog_excerpt\">Los ecosistemas acu\u00e1ticos del lago de La Ercina y el estanque de La Mina en el parque nacional de Picos de Europa han experimentado una extraordinaria restauraci\u00f3n natural apenas transcurrido un mes de la instalaci\u00f3n de un vallado temporal para evitar el pisoteo y degradaci\u00f3n......<\/p><div class=\"q_masonry_blog_post_info\"><span itemprop=\"dateCreated\" class=\"time entry_date updated\">04 July, 2023<meta itemprop=\"interactionCount\" content=\"UserComments: <?php echo get_comments_number(qode_get_page_id()); ?>\"\/><\/span> \/ <a itemprop=\"url\" class=\"post_comments\" href=\"https:\/\/lifedivaqua.com\/en\/extraordinaria-recuperacion-de-las-turberas-del-lago-la-ercina\/#respond\">No comment<\/a><\/div><\/div><\/article><article  class='post-2438 post type-post status-publish format-standard has-post-thumbnail hentry category-noticias-en tag-biodiversidad-en tag-conservacion-en tag-ecosistemas-acuaticos-en tag-ganaderia-2-en tag-humedales-en tag-las-salgardas-en tag-life-divaqua-en tag-montana-en tag-picos-de-europa-en tag-programa-life-en tag-puertos-de-aliva-en '><div class=\"q_masonry_blog_post_image\"><a itemprop=\"url\" href=\"https:\/\/lifedivaqua.com\/en\/humedales-protectores-de-biodiversidad\/\" target=\"_self\"><img decoding=\"async\" itemprop=\"image\" src=\"https:\/\/lifedivaqua.com\/wp-content\/uploads\/2023\/06\/Vallado-electrico-humedales-Las-Salgardas_Aliva_Cantabria_LIFE-DIVAQUA.jpeg\" \/><\/a><\/div><div class=\"q_masonry_blog_post_text\"><h3 itemprop=\"name\" class=\"q_masonry_blog_title entry_title\"><a itemprop=\"url\" href=\"https:\/\/lifedivaqua.com\/en\/humedales-protectores-de-biodiversidad\/\">HUMEDALES PROTECTORES DE BIODIVERSIDAD<\/a><\/h3><p itemprop=\"description\" class=\"q_masonry_blog_excerpt\">La instalaci\u00f3n de los vallados con pastor el\u00e9ctrico en los puertos de \u00c1liva, alrededor de dos humedales en Las Salgardas hace que el ganado reci\u00e9n llegado a los pastos de altura con la tradicional muda se convierta en protector de la biodiversidad de los ecosistemas......<\/p><div class=\"q_masonry_blog_post_info\"><span itemprop=\"dateCreated\" class=\"time entry_date updated\">05 June, 2023<meta itemprop=\"interactionCount\" content=\"UserComments: <?php echo get_comments_number(qode_get_page_id()); ?>\"\/><\/span> \/ <a itemprop=\"url\" class=\"post_comments\" href=\"https:\/\/lifedivaqua.com\/en\/humedales-protectores-de-biodiversidad\/#respond\">No comment<\/a><\/div><\/div><\/article><article  class='post-2426 post type-post status-publish format-standard has-post-thumbnail hentry category-noticias-en tag-biodiversidad-en tag-conservacion-en tag-directiva-habitats-en tag-ecosistemas-acuaticos-en tag-life-divaqua-en tag-picos-de-europa-en tag-programa-life-en tag-ue-en '><div class=\"q_masonry_blog_post_image\"><a itemprop=\"url\" href=\"https:\/\/lifedivaqua.com\/en\/nuevo-boletin-por-la-fauna-acuatica-de-picos-de-europa\/\" target=\"_self\"><img decoding=\"async\" itemprop=\"image\" src=\"https:\/\/lifedivaqua.com\/wp-content\/uploads\/2023\/05\/boletin11_LIFE-DIVAQUA_Fauna-acuatica-Picos-de-Europa_portada-scaled.jpg\" \/><\/a><\/div><div class=\"q_masonry_blog_post_text\"><h3 itemprop=\"name\" class=\"q_masonry_blog_title entry_title\"><a itemprop=\"url\" href=\"https:\/\/lifedivaqua.com\/en\/nuevo-boletin-por-la-fauna-acuatica-de-picos-de-europa\/\">NUEVO BOLET\u00cdN POR LA FAUNA ACU\u00c1TICA DE PICOS DE EUROPA<\/a><\/h3><p itemprop=\"description\" class=\"q_masonry_blog_excerpt\">La Directiva H\u00e1bitats, la base reguladora de la que dispone la UE para la protecci\u00f3n de las especies y h\u00e1bitats, protagoniza el nuevo bolet\u00edn DIVAQUA como herramienta para actuar por la fauna acu\u00e1tica de Picos de Europa. El bolet\u00edn trimestral de LIFE DIVAQUA de primavera......<\/p><div class=\"q_masonry_blog_post_info\"><span itemprop=\"dateCreated\" class=\"time entry_date updated\">12 May, 2023<meta itemprop=\"interactionCount\" content=\"UserComments: <?php echo get_comments_number(qode_get_page_id()); ?>\"\/><\/span> \/ <a itemprop=\"url\" class=\"post_comments\" href=\"https:\/\/lifedivaqua.com\/en\/nuevo-boletin-por-la-fauna-acuatica-de-picos-de-europa\/#respond\">No comment<\/a><\/div><\/div><\/article><article  class='post-2408 post type-post status-publish format-standard has-post-thumbnail hentry category-noticias-en tag-agua-en tag-biodiversidad-en tag-ecohidraulica-en tag-ecosistemas-acuaticos-2-en tag-fauna-piscicola-en tag-life-divaqua-en tag-picos-de-europa-en tag-programa-life-en tag-restauracion-fluvial-en '><div class=\"q_masonry_blog_post_image\"><a itemprop=\"url\" href=\"https:\/\/lifedivaqua.com\/en\/todo-por-la-fauna-piscicola\/\" target=\"_self\"><img decoding=\"async\" itemprop=\"image\" src=\"https:\/\/lifedivaqua.com\/wp-content\/uploads\/2023\/05\/Javier-Sanz_Equipo-GEA-de-ITAGRA.ct_LIFE-DIVAQUA.jpeg\" \/><\/a><\/div><div class=\"q_masonry_blog_post_text\"><h3 itemprop=\"name\" class=\"q_masonry_blog_title entry_title\"><a itemprop=\"url\" href=\"https:\/\/lifedivaqua.com\/en\/todo-por-la-fauna-piscicola\/\">TODO POR LA FAUNA PISC\u00cdCOLA<\/a><\/h3><p itemprop=\"description\" class=\"q_masonry_blog_excerpt\">La investigaci\u00f3n aplicada desde el Centro Tecnol\u00f3gico Agrario y Agroalimentario Itagra.CT, socio DIVAQUA, est\u00e1 haciendo que la calidad de los r\u00edos de Picos de Europa adem\u00e1s de mejorar sea compatible con las actividades humanas. Seguimos los pasos del equipo que est\u00e1 aportando su rica experiencia......<\/p><div class=\"q_masonry_blog_post_info\"><span itemprop=\"dateCreated\" class=\"time entry_date updated\">24 April, 2023<meta itemprop=\"interactionCount\" content=\"UserComments: <?php echo get_comments_number(qode_get_page_id()); ?>\"\/><\/span> \/ <a itemprop=\"url\" class=\"post_comments\" href=\"https:\/\/lifedivaqua.com\/en\/todo-por-la-fauna-piscicola\/#respond\">No comment<\/a><\/div><\/div><\/article><article  class='post-2377 post type-post status-publish format-standard has-post-thumbnail hentry category-noticias-en tag-biodiversidad-en tag-conservacion-en tag-divulgacion-2-en tag-especies-en tag-fauna-en tag-flora-2-en tag-ilustracion-cientifica-en tag-life-divaqua-en tag-picos-de-europa-en tag-programa-life-en '><div class=\"q_masonry_blog_post_image\"><a itemprop=\"url\" href=\"https:\/\/lifedivaqua.com\/en\/ilustrar-para-la-biodiversidad\/\" target=\"_self\"><img decoding=\"async\" itemprop=\"image\" src=\"https:\/\/lifedivaqua.com\/wp-content\/uploads\/2023\/02\/ILC_MNCN_Infografia_Esther_Ivars-e1677594766744.jpg\" \/><\/a><\/div><div class=\"q_masonry_blog_post_text\"><h3 itemprop=\"name\" class=\"q_masonry_blog_title entry_title\"><a itemprop=\"url\" href=\"https:\/\/lifedivaqua.com\/en\/ilustrar-para-la-biodiversidad\/\">ILUSTRAR PARA LA BIODIVERSIDAD<\/a><\/h3><p itemprop=\"description\" class=\"q_masonry_blog_excerpt\">Con magn\u00edficos resultados llega a su fin la colaboraci\u00f3n de LIFE DIVAQUA con la Academia Illustraciencia. Formaci\u00f3n de ilustradores cient\u00edficos en la que el alumnado ha trabajado sobre la biodiversidad acu\u00e1tica de Picos de Europa. Divulgar la ilustraci\u00f3n cient\u00edfica y naturalista a escala internacional y......<\/p><div class=\"q_masonry_blog_post_info\"><span itemprop=\"dateCreated\" class=\"time entry_date updated\">28 February, 2023<meta itemprop=\"interactionCount\" content=\"UserComments: <?php echo get_comments_number(qode_get_page_id()); ?>\"\/><\/span> \/ <a itemprop=\"url\" class=\"post_comments\" href=\"https:\/\/lifedivaqua.com\/en\/ilustrar-para-la-biodiversidad\/#respond\">No comment<\/a><\/div><\/div><\/article><article  class='post-2166 post type-post status-publish format-standard has-post-thumbnail hentry category-noticias-en tag-biodiversidad-en tag-conservacion-en tag-ecosistemas-acuaticos-en tag-life-divaqua-en tag-picos-de-europa-en tag-programa-life-en tag-restauracion-fluvial-en '><div class=\"q_masonry_blog_post_image\"><a itemprop=\"url\" href=\"https:\/\/lifedivaqua.com\/en\/2022-grandes-hitos-por-la-diversidad-acuatica\/\" target=\"_self\"><img decoding=\"async\" itemprop=\"image\" src=\"https:\/\/lifedivaqua.com\/wp-content\/uploads\/2023\/01\/boletin10DVQ_portada.jpg\" \/><\/a><\/div><div class=\"q_masonry_blog_post_text\"><h3 itemprop=\"name\" class=\"q_masonry_blog_title entry_title\"><a itemprop=\"url\" href=\"https:\/\/lifedivaqua.com\/en\/2022-grandes-hitos-por-la-diversidad-acuatica\/\">2022: GRANDES HITOS POR LA DIVERSIDAD ACU\u00c1TICA<\/a><\/h3><p itemprop=\"description\" class=\"q_masonry_blog_excerpt\">El nuevo bolet\u00edn DIVAQUA resume las actuaciones del 2022. Marcadas por grandes hitos para la diversidad acu\u00e1tica de Picos de Europa como las mejoras en abrevaderos, la eliminaci\u00f3n de presas y azudes, as\u00ed como en el esfuerzo t\u00e9cnico para implicar a la poblaci\u00f3n en la......<\/p><div class=\"q_masonry_blog_post_info\"><span itemprop=\"dateCreated\" class=\"time entry_date updated\">31 January, 2023<meta itemprop=\"interactionCount\" content=\"UserComments: <?php echo get_comments_number(qode_get_page_id()); ?>\"\/><\/span> \/ <a itemprop=\"url\" class=\"post_comments\" href=\"https:\/\/lifedivaqua.com\/en\/2022-grandes-hitos-por-la-diversidad-acuatica\/#respond\">No comment<\/a><\/div><\/div><\/article><article  class='post-2139 post type-post status-publish format-standard has-post-thumbnail hentry category-noticias-en tag-agua-en tag-biodiversidad-en tag-conservacion-en tag-ecosistemas-acuaticos-en tag-life-divaqua-en tag-picos-de-europa-en tag-programa-life-en tag-sensibilizacion-en '><div class=\"q_masonry_blog_post_image\"><a itemprop=\"url\" href=\"https:\/\/lifedivaqua.com\/en\/biodiversidad-que-conecta-dos-vertientes\/\" target=\"_self\"><img decoding=\"async\" itemprop=\"image\" src=\"https:\/\/lifedivaqua.com\/wp-content\/uploads\/2022\/12\/1671612461361.jpeg\" \/><\/a><\/div><div class=\"q_masonry_blog_post_text\"><h3 itemprop=\"name\" class=\"q_masonry_blog_title entry_title\"><a itemprop=\"url\" href=\"https:\/\/lifedivaqua.com\/en\/biodiversidad-que-conecta-dos-vertientes\/\">BIODIVERSIDAD QUE CONECTA DOS VERTIENTES<\/a><\/h3><p itemprop=\"description\" class=\"q_masonry_blog_excerpt\">Con el desarrollo de las jornadas de participaci\u00f3n y colaboraci\u00f3n \u00bfQUI\u00c9N VIVE AQU\u00cd? en la vertiente leonesa y asturiana de Picos de Europa sumamos m\u00e1s hosteleros y empresas de turismo conectados por la conservaci\u00f3n de los anfibios y los ecosistemas acu\u00e1ticos de monta\u00f1a y las......<\/p><div class=\"q_masonry_blog_post_info\"><span itemprop=\"dateCreated\" class=\"time entry_date updated\">21 December, 2022<meta itemprop=\"interactionCount\" content=\"UserComments: <?php echo get_comments_number(qode_get_page_id()); ?>\"\/><\/span> \/ <a itemprop=\"url\" class=\"post_comments\" href=\"https:\/\/lifedivaqua.com\/en\/biodiversidad-que-conecta-dos-vertientes\/#respond\">No comment<\/a><\/div><\/div><\/article><article  class='post-2129 post type-post status-publish format-standard has-post-thumbnail hentry category-noticias-en tag-agua-en tag-conservacion-en tag-ecosistemas-acuaticos-en tag-jornada-en tag-life-divaqua-en tag-participacion-en tag-picos-de-europa-en '><div class=\"q_masonry_blog_post_image\"><a itemprop=\"url\" href=\"https:\/\/lifedivaqua.com\/en\/el-agua-nos-une\/\" target=\"_self\"><img decoding=\"async\" itemprop=\"image\" src=\"https:\/\/lifedivaqua.com\/wp-content\/uploads\/2022\/12\/1670849082479-scaled.jpeg\" \/><\/a><\/div><div class=\"q_masonry_blog_post_text\"><h3 itemprop=\"name\" class=\"q_masonry_blog_title entry_title\"><a itemprop=\"url\" href=\"https:\/\/lifedivaqua.com\/en\/el-agua-nos-une\/\">EL AGUA NOS UNE<\/a><\/h3><p itemprop=\"description\" class=\"q_masonry_blog_excerpt\">La \u00faltima jornada EL AGUA IMPORTA \u00bfC\u00d3MO MEJORAR LA DIVERSIDAD ACU\u00c1TICA EN PICOS DE EUROPA? ha reforzado el impacto social fomentando la participaci\u00f3n entre los vecinos de Picos de Europa. El agua nos une a trabajar por un futuro sostenible para los ecosistemas acu\u00e1ticos y......<\/p><div class=\"q_masonry_blog_post_info\"><span itemprop=\"dateCreated\" class=\"time entry_date updated\">12 December, 2022<meta itemprop=\"interactionCount\" content=\"UserComments: <?php echo get_comments_number(qode_get_page_id()); ?>\"\/><\/span> \/ <a itemprop=\"url\" class=\"post_comments\" href=\"https:\/\/lifedivaqua.com\/en\/el-agua-nos-une\/#respond\">No comment<\/a><\/div><\/div><\/article><article  class='post-2121 post type-post status-publish format-standard has-post-thumbnail hentry category-noticias-en tag-biodiversidad-en tag-conservacion-en tag-ecosistemas-acuaticos-en tag-life-divaqua-en tag-participacion-en tag-picos-de-europa-en tag-programa-life-en tag-turismo-en tag-turismo-de-naturaleza-en '><div class=\"q_masonry_blog_post_image\"><a itemprop=\"url\" href=\"https:\/\/lifedivaqua.com\/en\/el-turismo-de-naturaleza-leones-con-las-especies-acuaticas-de-montana\/\" target=\"_self\"><img decoding=\"async\" itemprop=\"image\" src=\"https:\/\/lifedivaqua.com\/wp-content\/uploads\/2022\/12\/cartel_DVQ_Sajambre-scaled.jpg\" \/><\/a><\/div><div class=\"q_masonry_blog_post_text\"><h3 itemprop=\"name\" class=\"q_masonry_blog_title entry_title\"><a itemprop=\"url\" href=\"https:\/\/lifedivaqua.com\/en\/el-turismo-de-naturaleza-leones-con-las-especies-acuaticas-de-montana\/\">EL TURISMO DE NATURALEZA LEON\u00c9S CON LAS ESPECIES ACU\u00c1TICAS DE MONTA\u00d1A<\/a><\/h3><p itemprop=\"description\" class=\"q_masonry_blog_excerpt\">Conocer el estado de conservaci\u00f3n de las especies acu\u00e1ticas y sus h\u00e1bitats es el objetivo de la jornada \u00bfQUI\u00c9N VIVE AQU\u00cd? que LIFE DIVAQUA va a desarrollar en Oseja de Sajambre. Implicar\u00e1 a hosteleros y empresas de turismo de la vertiente leonesa de Picos de......<\/p><div class=\"q_masonry_blog_post_info\"><span itemprop=\"dateCreated\" class=\"time entry_date updated\">07 December, 2022<meta itemprop=\"interactionCount\" content=\"UserComments: <?php echo get_comments_number(qode_get_page_id()); ?>\"\/><\/span> \/ <a itemprop=\"url\" class=\"post_comments\" href=\"https:\/\/lifedivaqua.com\/en\/el-turismo-de-naturaleza-leones-con-las-especies-acuaticas-de-montana\/#respond\">No comment<\/a><\/div><\/div><\/article><article  class='post-2115 post type-post status-publish format-standard has-post-thumbnail hentry category-noticias-en tag-agua-en tag-biodiversidad-en tag-conservacion-en tag-ecosistemas-acuaticos-en tag-especies-acuaticas-en tag-life-divaqua-en tag-participacion-en tag-picos-de-europa-en tag-programa-life-en tag-sensibilizacion-en tag-turismo-en '><div class=\"q_masonry_blog_post_image\"><a itemprop=\"url\" href=\"https:\/\/lifedivaqua.com\/en\/apoyo-a-las-especies-acuaticas-en-asturias\/\" target=\"_self\"><img decoding=\"async\" itemprop=\"image\" src=\"https:\/\/lifedivaqua.com\/wp-content\/uploads\/2022\/12\/cartel_DVQ_Cangues_mini.jpg\" \/><\/a><\/div><div class=\"q_masonry_blog_post_text\"><h3 itemprop=\"name\" class=\"q_masonry_blog_title entry_title\"><a itemprop=\"url\" href=\"https:\/\/lifedivaqua.com\/en\/apoyo-a-las-especies-acuaticas-en-asturias\/\">APOYO A LAS ESPECIES ACU\u00c1TICAS EN ASTURIAS<\/a><\/h3><p itemprop=\"description\" class=\"q_masonry_blog_excerpt\">Con la pr\u00f3xima jornada \u00bfQUI\u00c9N VIVE AQU\u00cd? que DIVAQUA va a desarrollar en la vertiente asturiana de Picos de Europa busca el apoyo de los hosteleros y empresas de turismo para las especies y h\u00e1bitats acu\u00e1ticos del territorio. El martes 13 de diciembre llega una......<\/p><div class=\"q_masonry_blog_post_info\"><span itemprop=\"dateCreated\" class=\"time entry_date updated\">05 December, 2022<meta itemprop=\"interactionCount\" content=\"UserComments: <?php echo get_comments_number(qode_get_page_id()); ?>\"\/><\/span> \/ <a itemprop=\"url\" class=\"post_comments\" href=\"https:\/\/lifedivaqua.com\/en\/apoyo-a-las-especies-acuaticas-en-asturias\/#respond\">No comment<\/a><\/div><\/div><\/article><article  class='post-2073 post type-post status-publish format-standard has-post-thumbnail hentry category-noticias-en tag-agua-en tag-biodiversidad-en tag-cambio-climatico-en tag-conservacion-en tag-ecosistemas-acuaticos-en tag-life-divaqua-en tag-participacion-en tag-picos-de-europa-en tag-restauracion-fluvial-en '><div class=\"q_masonry_blog_post_image\"><a itemprop=\"url\" href=\"https:\/\/lifedivaqua.com\/en\/el-agua-importa\/\" target=\"_self\"><img decoding=\"async\" itemprop=\"image\" src=\"https:\/\/lifedivaqua.com\/wp-content\/uploads\/2022\/11\/cartel_DVQ_agua_portada.jpg\" \/><\/a><\/div><div class=\"q_masonry_blog_post_text\"><h3 itemprop=\"name\" class=\"q_masonry_blog_title entry_title\"><a itemprop=\"url\" href=\"https:\/\/lifedivaqua.com\/en\/el-agua-importa\/\">EL AGUA IMPORTA<\/a><\/h3><p itemprop=\"description\" class=\"q_masonry_blog_excerpt\">Una nueva jornada participativa llega a Picos de Europa. Alrededor de la convocatoria EL AGUA IMPORTA&nbsp; \u00bfC\u00d3MO MEJORAR LA DIVERSIDAD ACU\u00c1TICA EN PICOS DE EUROPA? se van reunir a entidades, habitantes y personas interesadas en dialogar sobre el futuro de los ecosistemas acu\u00e1ticos en Picos......<\/p><div class=\"q_masonry_blog_post_info\"><span itemprop=\"dateCreated\" class=\"time entry_date updated\">22 November, 2022<meta itemprop=\"interactionCount\" content=\"UserComments: <?php echo get_comments_number(qode_get_page_id()); ?>\"\/><\/span> \/ <a itemprop=\"url\" class=\"post_comments\" href=\"https:\/\/lifedivaqua.com\/en\/el-agua-importa\/#respond\">No comment<\/a><\/div><\/div><\/article><article  class='post-2045 post type-post status-publish format-standard has-post-thumbnail hentry category-noticias-en tag-agua-en tag-anfibios-en tag-biodiversidad-en tag-cambio-climatico-en tag-conservacion-en tag-ecosistemas-acuaticos-en tag-life-divaqua-en tag-patogenos-en tag-picos-de-europa-en tag-programa-life-en tag-quitridiomicosis-en tag-ranavirus-en '><div class=\"q_masonry_blog_post_image\"><a itemprop=\"url\" href=\"https:\/\/lifedivaqua.com\/en\/visitantes-del-parque-nacional-con-los-anfibios\/\" target=\"_self\"><img decoding=\"async\" itemprop=\"image\" src=\"https:\/\/lifedivaqua.com\/wp-content\/uploads\/2022\/11\/IMG_20220621_111502-scaled.jpg\" \/><\/a><\/div><div class=\"q_masonry_blog_post_text\"><h3 itemprop=\"name\" class=\"q_masonry_blog_title entry_title\"><a itemprop=\"url\" href=\"https:\/\/lifedivaqua.com\/en\/visitantes-del-parque-nacional-con-los-anfibios\/\">VISITANTES DEL PARQUE NACIONAL CON LOS ANFIBIOS<\/a><\/h3><p itemprop=\"description\" class=\"q_masonry_blog_excerpt\">La investigadora del parque nacional, Amparo Mora-Cabello de Alba, propone que los visitantes que lo recorren no lo hagan como en un parque tem\u00e1tico. Respetar el entorno y dejarlo como est\u00e1 es una actitud que puede salvar a los anfibios. La bi\u00f3loga del parque nacional,......<\/p><div class=\"q_masonry_blog_post_info\"><span itemprop=\"dateCreated\" class=\"time entry_date updated\">08 November, 2022<meta itemprop=\"interactionCount\" content=\"UserComments: <?php echo get_comments_number(qode_get_page_id()); ?>\"\/><\/span> \/ <a itemprop=\"url\" class=\"post_comments\" href=\"https:\/\/lifedivaqua.com\/en\/visitantes-del-parque-nacional-con-los-anfibios\/#respond\">No comment<\/a><\/div><\/div><\/article><article  class='post-2037 post type-post status-publish format-standard has-post-thumbnail hentry category-noticias-en tag-agua-en tag-anfibios-en tag-biodiversidad-en tag-conservacion-en tag-ecosistemas-acuaticos-en tag-life-divaqua-en tag-patogenos-en tag-picos-de-europa-en tag-programa-life-en tag-sensibilizacion-en '><div class=\"q_masonry_blog_post_image\"><a itemprop=\"url\" href=\"https:\/\/lifedivaqua.com\/en\/el-csic-no-pierde-de-vista-a-los-anfibios\/\" target=\"_self\"><img decoding=\"async\" itemprop=\"image\" src=\"https:\/\/lifedivaqua.com\/wp-content\/uploads\/2022\/11\/5971989276348496557_121.jpg\" \/><\/a><\/div><div class=\"q_masonry_blog_post_text\"><h3 itemprop=\"name\" class=\"q_masonry_blog_title entry_title\"><a itemprop=\"url\" href=\"https:\/\/lifedivaqua.com\/en\/el-csic-no-pierde-de-vista-a-los-anfibios\/\">EL CSIC NO PIERDE DE VISTA A LOS ANFIBIOS<\/a><\/h3><p itemprop=\"description\" class=\"q_masonry_blog_excerpt\">El equipo de investigaci\u00f3n del CSIC, uno de los socios beneficiarios de DIVAQUA, no pierde de vista las masas de agua de Picos de Europa. De su calidad y disponibilidad, as\u00ed como de compartirlas con el ganado depende la biodiversidad de los anfibios. David Vieites,......<\/p><div class=\"q_masonry_blog_post_info\"><span itemprop=\"dateCreated\" class=\"time entry_date updated\">03 November, 2022<meta itemprop=\"interactionCount\" content=\"UserComments: <?php echo get_comments_number(qode_get_page_id()); ?>\"\/><\/span> \/ <a itemprop=\"url\" class=\"post_comments\" href=\"https:\/\/lifedivaqua.com\/en\/el-csic-no-pierde-de-vista-a-los-anfibios\/#respond\">No comment<\/a><\/div><\/div><\/article><article  class='post-2026 post type-post status-publish format-standard has-post-thumbnail hentry category-noticias-en tag-anfibios-en tag-biodiversidad-en tag-ecosistemas-acuaticos-en tag-empresas-de-turismo-en tag-hosteleria-en tag-life-divaqua-en tag-picos-de-europa-en tag-programa-life-en '><div class=\"q_masonry_blog_post_image\"><a itemprop=\"url\" href=\"https:\/\/lifedivaqua.com\/en\/sector-terciario-interesado-en-los-anfibios\/\" target=\"_self\"><img decoding=\"async\" itemprop=\"image\" src=\"https:\/\/lifedivaqua.com\/wp-content\/uploads\/2022\/10\/1666811393098.jpeg\" \/><\/a><\/div><div class=\"q_masonry_blog_post_text\"><h3 itemprop=\"name\" class=\"q_masonry_blog_title entry_title\"><a itemprop=\"url\" href=\"https:\/\/lifedivaqua.com\/en\/sector-terciario-interesado-en-los-anfibios\/\">SECTOR TERCIARIO INTERESADO EN LOS ANFIBIOS<\/a><\/h3><p itemprop=\"description\" class=\"q_masonry_blog_excerpt\">Mediante la celebraci\u00f3n de la jornada de participaci\u00f3n y colaboraci\u00f3n \u00bfQUI\u00c9N VIVE AQU\u00cd?, hosteleros y empresas de turismo de la vertiente c\u00e1ntabra de Picos de Europa han puesto de manifiesto que el sector terciario tiene inter\u00e9s por la implicaci\u00f3n de su actividad empresarial en la......<\/p><div class=\"q_masonry_blog_post_info\"><span itemprop=\"dateCreated\" class=\"time entry_date updated\">26 October, 2022<meta itemprop=\"interactionCount\" content=\"UserComments: <?php echo get_comments_number(qode_get_page_id()); ?>\"\/><\/span> \/ <a itemprop=\"url\" class=\"post_comments\" href=\"https:\/\/lifedivaqua.com\/en\/sector-terciario-interesado-en-los-anfibios\/#respond\">No comment<\/a><\/div><\/div><\/article><article  class='post-2011 post type-post status-publish format-standard has-post-thumbnail hentry category-noticias-en tag-abrevaderos-en tag-agua-en tag-biodiversidad-en tag-conservacion-en tag-divulgacion-2-en tag-divulgacion-ambiental-en tag-ecosistemas-acuaticos-en tag-life-divaqua-en tag-picos-de-europa-en tag-programa-life-en tag-sensibilizacion-en '><div class=\"q_masonry_blog_post_image\"><a itemprop=\"url\" href=\"https:\/\/lifedivaqua.com\/en\/codigos-qr-para-la-conservacion-de-anfibios\/\" target=\"_self\"><img decoding=\"async\" itemprop=\"image\" src=\"https:\/\/lifedivaqua.com\/wp-content\/uploads\/2022\/10\/1666011095949.jpeg\" \/><\/a><\/div><div class=\"q_masonry_blog_post_text\"><h3 itemprop=\"name\" class=\"q_masonry_blog_title entry_title\"><a itemprop=\"url\" href=\"https:\/\/lifedivaqua.com\/en\/codigos-qr-para-la-conservacion-de-anfibios\/\">C\u00d3DIGOS QR PARA LA CONSERVACI\u00d3N DE ANFIBIOS<\/a><\/h3><p itemprop=\"description\" class=\"q_masonry_blog_excerpt\">Cuando te asomas a un abrevadero no es f\u00e1cil descubrir a un anfibio, pero siguiendo las pistas que los paneles informativos ubicados en placas con c\u00f3digo QR instalados por DIVAQUA podr\u00e1s indagar sobre su presencia y contribuir a su conservaci\u00f3n. La mejora de los abrevaderos......<\/p><div class=\"q_masonry_blog_post_info\"><span itemprop=\"dateCreated\" class=\"time entry_date updated\">21 October, 2022<meta itemprop=\"interactionCount\" content=\"UserComments: <?php echo get_comments_number(qode_get_page_id()); ?>\"\/><\/span> \/ <a itemprop=\"url\" class=\"post_comments\" href=\"https:\/\/lifedivaqua.com\/en\/codigos-qr-para-la-conservacion-de-anfibios\/#respond\">No comment<\/a><\/div><\/div><\/article><article  class='post-2149 post type-post status-publish format-standard has-post-thumbnail hentry category-noticias-en tag-agua-en tag-biodiversidad-en tag-conectividad-fluvial-en tag-ecosistemas-acuaticos-en tag-infraestructura-hidraulica-en tag-life-divaqua-en tag-picos-de-europa-en tag-programa-life-en tag-restauracion-fluvial-en tag-rio-cares-en tag-rio-deva-en '><div class=\"q_masonry_blog_post_image\"><a itemprop=\"url\" href=\"https:\/\/lifedivaqua.com\/en\/recuperar-la-conectividad-fluvial\/\" target=\"_self\"><img decoding=\"async\" itemprop=\"image\" src=\"https:\/\/lifedivaqua.com\/wp-content\/uploads\/2023\/01\/1674910344032.jpeg\" \/><\/a><\/div><div class=\"q_masonry_blog_post_text\"><h3 itemprop=\"name\" class=\"q_masonry_blog_title entry_title\"><a itemprop=\"url\" href=\"https:\/\/lifedivaqua.com\/en\/recuperar-la-conectividad-fluvial\/\">RECUPERAR LA CONECTIVIDAD FLUVIAL<\/a><\/h3><p itemprop=\"description\" class=\"q_masonry_blog_excerpt\">Con la intervenci\u00f3n en las infraestructuras hidr\u00e1ulicas ligadas al aprovechamiento hidroel\u00e9ctrico de Urd\u00f3n y Poncebos, DIVAQUA avanza en la restauraci\u00f3n de la conectividad fluvial en la cuenca de los r\u00edos Deva y Cares. Para mejorar la conectividad longitudinal de la red fluvial de la cuenca......<\/p><div class=\"q_masonry_blog_post_info\"><span itemprop=\"dateCreated\" class=\"time entry_date updated\">18 October, 2022<meta itemprop=\"interactionCount\" content=\"UserComments: <?php echo get_comments_number(qode_get_page_id()); ?>\"\/><\/span> \/ <a itemprop=\"url\" class=\"post_comments\" href=\"https:\/\/lifedivaqua.com\/en\/recuperar-la-conectividad-fluvial\/#respond\">No comment<\/a><\/div><\/div><\/article><article  class='post-1991 post type-post status-publish format-standard has-post-thumbnail hentry category-noticias-en tag-agua-en tag-anfibios-en tag-biodiversidad-en tag-conservacion-en tag-ecosistemas-acuaticos-en tag-herpetofauna-en tag-life-divaqua-en tag-picos-de-europa-en tag-programa-life-en tag-sensibilizacion-en '><div class=\"q_masonry_blog_post_image\"><a itemprop=\"url\" href=\"https:\/\/lifedivaqua.com\/en\/abrevaderos-compartidos-para-la-biodiversidad\/\" target=\"_self\"><img decoding=\"async\" itemprop=\"image\" src=\"https:\/\/lifedivaqua.com\/wp-content\/uploads\/2022\/10\/1666011095964.jpeg\" \/><\/a><\/div><div class=\"q_masonry_blog_post_text\"><h3 itemprop=\"name\" class=\"q_masonry_blog_title entry_title\"><a itemprop=\"url\" href=\"https:\/\/lifedivaqua.com\/en\/abrevaderos-compartidos-para-la-biodiversidad\/\">ABREVADEROS COMPARTIDOS PARA LA BIODIVERSIDAD<\/a><\/h3><p itemprop=\"description\" class=\"q_masonry_blog_excerpt\">Las acciones de restauraci\u00f3n de h\u00e1bitats acu\u00e1ticos asociadas a abrevaderos, impulsadas por LIFE DIVAQUA para conservar la biodiversidad, llegan a la vertiente c\u00e1ntabra de Picos de Europa para beneficio de las poblaciones de anfibios. Los abrevaderos se han desvelado como un recurso esencial para la......<\/p><div class=\"q_masonry_blog_post_info\"><span itemprop=\"dateCreated\" class=\"time entry_date updated\">17 October, 2022<meta itemprop=\"interactionCount\" content=\"UserComments: <?php echo get_comments_number(qode_get_page_id()); ?>\"\/><\/span> \/ <a itemprop=\"url\" class=\"post_comments\" href=\"https:\/\/lifedivaqua.com\/en\/abrevaderos-compartidos-para-la-biodiversidad\/#respond\">No comment<\/a><\/div><\/div><\/article><article  class='post-1879 post type-post status-publish format-standard has-post-thumbnail hentry category-noticias-en tag-anfibios-en tag-biodiversidad-en tag-conservacion-en tag-ecosistemas-acuaticos-en tag-fauna-en tag-hosteleros-en tag-jornada-en tag-life-divaqua-en tag-picos-de-europa-en tag-programa-life-en tag-sensibilizacion-en tag-servicios-turisticos-en tag-turismo-en '><div class=\"q_masonry_blog_post_image\"><a itemprop=\"url\" href=\"https:\/\/lifedivaqua.com\/en\/turismo-y-hosteleria-amigos-de-los-anfibios\/\" target=\"_self\"><img decoding=\"async\" itemprop=\"image\" src=\"https:\/\/lifedivaqua.com\/wp-content\/uploads\/2022\/10\/cartel_DVQ_hosteleria_RRSS.jpg\" \/><\/a><\/div><div class=\"q_masonry_blog_post_text\"><h3 itemprop=\"name\" class=\"q_masonry_blog_title entry_title\"><a itemprop=\"url\" href=\"https:\/\/lifedivaqua.com\/en\/turismo-y-hosteleria-amigos-de-los-anfibios\/\">TURISMO Y HOSTELER\u00cdA AMIGOS DE LOS ANFIBIOS<\/a><\/h3><p itemprop=\"description\" class=\"q_masonry_blog_excerpt\">Una nueva jornada de participaci\u00f3n y colaboraci\u00f3n DIVAQUA llega a Picos de Europa. Turismo y hosteler\u00eda pueden convertirse en servicios tur\u00edsticos amigos de los anfibios al divulgar sobre los valiosos ecosistemas acu\u00e1ticos de monta\u00f1a de Picos de Europa entre sus clientes. El mi\u00e9rcoles 19 de......<\/p><div class=\"q_masonry_blog_post_info\"><span itemprop=\"dateCreated\" class=\"time entry_date updated\">07 October, 2022<meta itemprop=\"interactionCount\" content=\"UserComments: <?php echo get_comments_number(qode_get_page_id()); ?>\"\/><\/span> \/ <a itemprop=\"url\" class=\"post_comments\" href=\"https:\/\/lifedivaqua.com\/en\/turismo-y-hosteleria-amigos-de-los-anfibios\/#respond\">No comment<\/a><\/div><\/div><\/article><article  class='post-2118 post type-post status-publish format-standard has-post-thumbnail hentry category-noticias-en tag-biodiversidad-en tag-boletin-2-en tag-cambio-climatico-en tag-conservacion-en tag-ecosistemas-acuaticos-en tag-life-divaqua-en tag-picos-de-europa-en tag-programa-life-en '><div class=\"q_masonry_blog_post_image\"><a itemprop=\"url\" href=\"https:\/\/lifedivaqua.com\/en\/nos-mojamos-por-los-anfibios\/\" target=\"_self\"><img decoding=\"async\" itemprop=\"image\" src=\"https:\/\/lifedivaqua.com\/wp-content\/uploads\/2022\/11\/boletin9DVQ_portada-scaled.jpg\" \/><\/a><\/div><div class=\"q_masonry_blog_post_text\"><h3 itemprop=\"name\" class=\"q_masonry_blog_title entry_title\"><a itemprop=\"url\" href=\"https:\/\/lifedivaqua.com\/en\/nos-mojamos-por-los-anfibios\/\">NOS MOJAMOS POR LOS ANFIBIOS<\/a><\/h3><p itemprop=\"description\" class=\"q_masonry_blog_excerpt\">Las monta\u00f1as de Picos de Europa han llegado a nuestros d\u00edas como una encrucijada de biodiversidad donde muchas especies de anfibios han encontrado h\u00e1bitats adecuados para vivir. Ante su estado de amenaza, en el nuevo bolet\u00edn LIFE DIVAQUA nos mojamos por su conservaci\u00f3n. Seg\u00fan la......<\/p><div class=\"q_masonry_blog_post_info\"><span itemprop=\"dateCreated\" class=\"time entry_date updated\">03 October, 2022<meta itemprop=\"interactionCount\" content=\"UserComments: <?php echo get_comments_number(qode_get_page_id()); ?>\"\/><\/span> \/ <a itemprop=\"url\" class=\"post_comments\" href=\"https:\/\/lifedivaqua.com\/en\/nos-mojamos-por-los-anfibios\/#respond\">No comment<\/a><\/div><\/div><\/article><article  class='post-1757 post type-post status-publish format-standard has-post-thumbnail hentry category-noticias-en tag-biodiversidad-en tag-ecosistemas-acuaticos-en tag-life-divaqua-en tag-picos-de-europa-en tag-programa-life-en tag-restauracion-fluvial-en '><div class=\"q_masonry_blog_post_image\"><a itemprop=\"url\" href=\"https:\/\/lifedivaqua.com\/en\/menos-obstaculos-fluviales-mas-habitat\/\" target=\"_self\"><img decoding=\"async\" itemprop=\"image\" src=\"https:\/\/lifedivaqua.com\/wp-content\/uploads\/2022\/09\/1663656690292.jpeg\" \/><\/a><\/div><div class=\"q_masonry_blog_post_text\"><h3 itemprop=\"name\" class=\"q_masonry_blog_title entry_title\"><a itemprop=\"url\" href=\"https:\/\/lifedivaqua.com\/en\/menos-obstaculos-fluviales-mas-habitat\/\">MENOS OBST\u00c1CULOS FLUVIALES M\u00c1S H\u00c1BITAT<\/a><\/h3><p itemprop=\"description\" class=\"q_masonry_blog_excerpt\">Con la nueva eliminaci\u00f3n de obst\u00e1culos fluviales en el r\u00edo Deva aumenta el \u00e1rea de distribuci\u00f3n de especies de inter\u00e9s comunitario como el salm\u00f3n atl\u00e1ntico en Picos de Europa. Facilitando a su vez los desplazamientos de otros peces migratorios como anguilas, s\u00e1balos, lampreas y truchas.......<\/p><div class=\"q_masonry_blog_post_info\"><span itemprop=\"dateCreated\" class=\"time entry_date updated\">20 September, 2022<meta itemprop=\"interactionCount\" content=\"UserComments: <?php echo get_comments_number(qode_get_page_id()); ?>\"\/><\/span> \/ <a itemprop=\"url\" class=\"post_comments\" href=\"https:\/\/lifedivaqua.com\/en\/menos-obstaculos-fluviales-mas-habitat\/#respond\">No comment<\/a><\/div><\/div><\/article><article  class='post-1755 post type-post status-publish format-standard has-post-thumbnail hentry category-noticias-en tag-biodiversidad-en tag-helecho-woodwardia-radicans-en tag-picos-de-europa-en tag-programa-life-en tag-restauracion-fluvial-en '><div class=\"q_masonry_blog_post_image\"><a itemprop=\"url\" href=\"https:\/\/lifedivaqua.com\/en\/mas-helechos-unicos\/\" target=\"_self\"><img decoding=\"async\" itemprop=\"image\" src=\"https:\/\/lifedivaqua.com\/wp-content\/uploads\/2022\/09\/1662747724649.jpeg\" \/><\/a><\/div><div class=\"q_masonry_blog_post_text\"><h3 itemprop=\"name\" class=\"q_masonry_blog_title entry_title\"><a itemprop=\"url\" href=\"https:\/\/lifedivaqua.com\/en\/mas-helechos-unicos\/\">M\u00c1S HELECHOS \u00daNICOS<\/a><\/h3><p itemprop=\"description\" class=\"q_masonry_blog_excerpt\">Al comprobar el estado de las seis colonias del helecho Woodwardia radicans que plantamos hace un a\u00f1o descubrimos m\u00e1s helechos \u00fanicos. Los ejemplares plantados han sido capaces de reproducirse generando nuevos bulbilos. En septiembre hemos descubierto m\u00e1s helechos \u00fanicos de Picos de Europa. Ha sido......<\/p><div class=\"q_masonry_blog_post_info\"><span itemprop=\"dateCreated\" class=\"time entry_date updated\">05 September, 2022<meta itemprop=\"interactionCount\" content=\"UserComments: <?php echo get_comments_number(qode_get_page_id()); ?>\"\/><\/span> \/ <a itemprop=\"url\" class=\"post_comments\" href=\"https:\/\/lifedivaqua.com\/en\/mas-helechos-unicos\/#respond\">No comment<\/a><\/div><\/div><\/article><article  class='post-1730 post type-post status-publish format-standard has-post-thumbnail hentry category-noticias-en tag-biodiversidad-en tag-conservacion-en tag-ecosistemas-acuaticos-en tag-picos-de-europa-en tag-programa-life-en tag-sensibilizacion-en tag-turismo-de-naturaleza-en '><div class=\"q_masonry_blog_post_image\"><a itemprop=\"url\" href=\"https:\/\/lifedivaqua.com\/en\/un-verano-de-turismo-de-naturaleza\/\" target=\"_self\"><img decoding=\"async\" itemprop=\"image\" src=\"https:\/\/lifedivaqua.com\/wp-content\/uploads\/2022\/07\/boletin8_julio2022_portada-scaled.jpg\" \/><\/a><\/div><div class=\"q_masonry_blog_post_text\"><h3 itemprop=\"name\" class=\"q_masonry_blog_title entry_title\"><a itemprop=\"url\" href=\"https:\/\/lifedivaqua.com\/en\/un-verano-de-turismo-de-naturaleza\/\">UN VERANO DE TURISMO DE NATURALEZA<\/a><\/h3><p itemprop=\"description\" class=\"q_masonry_blog_excerpt\">El verano llega cargado de turismo de naturaleza, no solo porque sea la estaci\u00f3n en la que se convierte en una de las principales actividades socioecon\u00f3micas en Picos de Europa sino porque es el tema central del nuevo bolet\u00edn DIVAQUA. Espa\u00f1a es el pa\u00eds que......<\/p><div class=\"q_masonry_blog_post_info\"><span itemprop=\"dateCreated\" class=\"time entry_date updated\">04 August, 2022<meta itemprop=\"interactionCount\" content=\"UserComments: <?php echo get_comments_number(qode_get_page_id()); ?>\"\/><\/span> \/ <a itemprop=\"url\" class=\"post_comments\" href=\"https:\/\/lifedivaqua.com\/en\/un-verano-de-turismo-de-naturaleza\/#respond\">No comment<\/a><\/div><\/div><\/article><article  class='post-1641 post type-post status-publish format-standard has-post-thumbnail hentry category-noticias-en tag-agua-en tag-biodiversidad-en tag-cambio-climatico-en tag-conservacion-en tag-divulgacion-2-en tag-ecosistemas-acuaticos-en tag-life-divaqua-en tag-picos-de-europa-en tag-programa-life-en tag-sensibilizacion-en '><div class=\"q_masonry_blog_post_image\"><a itemprop=\"url\" href=\"https:\/\/lifedivaqua.com\/en\/videos-refrescando-actitudes-ambientales\/\" target=\"_self\"><img decoding=\"async\" itemprop=\"image\" src=\"https:\/\/lifedivaqua.com\/wp-content\/uploads\/2022\/08\/1659350854610.jpeg\" \/><\/a><\/div><div class=\"q_masonry_blog_post_text\"><h3 itemprop=\"name\" class=\"q_masonry_blog_title entry_title\"><a itemprop=\"url\" href=\"https:\/\/lifedivaqua.com\/en\/videos-refrescando-actitudes-ambientales\/\">V\u00cdDEOS QUE REFRESCAN ACTITUDES AMBIENTALES<\/a><\/h3><p itemprop=\"description\" class=\"q_masonry_blog_excerpt\">Tres nuevos v\u00eddeos realizados por LIFE DIVAQUA sobre el agua, sus usos y la problem\u00e1tica a la que se enfrenta la diversidad biol\u00f3gica que depende de ella directamente en Picos de Europa han comenzado a difundirse desde los centros de interpretaci\u00f3n del parque nacional. El......<\/p><div class=\"q_masonry_blog_post_info\"><span itemprop=\"dateCreated\" class=\"time entry_date updated\">01 August, 2022<meta itemprop=\"interactionCount\" content=\"UserComments: <?php echo get_comments_number(qode_get_page_id()); ?>\"\/><\/span> \/ <a itemprop=\"url\" class=\"post_comments\" href=\"https:\/\/lifedivaqua.com\/en\/videos-refrescando-actitudes-ambientales\/#respond\">No comment<\/a><\/div><\/div><\/article><article  class='post-1611 post type-post status-publish format-standard has-post-thumbnail hentry category-noticias-en tag-biodiversidad-en tag-ecosistemas-acuaticos-en tag-habitats-en tag-life-divaqua-en tag-picos-de-europa-en tag-programa-life-en tag-red-natura-2000-en '><div class=\"q_masonry_blog_post_image\"><a itemprop=\"url\" href=\"https:\/\/lifedivaqua.com\/en\/quien-vive-aqui\/\" target=\"_self\"><img decoding=\"async\" itemprop=\"image\" src=\"https:\/\/lifedivaqua.com\/wp-content\/uploads\/2022\/07\/Desplegable1203559.png\" \/><\/a><\/div><div class=\"q_masonry_blog_post_text\"><h3 itemprop=\"name\" class=\"q_masonry_blog_title entry_title\"><a itemprop=\"url\" href=\"https:\/\/lifedivaqua.com\/en\/quien-vive-aqui\/\">QUI\u00c9N VIVE AQU\u00cd<\/a><\/h3><p itemprop=\"description\" class=\"q_masonry_blog_excerpt\">Una gu\u00eda en pr\u00e1ctico formato es el nuevo material divulgativo que DIVAQUA ha elaborado para fomentar entre los vecinos y visitantes del parque nacional la familiarizaci\u00f3n con las especies y h\u00e1bitats de inter\u00e9s comunitario de Picos de Europa relacionados con los ecosistemas acu\u00e1ticos de monta\u00f1a.......<\/p><div class=\"q_masonry_blog_post_info\"><span itemprop=\"dateCreated\" class=\"time entry_date updated\">10 July, 2022<meta itemprop=\"interactionCount\" content=\"UserComments: <?php echo get_comments_number(qode_get_page_id()); ?>\"\/><\/span> \/ <a itemprop=\"url\" class=\"post_comments\" href=\"https:\/\/lifedivaqua.com\/en\/quien-vive-aqui\/#respond\">No comment<\/a><\/div><\/div><\/article><article  class='post-1601 post type-post status-publish format-standard has-post-thumbnail hentry category-noticias-en tag-biodiversidad-en tag-conservacion-en tag-custodia-del-territorio-en tag-directiva-aves-en tag-directiva-habitats-2-en tag-life-divaqua-en tag-picos-de-europa-en tag-red-natura-2000-en tag-restauracion-fluvial-en '><div class=\"q_masonry_blog_post_image\"><a itemprop=\"url\" href=\"https:\/\/lifedivaqua.com\/en\/un-ano-mas-por-la-conservacion\/\" target=\"_self\"><img decoding=\"async\" itemprop=\"image\" src=\"https:\/\/lifedivaqua.com\/wp-content\/uploads\/2022\/07\/1657566415570.jpeg\" \/><\/a><\/div><div class=\"q_masonry_blog_post_text\"><h3 itemprop=\"name\" class=\"q_masonry_blog_title entry_title\"><a itemprop=\"url\" href=\"https:\/\/lifedivaqua.com\/en\/un-ano-mas-por-la-conservacion\/\">UN A\u00d1O M\u00c1S POR LA CONSERVACI\u00d3N<\/a><\/h3><p itemprop=\"description\" class=\"q_masonry_blog_excerpt\">En Picos de Europa, las actuaciones por la conservaci\u00f3n de su biodiversidad realizadas por DIVAQUA ya muestran la estrategia europea para la restauraci\u00f3n de h\u00e1bitats y especies amenazadas de los ecosistemas acu\u00e1ticos de monta\u00f1a. As\u00ed lo hemos presentado en la reuni\u00f3n de seguimiento del proyecto.......<\/p><div class=\"q_masonry_blog_post_info\"><span itemprop=\"dateCreated\" class=\"time entry_date updated\">30 June, 2022<meta itemprop=\"interactionCount\" content=\"UserComments: <?php echo get_comments_number(qode_get_page_id()); ?>\"\/><\/span> \/ <a itemprop=\"url\" class=\"post_comments\" href=\"https:\/\/lifedivaqua.com\/en\/un-ano-mas-por-la-conservacion\/#respond\">No comment<\/a><\/div><\/div><\/article><article  class='post-1591 post type-post status-publish format-standard has-post-thumbnail hentry category-noticias-en tag-biodiversidad-en tag-conservacion-en tag-especies-amenazadas-en tag-fauna-en tag-ictiologia-en tag-life-divaqua-en tag-peces-en tag-picos-de-europa-en tag-red-natura-2000-en '><div class=\"q_masonry_blog_post_image\"><a itemprop=\"url\" href=\"https:\/\/lifedivaqua.com\/en\/peces-de-montana-a-salvo\/\" target=\"_self\"><img decoding=\"async\" itemprop=\"image\" src=\"https:\/\/lifedivaqua.com\/wp-content\/uploads\/2022\/07\/SIBIC-2022_LIFE-DIVAQUA.jpeg\" \/><\/a><\/div><div class=\"q_masonry_blog_post_text\"><h3 itemprop=\"name\" class=\"q_masonry_blog_title entry_title\"><a itemprop=\"url\" href=\"https:\/\/lifedivaqua.com\/en\/peces-de-montana-a-salvo\/\">PECES DE MONTA\u00d1A A SALVO<\/a><\/h3><p itemprop=\"description\" class=\"q_masonry_blog_excerpt\">En el IX Congreso de Ictiolog\u00eda SIBIC 2022 celebrado en la ciudad de Oporto a finales de junio, DIVAQUA ha presentado sus avances por la conservaci\u00f3n de las especies pisc\u00edcolas amenazadas y en peligro de extinci\u00f3n de Picos de Europa. El mundo cient\u00edfico se ha......<\/p><div class=\"q_masonry_blog_post_info\"><span itemprop=\"dateCreated\" class=\"time entry_date updated\">26 June, 2022<meta itemprop=\"interactionCount\" content=\"UserComments: <?php echo get_comments_number(qode_get_page_id()); ?>\"\/><\/span> \/ <a itemprop=\"url\" class=\"post_comments\" href=\"https:\/\/lifedivaqua.com\/en\/peces-de-montana-a-salvo\/#respond\">No comment<\/a><\/div><\/div><\/article><article  class='post-1584 post type-post status-publish format-standard has-post-thumbnail hentry category-noticias-en tag-agua-en tag-biodiversidad-en tag-conservacion-en tag-ecosistemas-acuaticos-en tag-espinama-en tag-fuente-de-en tag-life-divaqua-en tag-manantial-en tag-parador-de-turismo-en tag-picos-de-europa-en tag-programa-life-en '><div class=\"q_masonry_blog_post_image\"><a itemprop=\"url\" href=\"https:\/\/lifedivaqua.com\/en\/un-manantial-con-vecinos-protectores\/\" target=\"_self\"><img decoding=\"async\" itemprop=\"image\" src=\"https:\/\/lifedivaqua.com\/wp-content\/uploads\/2022\/06\/1654620279564-scaled.jpeg\" \/><\/a><\/div><div class=\"q_masonry_blog_post_text\"><h3 itemprop=\"name\" class=\"q_masonry_blog_title entry_title\"><a itemprop=\"url\" href=\"https:\/\/lifedivaqua.com\/en\/un-manantial-con-vecinos-protectores\/\">UN MANANTIAL CON VECINOS PROTECTORES<\/a><\/h3><p itemprop=\"description\" class=\"q_masonry_blog_excerpt\">Los vecinos del concejo de Espinama, como propietarios del territorio donde surge el manantial de Fuente D\u00e9, est\u00e1n dispuestos a restaurar su entorno, en colaboraci\u00f3n con LIFE DIVAQUA. As\u00ed lo hicieron saber votando a favor en concejo. Las medidas de restauraci\u00f3n ambiental favorecer\u00e1n una ganader\u00eda......<\/p><div class=\"q_masonry_blog_post_info\"><span itemprop=\"dateCreated\" class=\"time entry_date updated\">27 May, 2022<meta itemprop=\"interactionCount\" content=\"UserComments: <?php echo get_comments_number(qode_get_page_id()); ?>\"\/><\/span> \/ <a itemprop=\"url\" class=\"post_comments\" href=\"https:\/\/lifedivaqua.com\/en\/un-manantial-con-vecinos-protectores\/#respond\">No comment<\/a><\/div><\/div><\/article><article  class='post-1574 post type-post status-publish format-standard has-post-thumbnail hentry category-noticias-en tag-agua-en tag-bosques-de-ribera-en tag-cambio-climatico-en tag-ecosistemas-acuaticos-en tag-life-divaqua-en tag-picos-de-europa-en tag-programa-life-en tag-restauracion-fluvial-en tag-taller-tematico-en '><div class=\"q_masonry_blog_post_image\"><a itemprop=\"url\" href=\"https:\/\/lifedivaqua.com\/en\/echando-raices-con-el-bosque-de-ribera\/\" target=\"_self\"><img decoding=\"async\" itemprop=\"image\" src=\"https:\/\/lifedivaqua.com\/wp-content\/uploads\/2022\/05\/IMG_20220510_181015-scaled.jpg\" \/><\/a><\/div><div class=\"q_masonry_blog_post_text\"><h3 itemprop=\"name\" class=\"q_masonry_blog_title entry_title\"><a itemprop=\"url\" href=\"https:\/\/lifedivaqua.com\/en\/echando-raices-con-el-bosque-de-ribera\/\">ECHANDO RA\u00cdCES CON EL BOSQUE DE RIBERA<\/a><\/h3><p itemprop=\"description\" class=\"q_masonry_blog_excerpt\">La celebraci\u00f3n del taller tem\u00e1tico \u201cBosques de ribera, guardianes de nuestros r\u00edos\u201d en Cabrales ha avivado la participaci\u00f3n social y la conciencia vecinal al mostrar sobre el terreno los importantes servicios ecosist\u00e9micos que los bosques de ribera prestan en \u00e1reas de monta\u00f1a como Picos de......<\/p><div class=\"q_masonry_blog_post_info\"><span itemprop=\"dateCreated\" class=\"time entry_date updated\">19 May, 2022<meta itemprop=\"interactionCount\" content=\"UserComments: <?php echo get_comments_number(qode_get_page_id()); ?>\"\/><\/span> \/ <a itemprop=\"url\" class=\"post_comments\" href=\"https:\/\/lifedivaqua.com\/en\/echando-raices-con-el-bosque-de-ribera\/#respond\">No comment<\/a><\/div><\/div><\/article><article  class='post-1566 post type-post status-publish format-standard has-post-thumbnail hentry category-noticias-en tag-agua-en tag-conservacion-en tag-ecosistemas-acuaticos-en tag-life-divaqua-en tag-picos-de-europa-en tag-programa-life-en tag-restauracion-fluvial-en '><div class=\"q_masonry_blog_post_image\"><a itemprop=\"url\" href=\"https:\/\/lifedivaqua.com\/en\/bosques-contra-la-erosion\/\" target=\"_self\"><img decoding=\"async\" itemprop=\"image\" src=\"https:\/\/lifedivaqua.com\/wp-content\/uploads\/2022\/05\/deva-river-in-cantabria-of-spain-scaled-1.jpg\" \/><\/a><\/div><div class=\"q_masonry_blog_post_text\"><h3 itemprop=\"name\" class=\"q_masonry_blog_title entry_title\"><a itemprop=\"url\" href=\"https:\/\/lifedivaqua.com\/en\/bosques-contra-la-erosion\/\">BOSQUES CONTRA LA EROSI\u00d3N<\/a><\/h3><p itemprop=\"description\" class=\"q_masonry_blog_excerpt\">Los bosques de monta\u00f1a juegan un papel esencial ante las alteraciones que la erosi\u00f3n provoca en los ecosistemas acu\u00e1ticos. Elegir a futuro los mejores bosques contribuir\u00e1 a proteger los humedales de Picos de Europa tal como ha investigado un equipo del IH Cantabria, coordinador de......<\/p><div class=\"q_masonry_blog_post_info\"><span itemprop=\"dateCreated\" class=\"time entry_date updated\">16 May, 2022<meta itemprop=\"interactionCount\" content=\"UserComments: <?php echo get_comments_number(qode_get_page_id()); ?>\"\/><\/span> \/ <a itemprop=\"url\" class=\"post_comments\" href=\"https:\/\/lifedivaqua.com\/en\/bosques-contra-la-erosion\/#respond\">No comment<\/a><\/div><\/div><\/article><article  class='post-1559 post type-post status-publish format-standard has-post-thumbnail hentry category-noticias-en tag-asturias-2-en tag-cabrales-en tag-conservacion-en tag-custodia-del-territorio-en tag-life-divaqua-en tag-parque-nacional-en tag-picos-de-europa-en tag-restauracion-fluvial-en '><div class=\"q_masonry_blog_post_image\"><a itemprop=\"url\" href=\"https:\/\/lifedivaqua.com\/en\/estrategia-para-el-buen-uso-de-un-rio\/\" target=\"_self\"><img decoding=\"async\" itemprop=\"image\" src=\"https:\/\/lifedivaqua.com\/wp-content\/uploads\/2022\/05\/1652377227672.jpeg\" \/><\/a><\/div><div class=\"q_masonry_blog_post_text\"><h3 itemprop=\"name\" class=\"q_masonry_blog_title entry_title\"><a itemprop=\"url\" href=\"https:\/\/lifedivaqua.com\/en\/estrategia-para-el-buen-uso-de-un-rio\/\">ESTRATEGIA PARA EL BUEN USO DE UN R\u00cdO<\/a><\/h3><p itemprop=\"description\" class=\"q_masonry_blog_excerpt\">Los habitantes del asturiano concejo de Cabrales se apuntan a conservar el entorno fluvial del r\u00edo Casa\u00f1o gracias a un acuerdo de custodia del territorio establecido entre el Ayuntamiento de Cabrales y LIFE DIVAQUA para as\u00ed contribuir a la conservaci\u00f3n de los ecosistemas acu\u00e1ticos de......<\/p><div class=\"q_masonry_blog_post_info\"><span itemprop=\"dateCreated\" class=\"time entry_date updated\">12 May, 2022<meta itemprop=\"interactionCount\" content=\"UserComments: <?php echo get_comments_number(qode_get_page_id()); ?>\"\/><\/span> \/ <a itemprop=\"url\" class=\"post_comments\" href=\"https:\/\/lifedivaqua.com\/en\/estrategia-para-el-buen-uso-de-un-rio\/#respond\">No comment<\/a><\/div><\/div><\/article><article  class='post-1516 post type-post status-publish format-standard has-post-thumbnail hentry category-noticias-en tag-arenas-de-cabrales-en tag-biodiversidad-en tag-conservacion-en tag-ecosistemas-acuaticos-en tag-life-divaqua-en tag-life-programme-2-en tag-picos-de-europa-en tag-programa-life-en tag-restauracion-fluvial-en tag-taller-tematico-en '><div class=\"q_masonry_blog_post_image\"><a itemprop=\"url\" href=\"https:\/\/lifedivaqua.com\/en\/taller-bosques-de-ribera-guardianes-de-nuestros-rios\/\" target=\"_self\"><img decoding=\"async\" itemprop=\"image\" src=\"https:\/\/lifedivaqua.com\/wp-content\/uploads\/2022\/04\/cartel_DVQ_bosque-scaled.jpg\" \/><\/a><\/div><div class=\"q_masonry_blog_post_text\"><h3 itemprop=\"name\" class=\"q_masonry_blog_title entry_title\"><a itemprop=\"url\" href=\"https:\/\/lifedivaqua.com\/en\/taller-bosques-de-ribera-guardianes-de-nuestros-rios\/\">TALLER BOSQUES DE RIBERA: GUARDIANES DE NUESTROS R\u00cdOS<\/a><\/h3><p itemprop=\"description\" class=\"q_masonry_blog_excerpt\">La divulgaci\u00f3n en aspectos ambientales de Picos de Europa que LIFE DIVAQUA est\u00e1 desarrollando entre la poblaci\u00f3n local y agentes socioecon\u00f3micos del parque nacional tiene al bosque de ribera como protagonista del pr\u00f3ximo taller tem\u00e1tico que se impartir\u00e1 el 10 de mayo en Arenas de......<\/p><div class=\"q_masonry_blog_post_info\"><span itemprop=\"dateCreated\" class=\"time entry_date updated\">26 April, 2022<meta itemprop=\"interactionCount\" content=\"UserComments: <?php echo get_comments_number(qode_get_page_id()); ?>\"\/><\/span> \/ <a itemprop=\"url\" class=\"post_comments\" href=\"https:\/\/lifedivaqua.com\/en\/taller-bosques-de-ribera-guardianes-de-nuestros-rios\/#respond\">No comment<\/a><\/div><\/div><\/article><article  class='post-1511 post type-post status-publish format-standard has-post-thumbnail hentry category-noticias-en tag-conservacion-en tag-ecosistemas-acuaticos-en tag-formacion-en tag-life-divaqua-en tag-participacion-ciudadana-en tag-picos-de-europa-en tag-programa-life-en tag-sensibilizacion-en tag-talleres-en '><div class=\"q_masonry_blog_post_image\"><a itemprop=\"url\" href=\"https:\/\/lifedivaqua.com\/en\/sensibilizar-para-conservar\/\" target=\"_self\"><img decoding=\"async\" itemprop=\"image\" src=\"https:\/\/lifedivaqua.com\/wp-content\/uploads\/2022\/04\/1650991588982.jpeg\" \/><\/a><\/div><div class=\"q_masonry_blog_post_text\"><h3 itemprop=\"name\" class=\"q_masonry_blog_title entry_title\"><a itemprop=\"url\" href=\"https:\/\/lifedivaqua.com\/en\/sensibilizar-para-conservar\/\">SENSIBILIZAR PARA CONSERVAR<\/a><\/h3><p itemprop=\"description\" class=\"q_masonry_blog_excerpt\">Con una notable participaci\u00f3n llegan a su fin &nbsp;los 5 talleres de sensibilizaci\u00f3n y formaci\u00f3n DIVAQUA. Conforman una de las etapas m\u00e1s estimulantes para la poblaci\u00f3n local como reacci\u00f3n a la situaci\u00f3n actual de conservaci\u00f3n y por un&nbsp; futuro sostenible de los ecosistemas acu\u00e1ticos de......<\/p><div class=\"q_masonry_blog_post_info\"><span itemprop=\"dateCreated\" class=\"time entry_date updated\">22 April, 2022<meta itemprop=\"interactionCount\" content=\"UserComments: <?php echo get_comments_number(qode_get_page_id()); ?>\"\/><\/span> \/ <a itemprop=\"url\" class=\"post_comments\" href=\"https:\/\/lifedivaqua.com\/en\/sensibilizar-para-conservar\/#respond\">No comment<\/a><\/div><\/div><\/article><article  class='post-2277 post type-post status-publish format-standard has-post-thumbnail hentry category-noticias-en tag-agua-en tag-biodiversidad-en tag-boletin-2-en tag-conservacion-en tag-ecosistemas-acuaticos-en tag-life-divaqua-en tag-participacion-ciudadana-2-en tag-picos-de-europa-en tag-programa-life-en tag-sensibilizacion-en '><div class=\"q_masonry_blog_post_image\"><a itemprop=\"url\" href=\"https:\/\/lifedivaqua.com\/en\/compromiso-con-el-entorno\/\" target=\"_self\"><img decoding=\"async\" itemprop=\"image\" src=\"https:\/\/lifedivaqua.com\/wp-content\/uploads\/2022\/04\/4161c6cfcd534d6299aebeb6759c272f-0001-scaled.jpg\" \/><\/a><\/div><div class=\"q_masonry_blog_post_text\"><h3 itemprop=\"name\" class=\"q_masonry_blog_title entry_title\"><a itemprop=\"url\" href=\"https:\/\/lifedivaqua.com\/en\/compromiso-con-el-entorno\/\">COMPROMISO CON EL ENTORNO<\/a><\/h3><p itemprop=\"description\" class=\"q_masonry_blog_excerpt\">El nuevo bolet\u00edn DIVAQUA destaca el compromiso de la sociedad con el entorno natural como sostienen las m\u00e1s actuales estrategias de conservaci\u00f3n de la biodiversidad. La sociedad implicada en la gesti\u00f3n de su entorno es uno de los objetivos que LIFE DIVAQUA promueve para involucrar......<\/p><div class=\"q_masonry_blog_post_info\"><span itemprop=\"dateCreated\" class=\"time entry_date updated\">04 April, 2022<meta itemprop=\"interactionCount\" content=\"UserComments: <?php echo get_comments_number(qode_get_page_id()); ?>\"\/><\/span> \/ <a itemprop=\"url\" class=\"post_comments\" href=\"https:\/\/lifedivaqua.com\/en\/compromiso-con-el-entorno\/#respond\">No comment<\/a><\/div><\/div><\/article><article  class='post-1490 post type-post status-publish format-standard has-post-thumbnail hentry category-noticias-en tag-agua-en tag-biodiversidad-en tag-cambio-climatico-en tag-conservacion-en tag-ecosistemas-acuaticos-en tag-life-divaqua-en tag-life-programme-2-en tag-life-proyecto-en tag-picos-de-europa-en tag-programa-life-en tag-sensibilizacion-en tag-taller-formativo-en '><div class=\"q_masonry_blog_post_image\"><a itemprop=\"url\" href=\"https:\/\/lifedivaqua.com\/en\/taller-con-anfibios-conocer-y-conservar-en-picos-de-europa\/\" target=\"_self\"><img decoding=\"async\" itemprop=\"image\" src=\"https:\/\/lifedivaqua.com\/wp-content\/uploads\/2022\/03\/cartel_DVQ_5ABRIL_Anfibios_2.jpg\" \/><\/a><\/div><div class=\"q_masonry_blog_post_text\"><h3 itemprop=\"name\" class=\"q_masonry_blog_title entry_title\"><a itemprop=\"url\" href=\"https:\/\/lifedivaqua.com\/en\/taller-con-anfibios-conocer-y-conservar-en-picos-de-europa\/\">TALLER CON ANFIBIOS, CONOCER Y CONSERVAR EN PICOS DE EUROPA<\/a><\/h3><p itemprop=\"description\" class=\"q_masonry_blog_excerpt\">La formaci\u00f3n en aspectos ambientales regresa a Picos de Europa de la mano del taller \u201cCON ANFIBIOS: conocer y conservar en Picos de Europa\u201d para sensibilizar sobre la gesti\u00f3n sostenible de los ecosistemas acu\u00e1ticos que permita la conservaci\u00f3n de los anfibios m\u00e1s valiosos del parque......<\/p><div class=\"q_masonry_blog_post_info\"><span itemprop=\"dateCreated\" class=\"time entry_date updated\">23 March, 2022<meta itemprop=\"interactionCount\" content=\"UserComments: <?php echo get_comments_number(qode_get_page_id()); ?>\"\/><\/span> \/ <a itemprop=\"url\" class=\"post_comments\" href=\"https:\/\/lifedivaqua.com\/en\/taller-con-anfibios-conocer-y-conservar-en-picos-de-europa\/#respond\">No comment<\/a><\/div><\/div><\/article><article  class='post-1470 post type-post status-publish format-standard has-post-thumbnail hentry category-noticias-en tag-bosque-de-ribera-en tag-dia-internacional-de-los-rios-en tag-ecosistemas-acuaticos-en tag-jornada-en tag-life-programa-en tag-participacion-en tag-picos-de-europa-en tag-poo-de-cabrales-en tag-proyecto-life-en tag-rios-en tag-sensibilizacion-en tag-voluntariado-medioambiental-en '><div class=\"q_masonry_blog_post_image\"><a itemprop=\"url\" href=\"https:\/\/lifedivaqua.com\/en\/el-rio-casano-se-suma-al-dia-internacional-de-los-rios\/\" target=\"_self\"><img decoding=\"async\" itemprop=\"image\" src=\"https:\/\/lifedivaqua.com\/wp-content\/uploads\/2022\/03\/Voluntariado-ambiental-rio-Casano.jpg\" \/><\/a><\/div><div class=\"q_masonry_blog_post_text\"><h3 itemprop=\"name\" class=\"q_masonry_blog_title entry_title\"><a itemprop=\"url\" href=\"https:\/\/lifedivaqua.com\/en\/el-rio-casano-se-suma-al-dia-internacional-de-los-rios\/\">EL R\u00cdO CASA\u00d1O SE SUMA AL D\u00cdA INTERNACIONAL DE LOS R\u00cdOS<\/a><\/h3><p itemprop=\"description\" class=\"q_masonry_blog_excerpt\">Gracias a una notable participaci\u00f3n vecinal, una jornada de voluntariado ambiental se convirti\u00f3 en una recogida de 2.500 kilos de basura en apenas un kil\u00f3metro de ribera del r\u00edo Casa\u00f1o, un esfuerzo de participaci\u00f3n que anima a celebrar el D\u00eda Internacional de los R\u00edos. En......<\/p><div class=\"q_masonry_blog_post_info\"><span itemprop=\"dateCreated\" class=\"time entry_date updated\">14 March, 2022<meta itemprop=\"interactionCount\" content=\"UserComments: <?php echo get_comments_number(qode_get_page_id()); ?>\"\/><\/span> \/ <a itemprop=\"url\" class=\"post_comments\" href=\"https:\/\/lifedivaqua.com\/en\/el-rio-casano-se-suma-al-dia-internacional-de-los-rios\/#respond\">No comment<\/a><\/div><\/div><\/article><article  class='post-1528 post type-post status-publish format-standard has-post-thumbnail hentry category-noticias-en tag-agua-en tag-biodiversidad-en tag-conservacion-en tag-ecosistemas-acuaticos-en tag-life-divaqua-en tag-picos-de-europa-en tag-programa-life-en tag-restauracion-fluvial-en tag-sensibilizacion-en '><div class=\"q_masonry_blog_post_image\"><a itemprop=\"url\" href=\"https:\/\/lifedivaqua.com\/en\/todos-podemos-cuidar-nuestros-rios\/\" target=\"_self\"><img decoding=\"async\" itemprop=\"image\" src=\"https:\/\/lifedivaqua.com\/wp-content\/uploads\/2022\/04\/1650999305875.jpeg\" \/><\/a><\/div><div class=\"q_masonry_blog_post_text\"><h3 itemprop=\"name\" class=\"q_masonry_blog_title entry_title\"><a itemprop=\"url\" href=\"https:\/\/lifedivaqua.com\/en\/todos-podemos-cuidar-nuestros-rios\/\">TODOS PODEMOS CUIDAR NUESTROS R\u00cdOS<\/a><\/h3><p itemprop=\"description\" class=\"q_masonry_blog_excerpt\">La realizaci\u00f3n del taller \u201cReconectando los r\u00edos de Picos de Europa\u201d despierta un gran inter\u00e9s entre los asistentes por formar parte como ciudadan\u00eda de las acciones de conservaci\u00f3n en los ecosistemas acu\u00e1ticos de monta\u00f1a. Una gesti\u00f3n sostenible de los ecosistemas acu\u00e1ticos continentales y de los......<\/p><div class=\"q_masonry_blog_post_info\"><span itemprop=\"dateCreated\" class=\"time entry_date updated\">10 March, 2022<meta itemprop=\"interactionCount\" content=\"UserComments: <?php echo get_comments_number(qode_get_page_id()); ?>\"\/><\/span> \/ <a itemprop=\"url\" class=\"post_comments\" href=\"https:\/\/lifedivaqua.com\/en\/todos-podemos-cuidar-nuestros-rios\/#respond\">No comment<\/a><\/div><\/div><\/article><article  class='post-1461 post type-post status-publish format-standard has-post-thumbnail hentry category-noticias-en tag-aliva-en tag-biodiversidad-en tag-cantabria-en tag-conservacion-en tag-conservacion-directiva-habitats-en tag-ecosistemas-acuaticos-en tag-ganaderia-extensiva-en tag-humedales-en tag-montana-en tag-picos-de-europa-en tag-programa-life-en '><div class=\"q_masonry_blog_post_image\"><a itemprop=\"url\" href=\"https:\/\/lifedivaqua.com\/en\/ganaderia-y-humedales-necesidades-encontradas\/\" target=\"_self\"><img decoding=\"async\" itemprop=\"image\" src=\"https:\/\/lifedivaqua.com\/wp-content\/uploads\/2022\/03\/IMG-20220301-WA0014-02.jpeg\" \/><\/a><\/div><div class=\"q_masonry_blog_post_text\"><h3 itemprop=\"name\" class=\"q_masonry_blog_title entry_title\"><a itemprop=\"url\" href=\"https:\/\/lifedivaqua.com\/en\/ganaderia-y-humedales-necesidades-encontradas\/\">GANADER\u00cdA Y HUMEDALES, NECESIDADES ENCONTRADAS<\/a><\/h3><p itemprop=\"description\" class=\"q_masonry_blog_excerpt\">La visita a los puertos de \u00c1liva, en compa\u00f1\u00eda de representantes de administraciones locales, propietarios del territorio y de los ganaderos, impulsa la conservaci\u00f3n de algunos de los humedales con mayor inter\u00e9s europeo de Picos de Europa. La participaci\u00f3n de los actores locales en la......<\/p><div class=\"q_masonry_blog_post_info\"><span itemprop=\"dateCreated\" class=\"time entry_date updated\">07 March, 2022<meta itemprop=\"interactionCount\" content=\"UserComments: <?php echo get_comments_number(qode_get_page_id()); ?>\"\/><\/span> \/ <a itemprop=\"url\" class=\"post_comments\" href=\"https:\/\/lifedivaqua.com\/en\/ganaderia-y-humedales-necesidades-encontradas\/#respond\">No comment<\/a><\/div><\/div><\/article><article  class='post-1433 post type-post status-publish format-standard has-post-thumbnail hentry category-noticias-en tag-asturias-2-en tag-concejo-de-cabrales-en tag-ecosistemas-acuaticos-en tag-jornada-medioambiental-en tag-life-divaqua-en tag-participacion-en tag-picos-de-europa-en tag-programa-life-en tag-rios-en tag-voluntariado-en '><div class=\"q_masonry_blog_post_image\"><a itemprop=\"url\" href=\"https:\/\/lifedivaqua.com\/en\/12-marzo-vamos-a-limpiar-el-rio-casano\/\" target=\"_self\"><img decoding=\"async\" itemprop=\"image\" src=\"https:\/\/lifedivaqua.com\/wp-content\/uploads\/2022\/03\/Jornada-vecinal-limpieza-rio-Casano_12032022-scaled.jpg\" \/><\/a><\/div><div class=\"q_masonry_blog_post_text\"><h3 itemprop=\"name\" class=\"q_masonry_blog_title entry_title\"><a itemprop=\"url\" href=\"https:\/\/lifedivaqua.com\/en\/12-marzo-vamos-a-limpiar-el-rio-casano\/\">12 MARZO, VAMOS A LIMPIAR EL R\u00cdO CASA\u00d1O<\/a><\/h3><p itemprop=\"description\" class=\"q_masonry_blog_excerpt\">Por iniciativa vecinal, el s\u00e1bado 12 de marzo, se va a desarrollar una jornada de voluntariado ambiental para limpiar el r\u00edo Casa\u00f1o a su paso por Poo &nbsp;de Cabrales. El r\u00edo Casa\u00f1o al atravesar el concejo de Cabrales es el causante de la abrupta geograf\u00eda......<\/p><div class=\"q_masonry_blog_post_info\"><span itemprop=\"dateCreated\" class=\"time entry_date updated\">03 March, 2022<meta itemprop=\"interactionCount\" content=\"UserComments: <?php echo get_comments_number(qode_get_page_id()); ?>\"\/><\/span> \/ <a itemprop=\"url\" class=\"post_comments\" href=\"https:\/\/lifedivaqua.com\/en\/12-marzo-vamos-a-limpiar-el-rio-casano\/#respond\">No comment<\/a><\/div><\/div><\/article><article  class='post-1384 post type-post status-publish format-standard has-post-thumbnail hentry category-noticias-en tag-agua-en tag-biodiversidad-en tag-bosque-de-ribera-en tag-ecosistemas-acuaticos-en tag-escalas-para-peces-en tag-life-divaqua-en tag-migracion-de-peces-en tag-obstaculos-fluviales-en tag-programa-life-en tag-red-natura-2000-en tag-restauracion-ambiental-en tag-restauracion-fluvial-en tag-sensiblizacion-en tag-taller-formativo-en '><div class=\"q_masonry_blog_post_image\"><a itemprop=\"url\" href=\"https:\/\/lifedivaqua.com\/en\/taller-formativo-para-aprender-a-reconectar-los-rios\/\" target=\"_self\"><img decoding=\"async\" itemprop=\"image\" src=\"https:\/\/lifedivaqua.com\/wp-content\/uploads\/2022\/02\/cartel_DVQ_1MARZO-1-scaled.jpg\" \/><\/a><\/div><div class=\"q_masonry_blog_post_text\"><h3 itemprop=\"name\" class=\"q_masonry_blog_title entry_title\"><a itemprop=\"url\" href=\"https:\/\/lifedivaqua.com\/en\/taller-formativo-para-aprender-a-reconectar-los-rios\/\">TALLER FORMATIVO PARA APRENDER A RECONECTAR LOS R\u00cdOS<\/a><\/h3><p itemprop=\"description\" class=\"q_masonry_blog_excerpt\">Una gesti\u00f3n sostenible de los ecosistemas acu\u00e1ticos continentales y de los corredores de ribera es el hilo conductor del taller formativo \u201cReconectando los r\u00edos de Picos de Europa\u201d que LIFE DIVAQUA impartir\u00e1 en marzo en Cabez\u00f3n de Li\u00e9bana. La eliminaci\u00f3n y adaptaci\u00f3n de obst\u00e1culos fluviales......<\/p><div class=\"q_masonry_blog_post_info\"><span itemprop=\"dateCreated\" class=\"time entry_date updated\">17 February, 2022<meta itemprop=\"interactionCount\" content=\"UserComments: <?php echo get_comments_number(qode_get_page_id()); ?>\"\/><\/span> \/ <a itemprop=\"url\" class=\"post_comments\" href=\"https:\/\/lifedivaqua.com\/en\/taller-formativo-para-aprender-a-reconectar-los-rios\/#comments\">2 Comments<\/a><\/div><\/div><\/article><article  class='post-1362 post type-post status-publish format-standard has-post-thumbnail hentry category-noticias-en tag-especies-interes-comunitario-en tag-helecho-woodwardia-radicans-en tag-life-divaqua-en tag-life-programa-en '><div class=\"q_masonry_blog_post_image\"><a itemprop=\"url\" href=\"https:\/\/lifedivaqua.com\/en\/el-estado-natural-de-un-helecho\/\" target=\"_self\"><img decoding=\"async\" itemprop=\"image\" src=\"https:\/\/lifedivaqua.com\/wp-content\/uploads\/2022\/01\/IMG_20220119_103152_1_editada-scaled.jpg\" \/><\/a><\/div><div class=\"q_masonry_blog_post_text\"><h3 itemprop=\"name\" class=\"q_masonry_blog_title entry_title\"><a itemprop=\"url\" href=\"https:\/\/lifedivaqua.com\/en\/el-estado-natural-de-un-helecho\/\">EL ESTADO NATURAL DE UN HELECHO<\/a><\/h3><p itemprop=\"description\" class=\"q_masonry_blog_excerpt\">El seguimiento de las nuevas colonias del helecho Woodwardia radicans, plantadas por LIFE DIVAQUA, es crucial para la ampliaci\u00f3n del territorio del helecho en Picos de Europa. Durante el d\u00eda de ayer (19\/01\/2021) se realiz\u00f3 una visita de seguimiento para valorar el estado actual en......<\/p><div class=\"q_masonry_blog_post_info\"><span itemprop=\"dateCreated\" class=\"time entry_date updated\">21 January, 2022<meta itemprop=\"interactionCount\" content=\"UserComments: <?php echo get_comments_number(qode_get_page_id()); ?>\"\/><\/span> \/ <a itemprop=\"url\" class=\"post_comments\" href=\"https:\/\/lifedivaqua.com\/en\/el-estado-natural-de-un-helecho\/#respond\">No comment<\/a><\/div><\/div><\/article><article  class='post-1355 post type-post status-publish format-standard has-post-thumbnail hentry category-noticias-en tag-biodiversidad-en tag-divulgacion-2-en tag-ecosistemas-acuaticos-en tag-ganaderia-en tag-life-divaqua-en tag-picos-de-europa-en tag-red-natura-2000-en tag-sensibilizacion-en '><div class=\"q_masonry_blog_post_image\"><a itemprop=\"url\" href=\"https:\/\/lifedivaqua.com\/en\/sigue-los-pasos-de-un-ano-life-divaqua\/\" target=\"_self\"><img decoding=\"async\" itemprop=\"image\" src=\"https:\/\/lifedivaqua.com\/wp-content\/uploads\/2022\/01\/boletinDVQ_6_portada.jpg\" \/><\/a><\/div><div class=\"q_masonry_blog_post_text\"><h3 itemprop=\"name\" class=\"q_masonry_blog_title entry_title\"><a itemprop=\"url\" href=\"https:\/\/lifedivaqua.com\/en\/sigue-los-pasos-de-un-ano-life-divaqua\/\">SIGUE LOS PASOS DE UN A\u00d1O LIFE DIVAQUA<\/a><\/h3><p itemprop=\"description\" class=\"q_masonry_blog_excerpt\">El 2021 ha sido un a\u00f1o de mucha acci\u00f3n para LIFE DIVAQUA, ya que hemos cumplido los objetivos programados para avanzar en la mejora y restauraci\u00f3n de los ecosistemas acu\u00e1ticos de Picos de Europa. Con el fin de mantener los servicios que los ecosistemas acu\u00e1ticos......<\/p><div class=\"q_masonry_blog_post_info\"><span itemprop=\"dateCreated\" class=\"time entry_date updated\">20 January, 2022<meta itemprop=\"interactionCount\" content=\"UserComments: <?php echo get_comments_number(qode_get_page_id()); ?>\"\/><\/span> \/ <a itemprop=\"url\" class=\"post_comments\" href=\"https:\/\/lifedivaqua.com\/en\/sigue-los-pasos-de-un-ano-life-divaqua\/#respond\">No comment<\/a><\/div><\/div><\/article><article  class='post-1329 post type-post status-publish format-standard has-post-thumbnail hentry category-noticias-en tag-agua-en tag-asturias-2-en tag-cabrales-en tag-cambio-climatico-en tag-divulgacion-2-en tag-ecosistemas-acuaticos-en tag-especies-invasoras-en tag-ganaderia-en tag-jornada-en tag-life-divaqua-en tag-parque-nacional-en tag-restauracion-fluvial-en tag-sensibilizacion-en '><div class=\"q_masonry_blog_post_image\"><a itemprop=\"url\" href=\"https:\/\/lifedivaqua.com\/en\/el-concejo-de-cabrales-por-un-futuro-sostenible\/\" target=\"_self\"><img decoding=\"async\" itemprop=\"image\" src=\"https:\/\/lifedivaqua.com\/wp-content\/uploads\/2021\/12\/1638532827790.jpeg\" \/><\/a><\/div><div class=\"q_masonry_blog_post_text\"><h3 itemprop=\"name\" class=\"q_masonry_blog_title entry_title\"><a itemprop=\"url\" href=\"https:\/\/lifedivaqua.com\/en\/el-concejo-de-cabrales-por-un-futuro-sostenible\/\">EL CONCEJO DE CABRALES POR UN FUTURO SOSTENIBLE<\/a><\/h3><p itemprop=\"description\" class=\"q_masonry_blog_excerpt\">Un equilibrio sostenible en los usos del agua en la monta\u00f1a y educaci\u00f3n de la ciudadan\u00eda son temas que sobresalieron en la jornada \u201cEl mundo rural frente al cambio clim\u00e1tico, por unos Picos de Europa con agua y futuro\u201d desarrollada en Arenas de Cabrales (Asturias)......<\/p><div class=\"q_masonry_blog_post_info\"><span itemprop=\"dateCreated\" class=\"time entry_date updated\">03 December, 2021<meta itemprop=\"interactionCount\" content=\"UserComments: <?php echo get_comments_number(qode_get_page_id()); ?>\"\/><\/span> \/ <a itemprop=\"url\" class=\"post_comments\" href=\"https:\/\/lifedivaqua.com\/en\/el-concejo-de-cabrales-por-un-futuro-sostenible\/#respond\">No comment<\/a><\/div><\/div><\/article><article  class='post-1319 post type-post status-publish format-standard has-post-thumbnail hentry category-noticias-en tag-agua-en tag-cambio-climatico-en tag-divulgacion-2-en tag-ecosistemas-acuaticos-en tag-jornada-en tag-life-divaqua-en tag-participacion-ciudadana-en tag-picos-de-europa-en tag-rural-en tag-sensibilizacion-en tag-usos-del-agua-en '><div class=\"q_masonry_blog_post_image\"><a itemprop=\"url\" href=\"https:\/\/lifedivaqua.com\/en\/lebaniegos-comprometidos-con-su-territorio\/\" target=\"_self\"><img decoding=\"async\" itemprop=\"image\" src=\"https:\/\/lifedivaqua.com\/wp-content\/uploads\/2021\/11\/El-mundo-rural-frente-al-cambio-climatico_Potes_24112021.jpeg\" \/><\/a><\/div><div class=\"q_masonry_blog_post_text\"><h3 itemprop=\"name\" class=\"q_masonry_blog_title entry_title\"><a itemprop=\"url\" href=\"https:\/\/lifedivaqua.com\/en\/lebaniegos-comprometidos-con-su-territorio\/\">LEBANIEGOS COMPROMETIDOS CON SU TERRITORIO<\/a><\/h3><p itemprop=\"description\" class=\"q_masonry_blog_excerpt\">Con una notable asistencia y participaci\u00f3n de p\u00fablico ha tenido lugar la sesi\u00f3n de Potes (Cantabria) de la jornada \u201cEl mundo rural frente al cambio clim\u00e1tico, por unos Picos de Europa con agua y futuro\u201d. Los ecosistemas acu\u00e1ticos, concretamente los m\u00e1s vulnerables como son los......<\/p><div class=\"q_masonry_blog_post_info\"><span itemprop=\"dateCreated\" class=\"time entry_date updated\">26 November, 2021<meta itemprop=\"interactionCount\" content=\"UserComments: <?php echo get_comments_number(qode_get_page_id()); ?>\"\/><\/span> \/ <a itemprop=\"url\" class=\"post_comments\" href=\"https:\/\/lifedivaqua.com\/en\/lebaniegos-comprometidos-con-su-territorio\/#respond\">No comment<\/a><\/div><\/div><\/article><article  class='post-1303 post type-post status-publish format-standard has-post-thumbnail hentry category-noticias-en tag-agua-en tag-arenas-de-cabrales-en tag-asturias-2-en tag-biodiversidad-en tag-cambio-climatico-en tag-cantabria-en tag-divulgacion-en tag-ecosistemas-acuaticos-en tag-picos-de-europa-en tag-potes-en tag-proyecto-life-en tag-sensibilizacion-en '><div class=\"q_masonry_blog_post_image\"><a itemprop=\"url\" href=\"https:\/\/lifedivaqua.com\/en\/charla-el-mundo-rural-frente-al-cambio-climatico\/\" target=\"_self\"><img decoding=\"async\" itemprop=\"image\" src=\"https:\/\/lifedivaqua.com\/wp-content\/uploads\/2021\/11\/cartel_DVQweb_Potes.jpg\" \/><\/a><\/div><div class=\"q_masonry_blog_post_text\"><h3 itemprop=\"name\" class=\"q_masonry_blog_title entry_title\"><a itemprop=\"url\" href=\"https:\/\/lifedivaqua.com\/en\/charla-el-mundo-rural-frente-al-cambio-climatico\/\">AGUA Y FUTURO EN PICOS DE EUROPA<\/a><\/h3><p itemprop=\"description\" class=\"q_masonry_blog_excerpt\">Estar preparados para las modificaciones ambientales causadas por el cambio clim\u00e1tico en la disponibilidad de agua es el objetivo de la charla \u201cEl mundo rural frente al cambio clim\u00e1tico, por unos Picos de Europa con agua y futuro\u201d que LIFE DIVAQUA va a desarrollar en......<\/p><div class=\"q_masonry_blog_post_info\"><span itemprop=\"dateCreated\" class=\"time entry_date updated\">15 November, 2021<meta itemprop=\"interactionCount\" content=\"UserComments: <?php echo get_comments_number(qode_get_page_id()); ?>\"\/><\/span> \/ <a itemprop=\"url\" class=\"post_comments\" href=\"https:\/\/lifedivaqua.com\/en\/charla-el-mundo-rural-frente-al-cambio-climatico\/#respond\">No comment<\/a><\/div><\/div><\/article><article  class='post-1305 post type-post status-publish format-standard has-post-thumbnail hentry category-noticias-en tag-biodiversidad-en tag-cambio-climatico-en tag-ecosistemas-acuaticos-en tag-picos-de-europa-en tag-programa-life-en tag-restauracion-fluvial-en tag-sensibilizacion-en '><div class=\"q_masonry_blog_post_image\"><a itemprop=\"url\" href=\"https:\/\/lifedivaqua.com\/en\/abierto-por-obras-para-la-biodiversidad\/\" target=\"_self\"><img decoding=\"async\" itemprop=\"image\" src=\"https:\/\/lifedivaqua.com\/wp-content\/uploads\/2021\/10\/0002-2.jpg\" \/><\/a><\/div><div class=\"q_masonry_blog_post_text\"><h3 itemprop=\"name\" class=\"q_masonry_blog_title entry_title\"><a itemprop=\"url\" href=\"https:\/\/lifedivaqua.com\/en\/abierto-por-obras-para-la-biodiversidad\/\">ABIERTO POR OBRAS PARA LA BIODIVERSIDAD<\/a><\/h3><p itemprop=\"description\" class=\"q_masonry_blog_excerpt\">M\u00e1s que un panel &nbsp;informativo, los carteles de obra instalados temporalmente en el entorno de los dos azudes demolidos en los r\u00edos Deva y Bull\u00f3n, son un primer paso de sensibilizaci\u00f3n de la ciudadan\u00eda ante las acciones de restauraci\u00f3n ambiental que LIFE DIVAQUA lleva a......<\/p><div class=\"q_masonry_blog_post_info\"><span itemprop=\"dateCreated\" class=\"time entry_date updated\">26 October, 2021<meta itemprop=\"interactionCount\" content=\"UserComments: <?php echo get_comments_number(qode_get_page_id()); ?>\"\/><\/span> \/ <a itemprop=\"url\" class=\"post_comments\" href=\"https:\/\/lifedivaqua.com\/en\/abierto-por-obras-para-la-biodiversidad\/#respond\">No comment<\/a><\/div><\/div><\/article><article  class='post-1239 post type-post status-publish format-standard has-post-thumbnail hentry category-noticias-en tag-asturias-2-en tag-bosque-de-ribera-en tag-cantabria-en tag-helecho-woodwardia-radicans-en tag-picos-de-europa-en tag-restauracion-fluvial-en tag-rios-en '><div class=\"q_masonry_blog_post_image\"><a itemprop=\"url\" href=\"https:\/\/lifedivaqua.com\/en\/bosque-que-salva-helechos\/\" target=\"_self\"><img decoding=\"async\" itemprop=\"image\" src=\"https:\/\/lifedivaqua.com\/wp-content\/uploads\/2021\/10\/IMG_20210930_111509_Woodwardia-1-scaled.jpg\" \/><\/a><\/div><div class=\"q_masonry_blog_post_text\"><h3 itemprop=\"name\" class=\"q_masonry_blog_title entry_title\"><a itemprop=\"url\" href=\"https:\/\/lifedivaqua.com\/en\/bosque-que-salva-helechos\/\">BOSQUE QUE SALVA HELECHOS<\/a><\/h3><p itemprop=\"description\" class=\"q_masonry_blog_excerpt\">M\u00e1rgenes fluviales boscosas de la vertiente asturiana y c\u00e1ntabra de Picos de Europa que no est\u00e1n expuestas al pastoreo son el destino de 6 nuevas poblaciones del helecho Woodwardia radicans creadas por DIVAQUA. Seis nuevas colonias del helecho Woodwardia radicans, especie de Inter\u00e9s Comunitario por......<\/p><div class=\"q_masonry_blog_post_info\"><span itemprop=\"dateCreated\" class=\"time entry_date updated\">07 October, 2021<meta itemprop=\"interactionCount\" content=\"UserComments: <?php echo get_comments_number(qode_get_page_id()); ?>\"\/><\/span> \/ <a itemprop=\"url\" class=\"post_comments\" href=\"https:\/\/lifedivaqua.com\/en\/bosque-que-salva-helechos\/#respond\">No comment<\/a><\/div><\/div><\/article><article  class='post-1227 post type-post status-publish format-standard has-post-thumbnail hentry category-noticias-en tag-biodiversidad-en tag-conectividad-longitudinal-en tag-especies-de-interes-comunitario-en tag-infraestructuras-hidraulicas-en tag-picos-de-europa-en tag-restauracion-fluvial-en tag-rios-2-en tag-salmon-atlantico-en '><div class=\"q_masonry_blog_post_image\"><a itemprop=\"url\" href=\"https:\/\/lifedivaqua.com\/en\/restauracion-y-mejora-de-los-ecosistemas-acuaticos-de-picos-de-europa\/\" target=\"_self\"><img decoding=\"async\" itemprop=\"image\" src=\"https:\/\/lifedivaqua.com\/wp-content\/uploads\/2021\/10\/IMG_20210910_125559.jpg\" \/><\/a><\/div><div class=\"q_masonry_blog_post_text\"><h3 itemprop=\"name\" class=\"q_masonry_blog_title entry_title\"><a itemprop=\"url\" href=\"https:\/\/lifedivaqua.com\/en\/restauracion-y-mejora-de-los-ecosistemas-acuaticos-de-picos-de-europa\/\">LOS R\u00cdOS DEVA Y BULL\u00d3N AMPLIAN EL TERRITORIO PARA EL SALM\u00d3N ATL\u00c1NTICO<\/a><\/h3><p itemprop=\"description\" class=\"q_masonry_blog_excerpt\">La eliminaci\u00f3n de obst\u00e1culos en los r\u00edos de Picos de Europa como Deva y Bull\u00f3n, gracias al proyecto LIFE DIVAQUA, incrementa en la vertiente cant\u00e1brica el \u00e1rea de distribuci\u00f3n de especies de inter\u00e9s comunitario como el salm\u00f3n. Al mismo tiempo facilitar\u00e1 los desplazamientos de anguilas,......<\/p><div class=\"q_masonry_blog_post_info\"><span itemprop=\"dateCreated\" class=\"time entry_date updated\">06 October, 2021<meta itemprop=\"interactionCount\" content=\"UserComments: <?php echo get_comments_number(qode_get_page_id()); ?>\"\/><\/span> \/ <a itemprop=\"url\" class=\"post_comments\" href=\"https:\/\/lifedivaqua.com\/en\/restauracion-y-mejora-de-los-ecosistemas-acuaticos-de-picos-de-europa\/#respond\">No comment<\/a><\/div><\/div><\/article><article  class='post-2395 post type-post status-publish format-standard has-post-thumbnail hentry category-noticias-en tag-agua-en tag-biodiversidad-en tag-boletin-en tag-conservacion-en tag-ecosistemas-acuaticos-en tag-life-divaqua-en tag-obstaculos-fluviales-en tag-picos-de-europa-en tag-programa-life-en tag-restauracion-fluvial-en '><div class=\"q_masonry_blog_post_image\"><a itemprop=\"url\" href=\"https:\/\/lifedivaqua.com\/en\/menos-obstaculos-fluviales-en-picos-de-europa\/\" target=\"_self\"><img decoding=\"async\" itemprop=\"image\" src=\"https:\/\/lifedivaqua.com\/wp-content\/uploads\/2021\/10\/boletin5DVQ-1.jpg\" \/><\/a><\/div><div class=\"q_masonry_blog_post_text\"><h3 itemprop=\"name\" class=\"q_masonry_blog_title entry_title\"><a itemprop=\"url\" href=\"https:\/\/lifedivaqua.com\/en\/menos-obstaculos-fluviales-en-picos-de-europa\/\">MENOS OBST\u00c1CULOS FLUVIALES EN PICOS DE EUROPA<\/a><\/h3><p itemprop=\"description\" class=\"q_masonry_blog_excerpt\">Los obst\u00e1culos fluviales en desuso de los r\u00edos de Picos de Europa protagonizan el nuevo bolet\u00edn DIVAQUA. La fragmentaci\u00f3n de los h\u00e1bitats que supone para los ecosistemas acu\u00e1ticos hace esencial actuar para avanzar en la restauraci\u00f3n de los cursos fluviales del parque nacional. La demolici\u00f3n......<\/p><div class=\"q_masonry_blog_post_info\"><span itemprop=\"dateCreated\" class=\"time entry_date updated\">05 October, 2021<meta itemprop=\"interactionCount\" content=\"UserComments: <?php echo get_comments_number(qode_get_page_id()); ?>\"\/><\/span> \/ <a itemprop=\"url\" class=\"post_comments\" href=\"https:\/\/lifedivaqua.com\/en\/menos-obstaculos-fluviales-en-picos-de-europa\/#respond\">No comment<\/a><\/div><\/div><\/article><article  class='post-1308 post type-post status-publish format-standard has-post-thumbnail hentry category-noticias-en tag-biodiversidad-en tag-bullon-en tag-deva-en tag-ecosistemas-acuaticos-en tag-life-divaqua-en tag-picos-de-europa-en tag-proyecto-life-en tag-red-natura-2000-en tag-restauracion-fluvial-en '><div class=\"q_masonry_blog_post_image\"><a itemprop=\"url\" href=\"https:\/\/lifedivaqua.com\/en\/rios-con-futuro\/\" target=\"_self\"><img decoding=\"async\" itemprop=\"image\" src=\"https:\/\/lifedivaqua.com\/wp-content\/uploads\/2021\/09\/IMG_20210909_190346.jpg\" \/><\/a><\/div><div class=\"q_masonry_blog_post_text\"><h3 itemprop=\"name\" class=\"q_masonry_blog_title entry_title\"><a itemprop=\"url\" href=\"https:\/\/lifedivaqua.com\/en\/rios-con-futuro\/\">RIOS CON FUTURO<\/a><\/h3><p itemprop=\"description\" class=\"q_masonry_blog_excerpt\">Derribar obst\u00e1culos transversales de los r\u00edos que est\u00e1n fuera de servicio, tales como azudes en su d\u00eda empleados para molinos, ferrer\u00edas o aprovechamiento hidroel\u00e9ctrico, facilita que r\u00edos como el Deva y el Bull\u00f3n recuperen la conexi\u00f3n de sus ecosistemas acu\u00e1ticos. La elevada biodiversidad y gran......<\/p><div class=\"q_masonry_blog_post_info\"><span itemprop=\"dateCreated\" class=\"time entry_date updated\">15 September, 2021<meta itemprop=\"interactionCount\" content=\"UserComments: <?php echo get_comments_number(qode_get_page_id()); ?>\"\/><\/span> \/ <a itemprop=\"url\" class=\"post_comments\" href=\"https:\/\/lifedivaqua.com\/en\/rios-con-futuro\/#respond\">No comment<\/a><\/div><\/div><\/article><article  class='post-1198 post type-post status-publish format-standard has-post-thumbnail hentry category-noticias-en tag-azud-en tag-biodiversidad-en tag-caudal-ecologico-en tag-conectividad-longitudinal-en tag-ecosistemas-acuaticos-en tag-obstaculos-fluviales-en tag-picos-de-europa-en tag-red-natura-2000-en tag-rios-en '><div class=\"q_masonry_blog_post_image\"><a itemprop=\"url\" href=\"https:\/\/lifedivaqua.com\/en\/fauna-piscicola-con-movilidad\/\" target=\"_self\"><img decoding=\"async\" itemprop=\"image\" src=\"https:\/\/lifedivaqua.com\/wp-content\/uploads\/2021\/09\/IMG_20210908_111904.jpg\" \/><\/a><\/div><div class=\"q_masonry_blog_post_text\"><h3 itemprop=\"name\" class=\"q_masonry_blog_title entry_title\"><a itemprop=\"url\" href=\"https:\/\/lifedivaqua.com\/en\/fauna-piscicola-con-movilidad\/\">FAUNA PISC\u00cdCOLA CON MOVILIDAD<\/a><\/h3><p itemprop=\"description\" class=\"q_masonry_blog_excerpt\">Con la pesca de rescate aguas abajo de los azudes en desuso y concesi\u00f3n extinguida que se van a demoler avanzan las mejoras en la continuidad ecol\u00f3gica de los cursos fluviales del Deva y Bull\u00f3n. Como tarea previa al inicio de las obras en los......<\/p><div class=\"q_masonry_blog_post_info\"><span itemprop=\"dateCreated\" class=\"time entry_date updated\">13 September, 2021<meta itemprop=\"interactionCount\" content=\"UserComments: <?php echo get_comments_number(qode_get_page_id()); ?>\"\/><\/span> \/ <a itemprop=\"url\" class=\"post_comments\" href=\"https:\/\/lifedivaqua.com\/en\/fauna-piscicola-con-movilidad\/#respond\">No comment<\/a><\/div><\/div><\/article><article  class='post-1173 post type-post status-publish format-standard has-post-thumbnail hentry category-noticias-en tag-agua-en tag-cambio-climatico-en tag-cantabria-en tag-proyecto-life-en tag-reserva-natural-fluvial-en tag-rio-bullon-en '><div class=\"q_masonry_blog_post_image\"><a itemprop=\"url\" href=\"https:\/\/lifedivaqua.com\/en\/celebrar-los-ecosistemas-fluviales-mas-puros\/\" target=\"_self\"><img decoding=\"async\" itemprop=\"image\" src=\"https:\/\/lifedivaqua.com\/wp-content\/uploads\/2021\/08\/IMG-20210825-WA0002-01_Bullon.jpeg\" \/><\/a><\/div><div class=\"q_masonry_blog_post_text\"><h3 itemprop=\"name\" class=\"q_masonry_blog_title entry_title\"><a itemprop=\"url\" href=\"https:\/\/lifedivaqua.com\/en\/celebrar-los-ecosistemas-fluviales-mas-puros\/\">CELEBRAR LOS ECOSISTEMAS FLUVIALES M\u00c1S PUROS<\/a><\/h3><p itemprop=\"description\" class=\"q_masonry_blog_excerpt\">Picos de Europa celebra el D\u00eda de las Reservas Naturales Fluviales espa\u00f1olas a\u00f1adiendo a los 1.755 kil\u00f3metros de aguas puras declaradas en territorio nacional, las del r\u00edo Bull\u00f3n en la vertiente c\u00e1ntabra del macizo monta\u00f1oso. Con las Reservas Naturales Fluviales (RNF) en 2015 se cre\u00f3......<\/p><div class=\"q_masonry_blog_post_info\"><span itemprop=\"dateCreated\" class=\"time entry_date updated\">25 August, 2021<meta itemprop=\"interactionCount\" content=\"UserComments: <?php echo get_comments_number(qode_get_page_id()); ?>\"\/><\/span> \/ <a itemprop=\"url\" class=\"post_comments\" href=\"https:\/\/lifedivaqua.com\/en\/celebrar-los-ecosistemas-fluviales-mas-puros\/#respond\">No comment<\/a><\/div><\/div><\/article><article  class='post-1161 post type-post status-publish format-standard has-post-thumbnail hentry category-noticias-en tag-asturias-2-en tag-bosque-ripario-en tag-cambio-climatico-en tag-directiva-habitats-2-en tag-habitat-91e0-en tag-picos-de-europa-en tag-poncebos-en tag-proyecto-life-en tag-restauracion-fluvial-en tag-rio-cares-en '><div class=\"q_masonry_blog_post_image\"><a itemprop=\"url\" href=\"https:\/\/lifedivaqua.com\/en\/el-bosque-enraiza-junto-al-cares\/\" target=\"_self\"><img decoding=\"async\" itemprop=\"image\" src=\"https:\/\/lifedivaqua.com\/wp-content\/uploads\/2021\/08\/IMG-20210818-WA0018-01.jpeg\" \/><\/a><\/div><div class=\"q_masonry_blog_post_text\"><h3 itemprop=\"name\" class=\"q_masonry_blog_title entry_title\"><a itemprop=\"url\" href=\"https:\/\/lifedivaqua.com\/en\/el-bosque-enraiza-junto-al-cares\/\">EL BOSQUE ENRAIZA JUNTO AL CARES<\/a><\/h3><p itemprop=\"description\" class=\"q_masonry_blog_excerpt\">Recorremos las m\u00e1rgenes del r\u00edo Cares en Poncebos para definir las mejores zonas de actuaci\u00f3n donde DIVAQUA va a restaurar el bosque ripario que caracteriza a los r\u00edos de monta\u00f1a. Con la finalidad de mejorar las condiciones naturales del tramo alto del r\u00edo Cares que......<\/p><div class=\"q_masonry_blog_post_info\"><span itemprop=\"dateCreated\" class=\"time entry_date updated\">23 August, 2021<meta itemprop=\"interactionCount\" content=\"UserComments: <?php echo get_comments_number(qode_get_page_id()); ?>\"\/><\/span> \/ <a itemprop=\"url\" class=\"post_comments\" href=\"https:\/\/lifedivaqua.com\/en\/el-bosque-enraiza-junto-al-cares\/#respond\">No comment<\/a><\/div><\/div><\/article><article  class='post-1153 post type-post status-publish format-standard has-post-thumbnail hentry category-noticias-en tag-agua-en tag-divulgacion-en tag-ecosistemas-acuaticos-en tag-medioambiente-en tag-proyecto-life-en tag-sensibilizacion-2-en tag-usos-del-agua-en '><div class=\"q_masonry_blog_post_image\"><a itemprop=\"url\" href=\"https:\/\/lifedivaqua.com\/en\/nuevos-materiales-audiovisuales-divaqua\/\" target=\"_self\"><img decoding=\"async\" itemprop=\"image\" src=\"https:\/\/lifedivaqua.com\/wp-content\/uploads\/2021\/07\/IMG-20210721-WA0002-01.jpeg\" \/><\/a><\/div><div class=\"q_masonry_blog_post_text\"><h3 itemprop=\"name\" class=\"q_masonry_blog_title entry_title\"><a itemprop=\"url\" href=\"https:\/\/lifedivaqua.com\/en\/nuevos-materiales-audiovisuales-divaqua\/\">UN VERANO DE PEL\u00cdCULA<\/a><\/h3><p itemprop=\"description\" class=\"q_masonry_blog_excerpt\">El agua inspira los nuevos materiales audiovisuales de DIVAQUA para fomentar la divulgaci\u00f3n y despertar mayor sensibilizaci\u00f3n ante los exclusivos valores naturales de Picos de Europa. El sonido de un manantial al brotar, el caminar de las vacas ante los jugosos pastos de la majada,......<\/p><div class=\"q_masonry_blog_post_info\"><span itemprop=\"dateCreated\" class=\"time entry_date updated\">22 July, 2021<meta itemprop=\"interactionCount\" content=\"UserComments: <?php echo get_comments_number(qode_get_page_id()); ?>\"\/><\/span> \/ <a itemprop=\"url\" class=\"post_comments\" href=\"https:\/\/lifedivaqua.com\/en\/nuevos-materiales-audiovisuales-divaqua\/#respond\">No comment<\/a><\/div><\/div><\/article><article  class='post-1143 post type-post status-publish format-standard has-post-thumbnail hentry category-noticias-en tag-conservacion-en tag-ecosistemas-acuaticos-en tag-ganaderia-extensiva-en tag-humedales-en tag-leon-en tag-life-programme-2-en tag-picos-de-europa-en '><div class=\"q_masonry_blog_post_image\"><a itemprop=\"url\" href=\"https:\/\/lifedivaqua.com\/en\/equilibrio-sostenible-en-las-majadas\/\" target=\"_self\"><img decoding=\"async\" itemprop=\"image\" src=\"https:\/\/lifedivaqua.com\/wp-content\/uploads\/2021\/07\/IMG-20210714-WA0004-01.jpeg\" \/><\/a><\/div><div class=\"q_masonry_blog_post_text\"><h3 itemprop=\"name\" class=\"q_masonry_blog_title entry_title\"><a itemprop=\"url\" href=\"https:\/\/lifedivaqua.com\/en\/equilibrio-sostenible-en-las-majadas\/\">EQUILIBRIO SOSTENIBLE EN LAS MAJADAS<\/a><\/h3><p itemprop=\"description\" class=\"q_masonry_blog_excerpt\">La recuperaci\u00f3n de manantiales y turberas promovida por DIVAQUA necesita la implicaci\u00f3n de los ganaderos leoneses para que no se pierda la biodiversidad de monta\u00f1a. Las intervenciones ambientales con fines de conservaci\u00f3n en las zonas ganaderas leonesas de Vegaba\u00f1o y Pedabejo promueven la implicaci\u00f3n de......<\/p><div class=\"q_masonry_blog_post_info\"><span itemprop=\"dateCreated\" class=\"time entry_date updated\">16 July, 2021<meta itemprop=\"interactionCount\" content=\"UserComments: <?php echo get_comments_number(qode_get_page_id()); ?>\"\/><\/span> \/ <a itemprop=\"url\" class=\"post_comments\" href=\"https:\/\/lifedivaqua.com\/en\/equilibrio-sostenible-en-las-majadas\/#respond\">No comment<\/a><\/div><\/div><\/article><article  class='post-2399 post type-post status-publish format-standard has-post-thumbnail hentry category-noticias-en tag-biodiversidad-en tag-conservacion-en tag-ecosistemas-acuaticos-en tag-ganaderia-2-en tag-ganaderia-en tag-life-divaqua-en tag-montana-en tag-picos-de-europa-en tag-programa-life-en tag-restauracion-fluvial-en tag-sostenibilidad-en '><div class=\"q_masonry_blog_post_image\"><a itemprop=\"url\" href=\"https:\/\/lifedivaqua.com\/en\/ganaderia-con-la-biodiversidad\/\" target=\"_self\"><img decoding=\"async\" itemprop=\"image\" src=\"https:\/\/lifedivaqua.com\/wp-content\/uploads\/2021\/07\/Boletin-4_LIFE-DIVAQUA-y-la-ganaderia-en-Picos-de-Europa-1.jpg\" \/><\/a><\/div><div class=\"q_masonry_blog_post_text\"><h3 itemprop=\"name\" class=\"q_masonry_blog_title entry_title\"><a itemprop=\"url\" href=\"https:\/\/lifedivaqua.com\/en\/ganaderia-con-la-biodiversidad\/\">GANADER\u00cdA CON LA BIODIVERSIDAD<\/a><\/h3><p itemprop=\"description\" class=\"q_masonry_blog_excerpt\">La actividad econ\u00f3mica m\u00e1s destacada de Picos de Europa es la ganader\u00eda en explotaci\u00f3n extensiva, un aprovechamiento que puede contribuir a la biodiversidad de los ecosistemas acu\u00e1ticos de monta\u00f1a como mostramos en el \u00faltimo bolet\u00edn trimestral DIVAQUA. En el nuevo bolet\u00edn DIVAQUA se pone de......<\/p><div class=\"q_masonry_blog_post_info\"><span itemprop=\"dateCreated\" class=\"time entry_date updated\">05 July, 2021<meta itemprop=\"interactionCount\" content=\"UserComments: <?php echo get_comments_number(qode_get_page_id()); ?>\"\/><\/span> \/ <a itemprop=\"url\" class=\"post_comments\" href=\"https:\/\/lifedivaqua.com\/en\/ganaderia-con-la-biodiversidad\/#respond\">No comment<\/a><\/div><\/div><\/article><article  class='post-1118 post type-post status-publish format-standard has-post-thumbnail hentry category-noticias-en tag-areas-de-montana-en tag-biodiversidad-en tag-directiva-habitats-en tag-especies-de-interes-comunitario-en tag-ganaderia-extensiva-en tag-picos-de-europa-en tag-programa-life-en tag-red-natura-2000-en '><div class=\"q_masonry_blog_post_image\"><a itemprop=\"url\" href=\"https:\/\/lifedivaqua.com\/en\/la-ganaderia-extensiva-de-montana-sube-los-rebanos-a-los-pastos-de-altura\/\" target=\"_self\"><img decoding=\"async\" itemprop=\"image\" src=\"https:\/\/lifedivaqua.com\/wp-content\/uploads\/2021\/06\/IMG_20210602_194119-01-scaled.jpeg\" \/><\/a><\/div><div class=\"q_masonry_blog_post_text\"><h3 itemprop=\"name\" class=\"q_masonry_blog_title entry_title\"><a itemprop=\"url\" href=\"https:\/\/lifedivaqua.com\/en\/la-ganaderia-extensiva-de-montana-sube-los-rebanos-a-los-pastos-de-altura\/\">EL GANADO EN LOS PUERTOS ANUNCIA VERANO<\/a><\/h3><p itemprop=\"description\" class=\"q_masonry_blog_excerpt\">El pastoreo tradicional en Picos de Europa retoma a los puertos de monta\u00f1a con la subida del ganado para alimentarse de los jugosos pastos estivales. A finales de abril, en el entorno de Covadonga, comenz\u00f3 la subida del ganado cangu\u00e9s a los puertos de monta\u00f1a.......<\/p><div class=\"q_masonry_blog_post_info\"><span itemprop=\"dateCreated\" class=\"time entry_date updated\">22 June, 2021<meta itemprop=\"interactionCount\" content=\"UserComments: <?php echo get_comments_number(qode_get_page_id()); ?>\"\/><\/span> \/ <a itemprop=\"url\" class=\"post_comments\" href=\"https:\/\/lifedivaqua.com\/en\/la-ganaderia-extensiva-de-montana-sube-los-rebanos-a-los-pastos-de-altura\/#respond\">No comment<\/a><\/div><\/div><\/article><article  class='post-1097 post type-post status-publish format-standard has-post-thumbnail hentry category-noticias-en tag-biodiversidad-en tag-directiva-habitats-2-en tag-ganaderia-2-en tag-humedales-en tag-leon-en tag-participacion-ciudadana-en tag-picos-de-europa-en '><div class=\"q_masonry_blog_post_image\"><a itemprop=\"url\" href=\"https:\/\/lifedivaqua.com\/en\/ganaderos-leoneses-por-la-biodiversidad-de-montana\/\" target=\"_self\"><img decoding=\"async\" itemprop=\"image\" src=\"https:\/\/lifedivaqua.com\/wp-content\/uploads\/2021\/06\/IMG-20210608-WA0011-01_jornada-leonesa.jpeg\" \/><\/a><\/div><div class=\"q_masonry_blog_post_text\"><h3 itemprop=\"name\" class=\"q_masonry_blog_title entry_title\"><a itemprop=\"url\" href=\"https:\/\/lifedivaqua.com\/en\/ganaderos-leoneses-por-la-biodiversidad-de-montana\/\">GANADEROS LEONESES POR LA BIODIVERSIDAD DE MONTA\u00d1A<\/a><\/h3><p itemprop=\"description\" class=\"q_masonry_blog_excerpt\">Un encuentro informativo y t\u00e9cnico con representantes del territorio leon\u00e9s en el \u00e1rea de actuaci\u00f3n DIVAQUA afianza la conciliaci\u00f3n de los usos tradicionales como la ganader\u00eda de monta\u00f1a con la conservaci\u00f3n de la biodiversidad en los ecosistemas acu\u00e1ticos de Picos de Europa. &nbsp; Una nueva......<\/p><div class=\"q_masonry_blog_post_info\"><span itemprop=\"dateCreated\" class=\"time entry_date updated\">11 June, 2021<meta itemprop=\"interactionCount\" content=\"UserComments: <?php echo get_comments_number(qode_get_page_id()); ?>\"\/><\/span> \/ <a itemprop=\"url\" class=\"post_comments\" href=\"https:\/\/lifedivaqua.com\/en\/ganaderos-leoneses-por-la-biodiversidad-de-montana\/#respond\">No comment<\/a><\/div><\/div><\/article><article  class='post-1087 post type-post status-publish format-standard has-post-thumbnail hentry category-noticias-en tag-ecosistemas-acuaticos-en tag-life-programme-2-en tag-picos-de-europa-en tag-rio-cares-en tag-rio-deva-en '><div class=\"q_masonry_blog_post_image\"><a itemprop=\"url\" href=\"https:\/\/lifedivaqua.com\/en\/visita-de-seguimiento-a-los-ecosistemas-acuaticos-de-montana-de-picos-de-europa\/\" target=\"_self\"><img decoding=\"async\" itemprop=\"image\" src=\"https:\/\/lifedivaqua.com\/wp-content\/uploads\/2021\/06\/Visita-Junio-2021_2.jpeg\" \/><\/a><\/div><div class=\"q_masonry_blog_post_text\"><h3 itemprop=\"name\" class=\"q_masonry_blog_title entry_title\"><a itemprop=\"url\" href=\"https:\/\/lifedivaqua.com\/en\/visita-de-seguimiento-a-los-ecosistemas-acuaticos-de-montana-de-picos-de-europa\/\">AVANZAMOS POR LA RED NATURA 2000<\/a><\/h3><p itemprop=\"description\" class=\"q_masonry_blog_excerpt\">Las jornadas de seguimiento sobre los aspectos t\u00e9cnicos y administrativo-financieros de LIFE DIVAQUA respaldan la pol\u00edtica europea en materia de naturaleza y biodiversidad en Picos de Europa al incidir en la restauraci\u00f3n de h\u00e1bitats y especies de los ecosistemas acu\u00e1ticos de monta\u00f1a incluidos en Red......<\/p><div class=\"q_masonry_blog_post_info\"><span itemprop=\"dateCreated\" class=\"time entry_date updated\">04 June, 2021<meta itemprop=\"interactionCount\" content=\"UserComments: <?php echo get_comments_number(qode_get_page_id()); ?>\"\/><\/span> \/ <a itemprop=\"url\" class=\"post_comments\" href=\"https:\/\/lifedivaqua.com\/en\/visita-de-seguimiento-a-los-ecosistemas-acuaticos-de-montana-de-picos-de-europa\/#respond\">No comment<\/a><\/div><\/div><\/article><article  class='post-1076 post type-post status-publish format-standard has-post-thumbnail hentry category-noticias-en tag-adn-ambiental-en tag-caudal-ecologico-en tag-life-divaqua-en tag-picos-de-europa-en tag-proyecto-life-en '><div class=\"q_masonry_blog_post_image\"><a itemprop=\"url\" href=\"https:\/\/lifedivaqua.com\/en\/humedales-de-montana-en-primavera\/\" target=\"_self\"><img decoding=\"async\" itemprop=\"image\" src=\"https:\/\/lifedivaqua.com\/wp-content\/uploads\/2021\/05\/IMG-20210528-WA0011-01.jpeg\" \/><\/a><\/div><div class=\"q_masonry_blog_post_text\"><h3 itemprop=\"name\" class=\"q_masonry_blog_title entry_title\"><a itemprop=\"url\" href=\"https:\/\/lifedivaqua.com\/en\/humedales-de-montana-en-primavera\/\">HUMEDALES DE MONTA\u00d1A EN PRIMAVERA<\/a><\/h3><p itemprop=\"description\" class=\"q_masonry_blog_excerpt\">La actividad biol\u00f3gica de los humedales de monta\u00f1a en primavera protagoniza la nueva campa\u00f1a de muestreos de ecosistemas acu\u00e1ticos en el \u00e1rea LIFE DIVAQUA para completar su caracterizaci\u00f3n y contribuir al an\u00e1lisis del ADN ambiental. &nbsp; En la primavera, los t\u00e9cnicos DIVAQUA se reparten por......<\/p><div class=\"q_masonry_blog_post_info\"><span itemprop=\"dateCreated\" class=\"time entry_date updated\">28 May, 2021<meta itemprop=\"interactionCount\" content=\"UserComments: <?php echo get_comments_number(qode_get_page_id()); ?>\"\/><\/span> \/ <a itemprop=\"url\" class=\"post_comments\" href=\"https:\/\/lifedivaqua.com\/en\/humedales-de-montana-en-primavera\/#respond\">No comment<\/a><\/div><\/div><\/article><article  class='post-1062 post type-post status-publish format-standard has-post-thumbnail hentry category-noticias-en tag-cambio-climatico-en tag-corredor-biologico-en tag-ecosistemas-acuaticos-en tag-obstaculos-fluviales-2-en tag-picos-de-europa-en tag-proyecto-life-en tag-restauracion-fluvial-en tag-rio-cares-en '><div class=\"q_masonry_blog_post_image\"><a itemprop=\"url\" href=\"https:\/\/lifedivaqua.com\/en\/efecto-llamada-para-el-salmon\/\" target=\"_self\"><img decoding=\"async\" itemprop=\"image\" src=\"https:\/\/lifedivaqua.com\/wp-content\/uploads\/2021\/05\/IMG-20210517-WA0028-01.jpeg\" \/><\/a><\/div><div class=\"q_masonry_blog_post_text\"><h3 itemprop=\"name\" class=\"q_masonry_blog_title entry_title\"><a itemprop=\"url\" href=\"https:\/\/lifedivaqua.com\/en\/efecto-llamada-para-el-salmon\/\">EFECTO LLAMADA PARA EL SALM\u00d3N<\/a><\/h3><p itemprop=\"description\" class=\"q_masonry_blog_excerpt\">Durante la primavera, los trabajos de campo del equipo LIFE DIVAQUA permiten avanzar en la identificaci\u00f3n de las mejoras fluviales que favorezcan el retorno del salm\u00f3n com\u00fan aguas arriba de los r\u00edos salmoneros de Picos de Europa. Un equipo de LIFE DIVAQUA est\u00e1 realizando trabajos......<\/p><div class=\"q_masonry_blog_post_info\"><span itemprop=\"dateCreated\" class=\"time entry_date updated\">18 May, 2021<meta itemprop=\"interactionCount\" content=\"UserComments: <?php echo get_comments_number(qode_get_page_id()); ?>\"\/><\/span> \/ <a itemprop=\"url\" class=\"post_comments\" href=\"https:\/\/lifedivaqua.com\/en\/efecto-llamada-para-el-salmon\/#respond\">No comment<\/a><\/div><\/div><\/article><article  class='post-1041 post type-post status-publish format-standard has-post-thumbnail hentry category-noticias-en tag-helecho-woodwardia-radicans-en tag-life-divaqua-en tag-picos-de-europa-en tag-programa-life-en tag-restauracion-ambiental-en tag-restauracion-fluvial-en '><div class=\"q_masonry_blog_post_image\"><a itemprop=\"url\" href=\"https:\/\/lifedivaqua.com\/en\/el-helecho-woodwardia-radicans-amplia-territorio-en-el-area-divaqua\/\" target=\"_self\"><img decoding=\"async\" itemprop=\"image\" src=\"https:\/\/lifedivaqua.com\/wp-content\/uploads\/2021\/04\/Woodwardia_TinaMayor_2-scaled.jpg\" \/><\/a><\/div><div class=\"q_masonry_blog_post_text\"><h3 itemprop=\"name\" class=\"q_masonry_blog_title entry_title\"><a itemprop=\"url\" href=\"https:\/\/lifedivaqua.com\/en\/el-helecho-woodwardia-radicans-amplia-territorio-en-el-area-divaqua\/\">El helecho Woodwardia radicans amplia territorio en el \u00e1rea DIVAQUA<\/a><\/h3><p itemprop=\"description\" class=\"q_masonry_blog_excerpt\">Con el objetivo de crear nuevas colonias de este helecho de Inter\u00e9s Comunitario, en el marco del LIFE DIVAQUA, con los 140 bulbilos de la especie que se tomaron en 4 colonias naturales y que actualmente se hallan en fase de germinaci\u00f3n, se han seleccionado......<\/p><div class=\"q_masonry_blog_post_info\"><span itemprop=\"dateCreated\" class=\"time entry_date updated\">30 April, 2021<meta itemprop=\"interactionCount\" content=\"UserComments: <?php echo get_comments_number(qode_get_page_id()); ?>\"\/><\/span> \/ <a itemprop=\"url\" class=\"post_comments\" href=\"https:\/\/lifedivaqua.com\/en\/el-helecho-woodwardia-radicans-amplia-territorio-en-el-area-divaqua\/#respond\">No comment<\/a><\/div><\/div><\/article><article  class='post-1039 post type-post status-publish format-standard has-post-thumbnail hentry category-noticias-en tag-agua-en tag-anfibios-en tag-biodiversidad-en tag-conservacion-en tag-ganaderia-2-en tag-jornadas-en tag-picos-de-europa-en tag-usos-del-agua-en '><div class=\"q_masonry_blog_post_image\"><a itemprop=\"url\" href=\"https:\/\/lifedivaqua.com\/en\/acuerdos-para-conservar-la-biodiversidad-de-montana\/\" target=\"_self\"><img decoding=\"async\" itemprop=\"image\" src=\"https:\/\/lifedivaqua.com\/wp-content\/uploads\/2021\/03\/IMG-20210324-WA0012-01.jpeg\" \/><\/a><\/div><div class=\"q_masonry_blog_post_text\"><h3 itemprop=\"name\" class=\"q_masonry_blog_title entry_title\"><a itemprop=\"url\" href=\"https:\/\/lifedivaqua.com\/en\/acuerdos-para-conservar-la-biodiversidad-de-montana\/\">ACUERDOS PARA CONSERVAR<\/a><\/h3><p itemprop=\"description\" class=\"q_masonry_blog_excerpt\">Aguas arriba del r\u00edo Deva avanza el consenso sobre abrevaderos, manantiales y humedales que acoger\u00e1n las actuaciones de conservaci\u00f3n LIFE DIVAQUA para conciliar con los usos tradicionales de la zona. Con el inicio de la primavera se desarroll\u00f3 en Cantabria la segunda jornada de trabajo......<\/p><div class=\"q_masonry_blog_post_info\"><span itemprop=\"dateCreated\" class=\"time entry_date updated\">26 March, 2021<meta itemprop=\"interactionCount\" content=\"UserComments: <?php echo get_comments_number(qode_get_page_id()); ?>\"\/><\/span> \/ <a itemprop=\"url\" class=\"post_comments\" href=\"https:\/\/lifedivaqua.com\/en\/acuerdos-para-conservar-la-biodiversidad-de-montana\/#respond\">No comment<\/a><\/div><\/div><\/article><article  class='post-1037 post type-post status-publish format-standard has-post-thumbnail hentry category-noticias-en tag-agua-en tag-areas-de-montana-en tag-conservacion-en tag-dia-mundial-del-agua-en tag-ecosistemas-acuaticos-en tag-picos-de-europa-en '><div class=\"q_masonry_blog_post_image\"><a itemprop=\"url\" href=\"https:\/\/lifedivaqua.com\/en\/agua-de-montana-dia-mundial-del-agua\/\" target=\"_self\"><img decoding=\"async\" itemprop=\"image\" src=\"https:\/\/lifedivaqua.com\/wp-content\/uploads\/2021\/03\/agua_montana_reducida.jpg\" \/><\/a><\/div><div class=\"q_masonry_blog_post_text\"><h3 itemprop=\"name\" class=\"q_masonry_blog_title entry_title\"><a itemprop=\"url\" href=\"https:\/\/lifedivaqua.com\/en\/agua-de-montana-dia-mundial-del-agua\/\">AGUA DE MONTA\u00d1A, PROTECTORA DE LA VIDA<\/a><\/h3><p itemprop=\"description\" class=\"q_masonry_blog_excerpt\">En el D\u00eda Mundial del Agua miramos hacia las monta\u00f1as, de donde surge el agua potable cuyas saludables condiciones garantizan la vida en el planeta. Las regiones de monta\u00f1a suponen un enclave esencial no solo para la vida silvestre de monta\u00f1a sino para la humanidad......<\/p><div class=\"q_masonry_blog_post_info\"><span itemprop=\"dateCreated\" class=\"time entry_date updated\">22 March, 2021<meta itemprop=\"interactionCount\" content=\"UserComments: <?php echo get_comments_number(qode_get_page_id()); ?>\"\/><\/span> \/ <a itemprop=\"url\" class=\"post_comments\" href=\"https:\/\/lifedivaqua.com\/en\/agua-de-montana-dia-mundial-del-agua\/#respond\">No comment<\/a><\/div><\/div><\/article><article  class='post-1035 post type-post status-publish format-standard has-post-thumbnail hentry category-noticias-en tag-conservacion-en tag-cuencas-fluviales-en tag-deva-en tag-fauna-en tag-obstaculos-fluviales-en tag-parque-nacional-en tag-picos-de-europa-en tag-red-natura-2000-en tag-restauracion-fluvial-en tag-salmon-comun-en tag-salmon-del-atlantico-en '><div class=\"q_masonry_blog_post_image\"><a itemprop=\"url\" href=\"https:\/\/lifedivaqua.com\/en\/restauracion-fluvial-life-divaqua-para-el-salmon-del-atlantico\/\" target=\"_self\"><img decoding=\"async\" itemprop=\"image\" src=\"https:\/\/lifedivaqua.com\/wp-content\/uploads\/2021\/03\/kilometros_salmon.jpg\" \/><\/a><\/div><div class=\"q_masonry_blog_post_text\"><h3 itemprop=\"name\" class=\"q_masonry_blog_title entry_title\"><a itemprop=\"url\" href=\"https:\/\/lifedivaqua.com\/en\/restauracion-fluvial-life-divaqua-para-el-salmon-del-atlantico\/\">M\u00c1S KIL\u00d3METROS DE R\u00cdOS PARA EL SALM\u00d3N DEL ATL\u00c1NTICO<\/a><\/h3><p itemprop=\"description\" class=\"q_masonry_blog_excerpt\">Con la finalidad de recuperar la conectividad fluvial de la cuenca del Deva realizamos una supervisi\u00f3n de campo del estado de los azudes del r\u00edo y algunos de sus afluentes. Los r\u00edos de Picos de Europa en estos d\u00edas discurren con un notable caudal, lo......<\/p><div class=\"q_masonry_blog_post_info\"><span itemprop=\"dateCreated\" class=\"time entry_date updated\">01 March, 2021<meta itemprop=\"interactionCount\" content=\"UserComments: <?php echo get_comments_number(qode_get_page_id()); ?>\"\/><\/span> \/ <a itemprop=\"url\" class=\"post_comments\" href=\"https:\/\/lifedivaqua.com\/en\/restauracion-fluvial-life-divaqua-para-el-salmon-del-atlantico\/#respond\">No comment<\/a><\/div><\/div><\/article><article  class='post-1033 post type-post status-publish format-standard has-post-thumbnail hentry category-noticias-en tag-cangas-de-onis-en tag-ecosistemas-acuaticos-en tag-ganaderia-en tag-parque-nacional-en tag-picos-de-europa-en tag-restauracion-ambiental-en '><div class=\"q_masonry_blog_post_image\"><a itemprop=\"url\" href=\"https:\/\/lifedivaqua.com\/en\/conciliar-para-ganar\/\" target=\"_self\"><img decoding=\"async\" itemprop=\"image\" src=\"https:\/\/lifedivaqua.com\/wp-content\/uploads\/2021\/02\/ConciliarParaGanar1_bis.jpg\" \/><\/a><\/div><div class=\"q_masonry_blog_post_text\"><h3 itemprop=\"name\" class=\"q_masonry_blog_title entry_title\"><a itemprop=\"url\" href=\"https:\/\/lifedivaqua.com\/en\/conciliar-para-ganar\/\">CONCILIAR PARA GANAR<\/a><\/h3><p itemprop=\"description\" class=\"q_masonry_blog_excerpt\">En Cangas de On\u00eds se inician las reuniones del programa de participaci\u00f3n ciudadana de LIFE DIVAQUA para establecer acuerdos sobre los abrevaderos y masas de agua en los que actuar. A finales de enero representantes del parque nacional de Picos de Europa, del Ayuntamiento de......<\/p><div class=\"q_masonry_blog_post_info\"><span itemprop=\"dateCreated\" class=\"time entry_date updated\">15 February, 2021<meta itemprop=\"interactionCount\" content=\"UserComments: <?php echo get_comments_number(qode_get_page_id()); ?>\"\/><\/span> \/ <a itemprop=\"url\" class=\"post_comments\" href=\"https:\/\/lifedivaqua.com\/en\/conciliar-para-ganar\/#respond\">No comment<\/a><\/div><\/div><\/article><article  class='post-1031 post type-post status-publish format-standard has-post-thumbnail hentry category-noticias-en tag-abrevaderos-en tag-adn-ambiental-en tag-agua-en tag-biodiversidad-en tag-conservacion-en tag-ecosistemas-acuaticos-en tag-ganaderia-en tag-gestion-ambiental-en tag-montana-en tag-picos-de-europa-en tag-restauracion-en tag-rios-en '><div class=\"q_masonry_blog_post_image\"><a itemprop=\"url\" href=\"https:\/\/lifedivaqua.com\/en\/adn-ambiental-una-nueva-manera-de-conocer-los-ecosistemas-acuaticos-en-picos-de-europa\/\" target=\"_self\"><img decoding=\"async\" itemprop=\"image\" src=\"https:\/\/lifedivaqua.com\/wp-content\/uploads\/2020\/12\/Muestreo-CSIC_Verano-2020_David-Vieites_reducida.jpg\" \/><\/a><\/div><div class=\"q_masonry_blog_post_text\"><h3 itemprop=\"name\" class=\"q_masonry_blog_title entry_title\"><a itemprop=\"url\" href=\"https:\/\/lifedivaqua.com\/en\/adn-ambiental-una-nueva-manera-de-conocer-los-ecosistemas-acuaticos-en-picos-de-europa\/\">ADN ambiental, una nueva manera de conocer los ecosistemas acu\u00e1ticos<\/a><\/h3><p itemprop=\"description\" class=\"q_masonry_blog_excerpt\">Entrevistamos al investigador y jefe del departamento de Biogeograf\u00eda y Cambio Global del Consejo Superior de Investigaciones Cient\u00edficas (CSIC) David Vieites para comprender la aplicaci\u00f3n del ADN ambiental, un valioso material gen\u00e9tico que vaga a la deriva en el agua, que aportar\u00e1 una novedosa informaci\u00f3n......<\/p><div class=\"q_masonry_blog_post_info\"><span itemprop=\"dateCreated\" class=\"time entry_date updated\">17 December, 2020<meta itemprop=\"interactionCount\" content=\"UserComments: <?php echo get_comments_number(qode_get_page_id()); ?>\"\/><\/span> \/ <a itemprop=\"url\" class=\"post_comments\" href=\"https:\/\/lifedivaqua.com\/en\/adn-ambiental-una-nueva-manera-de-conocer-los-ecosistemas-acuaticos-en-picos-de-europa\/#respond\">No comment<\/a><\/div><\/div><\/article><article  class='post-1029 post type-post status-publish format-standard has-post-thumbnail hentry category-noticias-en tag-botanica-en tag-comunidades-biologicas-en tag-directiva-habitats-en tag-especies-de-interes-comunitario-en tag-helecho-woodwardia-radicans-en tag-life-divaqua-en tag-picos-de-europa-en tag-programa-life-en tag-restauracion-fluvial-en tag-union-europea-en '><div class=\"q_masonry_blog_post_image\"><a itemprop=\"url\" href=\"https:\/\/lifedivaqua.com\/en\/recoleccion-de-bulbilos-del-helecho-woodwardia-radicans\/\" target=\"_self\"><img decoding=\"async\" itemprop=\"image\" src=\"https:\/\/lifedivaqua.com\/wp-content\/uploads\/2020\/12\/Woodwardia_Bustriguado_2_bis-scaled-e1607707077992.jpg\" \/><\/a><\/div><div class=\"q_masonry_blog_post_text\"><h3 itemprop=\"name\" class=\"q_masonry_blog_title entry_title\"><a itemprop=\"url\" href=\"https:\/\/lifedivaqua.com\/en\/recoleccion-de-bulbilos-del-helecho-woodwardia-radicans\/\">En busca del helecho Woodwardia, un refugiado clim\u00e1tico<\/a><\/h3><p itemprop=\"description\" class=\"q_masonry_blog_excerpt\">En noviembre hemos procedido a la recogida de bulbilos del helecho Woodwardia radicans, una de las especies ligadas a los ecosistemas acu\u00e1ticos de Picos de Europa en estado desfavorable, para restaurar as\u00ed sus poblaciones en las orillas de los r\u00edos Deva y Cares. Cerca de......<\/p><div class=\"q_masonry_blog_post_info\"><span itemprop=\"dateCreated\" class=\"time entry_date updated\">10 December, 2020<meta itemprop=\"interactionCount\" content=\"UserComments: <?php echo get_comments_number(qode_get_page_id()); ?>\"\/><\/span> \/ <a itemprop=\"url\" class=\"post_comments\" href=\"https:\/\/lifedivaqua.com\/en\/recoleccion-de-bulbilos-del-helecho-woodwardia-radicans\/#respond\">No comment<\/a><\/div><\/div><\/article><article  class='post-1025 post type-post status-publish format-standard has-post-thumbnail hentry category-noticias-en tag-aquatic-ecosystems-en tag-awareness-2-en tag-climate-adaptation-en tag-conservation-en tag-engagement-en tag-environmental-restoration-en tag-eu-en tag-european-union-en tag-life-divaqua-en tag-life-programme-2-en tag-online-en tag-picos-de-europa-en tag-webinar-2-en '><div class=\"q_masonry_blog_post_image\"><a itemprop=\"url\" href=\"https:\/\/lifedivaqua.com\/en\/conclusiones-de-jornada-virtual-por-la-adaptacion-al-cambio-climatico-en-picos-de-europa\/\" target=\"_self\"><img decoding=\"async\" itemprop=\"image\" src=\"https:\/\/lifedivaqua.com\/wp-content\/uploads\/2020\/11\/jornada_naturaleza_portada.jpg\" \/><\/a><\/div><div class=\"q_masonry_blog_post_text\"><h3 itemprop=\"name\" class=\"q_masonry_blog_title entry_title\"><a itemprop=\"url\" href=\"https:\/\/lifedivaqua.com\/en\/conclusiones-de-jornada-virtual-por-la-adaptacion-al-cambio-climatico-en-picos-de-europa\/\">Voces por la adaptaci\u00f3n al cambio clim\u00e1tico en Picos de Europa<\/a><\/h3><p itemprop=\"description\" class=\"q_masonry_blog_excerpt\">El jueves 18 de noviembre tuvo lugar el evento virtual &#8220;La naturaleza frente al cambio clim\u00e1tico: jornada sobre los efectos del cambio clim\u00e1tico en la actividad socioecon\u00f3mica y los ecosistemas acu\u00e1ticos de Picos de Europa&#8221; organizado por el proyecto LIFE Divaqua en el que participaron......<\/p><div class=\"q_masonry_blog_post_info\"><span itemprop=\"dateCreated\" class=\"time entry_date updated\">26 November, 2020<meta itemprop=\"interactionCount\" content=\"UserComments: <?php echo get_comments_number(qode_get_page_id()); ?>\"\/><\/span> \/ <a itemprop=\"url\" class=\"post_comments\" href=\"https:\/\/lifedivaqua.com\/en\/conclusiones-de-jornada-virtual-por-la-adaptacion-al-cambio-climatico-en-picos-de-europa\/#respond\">No comment<\/a><\/div><\/div><\/article><article  class='post-1022 post type-post status-publish format-standard has-post-thumbnail hentry category-noticias-en category-uncategorized-en tag-awareness tag-biodiversity tag-climate-change tag-life-divaqua-en tag-life-programme tag-mountain tag-nature tag-online-2 tag-picos-de-europa-en tag-webinar '><div class=\"q_masonry_blog_post_image\"><a itemprop=\"url\" href=\"https:\/\/lifedivaqua.com\/en\/la-naturaleza-frente-al-cambio\/\" target=\"_self\"><img decoding=\"async\" itemprop=\"image\" src=\"https:\/\/lifedivaqua.com\/wp-content\/uploads\/2020\/11\/programa_NFC_web1-scaled.jpg\" \/><\/a><\/div><div class=\"q_masonry_blog_post_text\"><h3 itemprop=\"name\" class=\"q_masonry_blog_title entry_title\"><a itemprop=\"url\" href=\"https:\/\/lifedivaqua.com\/en\/la-naturaleza-frente-al-cambio\/\">LA NATURALEZA FRENTE AL CAMBIO<\/a><\/h3><p itemprop=\"description\" class=\"q_masonry_blog_excerpt\">Jornada sobre los efectos del cambio clim\u00e1tico en la actividad socioecon\u00f3mica y los ecosistemas acu\u00e1ticos de Picos de Europa El proyecto LIFE DIVAQUA, mejorando la diversidad acu\u00e1tica en Picos de Europa organiza una Jornada sobre los efectos que el cambio clim\u00e1tico est\u00e1 provocando en la......<\/p><div class=\"q_masonry_blog_post_info\"><span itemprop=\"dateCreated\" class=\"time entry_date updated\">04 November, 2020<meta itemprop=\"interactionCount\" content=\"UserComments: <?php echo get_comments_number(qode_get_page_id()); ?>\"\/><\/span> \/ <a itemprop=\"url\" class=\"post_comments\" href=\"https:\/\/lifedivaqua.com\/en\/la-naturaleza-frente-al-cambio\/#respond\">No comment<\/a><\/div><\/div><\/article><article  class='post-704 post type-post status-publish format-standard has-post-thumbnail hentry category-noticias-en tag-aquatic-ecosystems-en tag-biodiverstiy tag-biological-communities tag-comunidades-biologicas-en tag-conservation-en tag-environmental-gradient tag-fluvial-metabolism tag-gradiente-ambiental-en tag-life-divaqua-en tag-life-programme tag-metabolismo-fluvial-en tag-picos-de-europa-en '><div class=\"q_masonry_blog_post_image\"><a itemprop=\"url\" href=\"https:\/\/lifedivaqua.com\/en\/life-divaqua-en-los-limites-del-verano\/\" target=\"_self\"><img decoding=\"async\" itemprop=\"image\" src=\"https:\/\/lifedivaqua.com\/wp-content\/uploads\/2020\/09\/Muestreo-fin-verano-2020_Red-Cambera.jpg\" \/><\/a><\/div><div class=\"q_masonry_blog_post_text\"><h3 itemprop=\"name\" class=\"q_masonry_blog_title entry_title\"><a itemprop=\"url\" href=\"https:\/\/lifedivaqua.com\/en\/life-divaqua-en-los-limites-del-verano\/\">LIFE DIVAQUA avanza al l\u00edmite del verano<\/a><\/h3><p itemprop=\"description\" class=\"q_masonry_blog_excerpt\">Volvemos a los r\u00edos y abrevaderos de Picos de Europa antes de que acabe el verano para realizar muestreos en los ecosistemas acu\u00e1ticos. En esta \u00e9poca del a\u00f1o resulta esencial conocer los cambios que el gradiente ambiental provoca en la biodiversidad. En las zonas de......<\/p><div class=\"q_masonry_blog_post_info\"><span itemprop=\"dateCreated\" class=\"time entry_date updated\">09 September, 2020<meta itemprop=\"interactionCount\" content=\"UserComments: <?php echo get_comments_number(qode_get_page_id()); ?>\"\/><\/span> \/ <a itemprop=\"url\" class=\"post_comments\" href=\"https:\/\/lifedivaqua.com\/en\/life-divaqua-en-los-limites-del-verano\/#respond\">No comment<\/a><\/div><\/div><\/article><article  class='post-658 post type-post status-publish format-standard has-post-thumbnail hentry category-noticias-en tag-aquatic-ecosystems-en tag-awareness tag-biodiversity tag-citizen-engagement tag-conservation-en tag-custodia-del-territorio-en tag-educacion-ambiental-en tag-environmental-education tag-land-stewardship tag-life-divaqua-en tag-life-programme tag-network tag-picos-de-europa-en tag-sensibilizacion-en '><div class=\"q_masonry_blog_post_image\"><a itemprop=\"url\" href=\"https:\/\/lifedivaqua.com\/en\/life-divaqua-llega-a-los-pueblos-de-picos-de-europa\/\" target=\"_self\"><img decoding=\"async\" itemprop=\"image\" src=\"https:\/\/lifedivaqua.com\/wp-content\/uploads\/2020\/08\/WhatsApp-Image-2020-07-21-at-13.05.19-3-copia-e1596704024701.jpg\" \/><\/a><\/div><div class=\"q_masonry_blog_post_text\"><h3 itemprop=\"name\" class=\"q_masonry_blog_title entry_title\"><a itemprop=\"url\" href=\"https:\/\/lifedivaqua.com\/en\/life-divaqua-llega-a-los-pueblos-de-picos-de-europa\/\">LIFE Divaqua llega a los pueblos de Picos de Europa<\/a><\/h3><p itemprop=\"description\" class=\"q_masonry_blog_excerpt\">El Instituto de Hidr\u00e1ulica Ambiental de la Universidad de Cantabria y Red Cambera comienzan las reuniones con las administraciones locales. \u00a0 Durante la segunda quincena del mes de julio se han llevado a cabo tres reuniones con los representantes de las administraciones locales incluidas en......<\/p><div class=\"q_masonry_blog_post_info\"><span itemprop=\"dateCreated\" class=\"time entry_date updated\">05 August, 2020<meta itemprop=\"interactionCount\" content=\"UserComments: <?php echo get_comments_number(qode_get_page_id()); ?>\"\/><\/span> \/ <a itemprop=\"url\" class=\"post_comments\" href=\"https:\/\/lifedivaqua.com\/en\/life-divaqua-llega-a-los-pueblos-de-picos-de-europa\/#respond\">No comment<\/a><\/div><\/div><\/article><article  class='post-660 post type-post status-publish format-standard has-post-thumbnail hentry category-noticias-en tag-aquatic-ecosystems-en tag-biodiversidad-en tag-biodiversity tag-conservation-en tag-ecosistemas-acuaticos-en tag-kick-off tag-life-divaqua-en tag-life-programme tag-picos-de-europa-en tag-red-natura-2000-en '><div class=\"q_masonry_blog_post_image\"><a itemprop=\"url\" href=\"https:\/\/lifedivaqua.com\/en\/el-instituto-de-hidraulica-ambiental-de-la-universidad-de-cantabria-coordina-el-proyecto-europeo-life-divaqua\/\" target=\"_self\"><img decoding=\"async\" itemprop=\"image\" src=\"https:\/\/lifedivaqua.com\/wp-content\/uploads\/2020\/07\/IH_coordina_Divaqua-e1596703962560.jpg\" \/><\/a><\/div><div class=\"q_masonry_blog_post_text\"><h3 itemprop=\"name\" class=\"q_masonry_blog_title entry_title\"><a itemprop=\"url\" href=\"https:\/\/lifedivaqua.com\/en\/el-instituto-de-hidraulica-ambiental-de-la-universidad-de-cantabria-coordina-el-proyecto-europeo-life-divaqua\/\">El Instituto de Hidr\u00e1ulica Ambiental de la Universidad de Cantabria coordina el proyecto europeo LIFE DIVAQUA<\/a><\/h3><p itemprop=\"description\" class=\"q_masonry_blog_excerpt\">Su objetivo principal es la restauraci\u00f3n de los ecosistemas acu\u00e1ticos en el Parque Nacional de los Picos de Europa y su entorno. &nbsp; El Instituto de Hidr\u00e1ulica Ambiental de la Universidad de Cantabria (IHCantabria) coordina el proyecto europeo &#8216;LIFE DIVAQUA: mejorando la diversidad acu\u00e1tica en......<\/p><div class=\"q_masonry_blog_post_info\"><span itemprop=\"dateCreated\" class=\"time entry_date updated\">07 July, 2020<meta itemprop=\"interactionCount\" content=\"UserComments: <?php echo get_comments_number(qode_get_page_id()); ?>\"\/><\/span> \/ <a itemprop=\"url\" class=\"post_comments\" href=\"https:\/\/lifedivaqua.com\/en\/el-instituto-de-hidraulica-ambiental-de-la-universidad-de-cantabria-coordina-el-proyecto-europeo-life-divaqua\/#respond\">No comment<\/a><\/div><\/div><\/article><article  class='post-662 post type-post status-publish format-standard has-post-thumbnail hentry category-noticias-en tag-aquatic-ecosystems-en tag-conservation-en tag-life-divaqua-en tag-life-programme tag-picos-de-europa-en '><div class=\"q_masonry_blog_post_image\"><a itemprop=\"url\" href=\"https:\/\/lifedivaqua.com\/en\/celebrada-la-reunion-de-lanzamiento-del-life-divaqua\/\" target=\"_self\"><img decoding=\"async\" itemprop=\"image\" src=\"https:\/\/lifedivaqua.com\/wp-content\/uploads\/2020\/10\/Jornada-web_Noviembre-2020.jpg\" \/><\/a><\/div><div class=\"q_masonry_blog_post_text\"><h3 itemprop=\"name\" class=\"q_masonry_blog_title entry_title\"><a itemprop=\"url\" href=\"https:\/\/lifedivaqua.com\/en\/celebrada-la-reunion-de-lanzamiento-del-life-divaqua\/\">Celebrada la reuni\u00f3n de lanzamiento del LIFE DIVAQUA<\/a><\/h3><p itemprop=\"description\" class=\"q_masonry_blog_excerpt\">Este primer encuentro ha sido coordinado por el Instituto de Hidr\u00e1ulica Ambiental de la Universidad de Cantabria. Ha contado con la participaci\u00f3n de todos los socios beneficiarios: Consejo Superior de Investigaciones Cient\u00edficas (CSIC), Centro Tecnol\u00f3gico Agrario y Agroalimentario Itagra.CT, Repsol y Red Cambera. Tambi\u00e9n intervinieron......<\/p><div class=\"q_masonry_blog_post_info\"><span itemprop=\"dateCreated\" class=\"time entry_date updated\">17 June, 2020<meta itemprop=\"interactionCount\" content=\"UserComments: <?php echo get_comments_number(qode_get_page_id()); ?>\"\/><\/span> \/ <a itemprop=\"url\" class=\"post_comments\" href=\"https:\/\/lifedivaqua.com\/en\/celebrada-la-reunion-de-lanzamiento-del-life-divaqua\/#respond\">No comment<\/a><\/div><\/div><\/article><article  class='post-1043 post type-post status-publish format-standard has-post-thumbnail hentry category-noticias-en tag-aquatic-ecosystems-en tag-biodiversity tag-conservation-en tag-eu-en tag-european-union-en tag-life-divaqua-en tag-life-programme tag-picos-de-europa-en tag-river-restoration '><div class=\"q_masonry_blog_post_image\"><a itemprop=\"url\" href=\"https:\/\/lifedivaqua.com\/en\/primera-visita-al-rio-deva-2\/\" target=\"_self\"><img decoding=\"async\" itemprop=\"image\" src=\"https:\/\/lifedivaqua.com\/wp-content\/uploads\/2020\/06\/visita_Deva.jpg\" \/><\/a><\/div><div class=\"q_masonry_blog_post_text\"><h3 itemprop=\"name\" class=\"q_masonry_blog_title entry_title\"><a itemprop=\"url\" href=\"https:\/\/lifedivaqua.com\/en\/primera-visita-al-rio-deva-2\/\">PRIMERA VISITA AL R\u00cdO DEVA<\/a><\/h3><p itemprop=\"description\" class=\"q_masonry_blog_excerpt\">Personal t\u00e9cnico de LIFE DIVAQUA ha visitado varios de los espacios naturales a restaurar a lo largo del r\u00edo Deva, uno de los principales cursos fluviales de Picos de Europa. Salida de campo que ha sido la primera toma de contacto para revisar distintos lugares......<\/p><div class=\"q_masonry_blog_post_info\"><span itemprop=\"dateCreated\" class=\"time entry_date updated\">05 June, 2020<meta itemprop=\"interactionCount\" content=\"UserComments: <?php echo get_comments_number(qode_get_page_id()); ?>\"\/><\/span> \/ <a itemprop=\"url\" class=\"post_comments\" href=\"https:\/\/lifedivaqua.com\/en\/primera-visita-al-rio-deva-2\/#respond\">No comment<\/a><\/div><\/div><\/article><\/div>[\/vc_column][\/vc_row]<\/p>\n<\/div>","protected":false},"excerpt":{"rendered":"<p>[vc_row css_animation=&#8221;&#8221; row_type=&#8221;row&#8221; use_row_as_full_screen_section=&#8221;no&#8221; type=&#8221;full_width&#8221; angled_section=&#8221;no&#8221; text_align=&#8221;left&#8221; background_image_as_pattern=&#8221;without_pattern&#8221;][vc_column][\/vc_column][\/vc_row]<\/p>\n","protected":false},"author":1,"featured_media":0,"parent":0,"menu_order":0,"comment_status":"closed","ping_status":"closed","template":"","meta":{"footnotes":""},"class_list":["post-487","page","type-page","status-publish","hentry"],"yoast_head":"<!-- This site is optimized with the Yoast SEO plugin v27.4 - https:\/\/yoast.com\/product\/yoast-seo-wordpress\/ -->\n<title>NEWS - Mejorando la Diversidad Acuatica en Picos de Europa<\/title>\n<meta name=\"robots\" content=\"index, follow, max-snippet:-1, max-image-preview:large, max-video-preview:-1\" \/>\n<link rel=\"canonical\" href=\"https:\/\/lifedivaqua.com\/en\/noticias\/\" \/>\n<meta property=\"og:locale\" content=\"en_US\" \/>\n<meta property=\"og:type\" content=\"article\" \/>\n<meta property=\"og:title\" content=\"NEWS - Mejorando la Diversidad Acuatica en Picos de Europa\" \/>\n<meta property=\"og:description\" content=\"[vc_row css_animation=&#8221;&#8221; row_type=&#8221;row&#8221; use_row_as_full_screen_section=&#8221;no&#8221; type=&#8221;full_width&#8221; angled_section=&#8221;no&#8221; text_align=&#8221;left&#8221; background_image_as_pattern=&#8221;without_pattern&#8221;][vc_column][\/vc_column][\/vc_row]\" \/>\n<meta property=\"og:url\" content=\"https:\/\/lifedivaqua.com\/en\/noticias\/\" \/>\n<meta property=\"og:site_name\" content=\"Mejorando la Diversidad Acuatica en Picos de Europa\" \/>\n<meta property=\"article:modified_time\" content=\"2021-05-13T14:10:02+00:00\" \/>\n<meta name=\"twitter:card\" content=\"summary_large_image\" \/>\n<meta name=\"twitter:label1\" content=\"Est. reading time\" \/>\n\t<meta name=\"twitter:data1\" content=\"1 minute\" \/>\n<script type=\"application\/ld+json\" class=\"yoast-schema-graph\">{\"@context\":\"https:\\\/\\\/schema.org\",\"@graph\":[{\"@type\":\"WebPage\",\"@id\":\"https:\\\/\\\/lifedivaqua.com\\\/en\\\/noticias\\\/\",\"url\":\"https:\\\/\\\/lifedivaqua.com\\\/en\\\/noticias\\\/\",\"name\":\"NEWS - Mejorando la Diversidad Acuatica en Picos de Europa\",\"isPartOf\":{\"@id\":\"https:\\\/\\\/lifedivaqua.com\\\/#website\"},\"datePublished\":\"2020-06-16T16:42:36+00:00\",\"dateModified\":\"2021-05-13T14:10:02+00:00\",\"breadcrumb\":{\"@id\":\"https:\\\/\\\/lifedivaqua.com\\\/en\\\/noticias\\\/#breadcrumb\"},\"inLanguage\":\"en-US\",\"potentialAction\":[{\"@type\":\"ReadAction\",\"target\":[\"https:\\\/\\\/lifedivaqua.com\\\/en\\\/noticias\\\/\"]}]},{\"@type\":\"BreadcrumbList\",\"@id\":\"https:\\\/\\\/lifedivaqua.com\\\/en\\\/noticias\\\/#breadcrumb\",\"itemListElement\":[{\"@type\":\"ListItem\",\"position\":1,\"name\":\"Home\",\"item\":\"https:\\\/\\\/lifedivaqua.com\\\/en\\\/\"},{\"@type\":\"ListItem\",\"position\":2,\"name\":\"NEWS\"}]},{\"@type\":\"WebSite\",\"@id\":\"https:\\\/\\\/lifedivaqua.com\\\/#website\",\"url\":\"https:\\\/\\\/lifedivaqua.com\\\/\",\"name\":\"Mejorando la Diversidad Acuatica en Picos de Europa\",\"description\":\"DIVAQUA\",\"potentialAction\":[{\"@type\":\"SearchAction\",\"target\":{\"@type\":\"EntryPoint\",\"urlTemplate\":\"https:\\\/\\\/lifedivaqua.com\\\/?s={search_term_string}\"},\"query-input\":{\"@type\":\"PropertyValueSpecification\",\"valueRequired\":true,\"valueName\":\"search_term_string\"}}],\"inLanguage\":\"en-US\"}]}<\/script>\n<!-- \/ Yoast SEO plugin. -->","yoast_head_json":{"title":"NEWS - Mejorando la Diversidad Acuatica en Picos de Europa","robots":{"index":"index","follow":"follow","max-snippet":"max-snippet:-1","max-image-preview":"max-image-preview:large","max-video-preview":"max-video-preview:-1"},"canonical":"https:\/\/lifedivaqua.com\/en\/noticias\/","og_locale":"en_US","og_type":"article","og_title":"NEWS - Mejorando la Diversidad Acuatica en Picos de Europa","og_description":"[vc_row css_animation=&#8221;&#8221; row_type=&#8221;row&#8221; use_row_as_full_screen_section=&#8221;no&#8221; type=&#8221;full_width&#8221; angled_section=&#8221;no&#8221; text_align=&#8221;left&#8221; background_image_as_pattern=&#8221;without_pattern&#8221;][vc_column][\/vc_column][\/vc_row]","og_url":"https:\/\/lifedivaqua.com\/en\/noticias\/","og_site_name":"Mejorando la Diversidad Acuatica en Picos de Europa","article_modified_time":"2021-05-13T14:10:02+00:00","twitter_card":"summary_large_image","twitter_misc":{"Est. reading time":"1 minute"},"schema":{"@context":"https:\/\/schema.org","@graph":[{"@type":"WebPage","@id":"https:\/\/lifedivaqua.com\/en\/noticias\/","url":"https:\/\/lifedivaqua.com\/en\/noticias\/","name":"NEWS - Mejorando la Diversidad Acuatica en Picos de Europa","isPartOf":{"@id":"https:\/\/lifedivaqua.com\/#website"},"datePublished":"2020-06-16T16:42:36+00:00","dateModified":"2021-05-13T14:10:02+00:00","breadcrumb":{"@id":"https:\/\/lifedivaqua.com\/en\/noticias\/#breadcrumb"},"inLanguage":"en-US","potentialAction":[{"@type":"ReadAction","target":["https:\/\/lifedivaqua.com\/en\/noticias\/"]}]},{"@type":"BreadcrumbList","@id":"https:\/\/lifedivaqua.com\/en\/noticias\/#breadcrumb","itemListElement":[{"@type":"ListItem","position":1,"name":"Home","item":"https:\/\/lifedivaqua.com\/en\/"},{"@type":"ListItem","position":2,"name":"NEWS"}]},{"@type":"WebSite","@id":"https:\/\/lifedivaqua.com\/#website","url":"https:\/\/lifedivaqua.com\/","name":"Mejorando la Diversidad Acuatica en Picos de Europa","description":"DIVAQUA","potentialAction":[{"@type":"SearchAction","target":{"@type":"EntryPoint","urlTemplate":"https:\/\/lifedivaqua.com\/?s={search_term_string}"},"query-input":{"@type":"PropertyValueSpecification","valueRequired":true,"valueName":"search_term_string"}}],"inLanguage":"en-US"}]}},"_links":{"self":[{"href":"https:\/\/lifedivaqua.com\/en\/wp-json\/wp\/v2\/pages\/487","targetHints":{"allow":["GET"]}}],"collection":[{"href":"https:\/\/lifedivaqua.com\/en\/wp-json\/wp\/v2\/pages"}],"about":[{"href":"https:\/\/lifedivaqua.com\/en\/wp-json\/wp\/v2\/types\/page"}],"author":[{"embeddable":true,"href":"https:\/\/lifedivaqua.com\/en\/wp-json\/wp\/v2\/users\/1"}],"replies":[{"embeddable":true,"href":"https:\/\/lifedivaqua.com\/en\/wp-json\/wp\/v2\/comments?post=487"}],"version-history":[{"count":5,"href":"https:\/\/lifedivaqua.com\/en\/wp-json\/wp\/v2\/pages\/487\/revisions"}],"predecessor-version":[{"id":1056,"href":"https:\/\/lifedivaqua.com\/en\/wp-json\/wp\/v2\/pages\/487\/revisions\/1056"}],"wp:attachment":[{"href":"https:\/\/lifedivaqua.com\/en\/wp-json\/wp\/v2\/media?parent=487"}],"curies":[{"name":"wp","href":"https:\/\/api.w.org\/{rel}","templated":true}]}}